{"id":99939,"date":"2026-08-11T10:48:59","date_gmt":"2026-08-11T15:48:59","guid":{"rendered":"https:\/\/arl-iowa.org\/event\/habilidades-para-la-vida-del-cachorro\/"},"modified":"2026-08-20T12:26:28","modified_gmt":"2026-08-20T17:26:28","slug":"habilidades-para-la-vida-del-cachorro","status":"publish","type":"tribe_events","link":"https:\/\/arl-iowa.org\/es\/event\/habilidades-para-la-vida-del-cachorro\/","title":{"rendered":"Habilidades para la vida del cachorro"},"content":{"rendered":"<div class=\"wpb-content-wrapper\"><p>[vc_row full_width=\u00bbstretch_row_content\u00bb][vc_column][vc_single_image image=\u00bb99227&#8243; img_size=\u00bbfull\u00bb css=\u00bb\u00bb][\/vc_column][\/vc_row][vc_row][vc_column width=\u00bb1\/3&#8243;]<style type=\"text\/css\">.vc_custom_1766524681407{border-top-width: 20px !important;border-top-style: solid !important;border-color: #E0D5E7 !important;}.vc_custom_1766524957455{margin-bottom: 0.625px !important;}.vc_custom_1767646308147{margin-bottom: 10px !important;}.vc_custom_1766524961477{margin-bottom: .625px !important;}.vc_custom_1767646312043{margin-bottom: 10px !important;}.vc_custom_1766524795795{padding-top: 1vh !important;padding-right: 30px !important;padding-bottom: 1vh !important;padding-left: 30px !important;}.vc_custom_1759784562146{margin-top: 15px !important;margin-bottom: 15px !important;}.vc_custom_1759784584261{margin-top: 15px !important;margin-bottom: 15px !important;}<\/style>[vc_row][vc_column][vc_custom_heading text=\"Meet the team\" font_container=\"tag:h4|text_align:center\" use_theme_fonts=\"yes\" css=\"\"][vc_row_inner][vc_column_inner][vc_empty_space height=\"20px\"][\/vc_column_inner][\/vc_row_inner][vc_row_inner][vc_column_inner width=\"1\/2\"][vc_custom_heading text=\"Cassandra\" font_container=\"tag:h6|text_align:center\" use_theme_fonts=\"yes\" css=\".vc_custom_1766524957455{margin-bottom: 0.625px !important;}\"][vc_single_image image=\"6648\" img_size=\"\" alignment=\"center\" css=\".vc_custom_1767646308147{margin-bottom: 10px !important;}\"][vc_custom_heading text=\"Animal Behavior &amp; Enrichment Supervisor\" font_container=\"tag:h6|text_align:center\" use_theme_fonts=\"yes\" css=\"\"][\/vc_column_inner][vc_column_inner width=\"1\/2\"][vc_custom_heading text=\"Alex\" font_container=\"tag:h6|text_align:center\" use_theme_fonts=\"yes\" css=\".vc_custom_1766524961477{margin-bottom: .625px !important;}\"][vc_single_image image=\"6653\" img_size=\"\" alignment=\"center\" css=\".vc_custom_1767646312043{margin-bottom: 10px !important;}\"][vc_custom_heading text=\"Animal Behavior &amp; Enrichment Specialist\" font_container=\"tag:h6|text_align:center\" use_theme_fonts=\"yes\" css=\"\"][\/vc_column_inner][\/vc_row_inner][\/vc_column][\/vc_row][vc_row el_class=\"box-shadow\" css=\".vc_custom_1766524681407{border-top-width: 20px !important;border-top-style: solid !important;border-color: #E0D5E7 !important;}\"][vc_column css=\".vc_custom_1766524795795{padding-top: 1vh !important;padding-right: 30px !important;padding-bottom: 1vh !important;padding-left: 30px !important;}\"][vc_custom_heading text=\"(515) 473-9131\" font_container=\"tag:h5|text_align:center\" use_theme_fonts=\"yes\" css=\".vc_custom_1759784562146{margin-top: 15px !important;margin-bottom: 15px !important;}\" link=\"url:tel%3A(515)%20473-9131\"][vc_custom_heading text=\"dogtraining@arl-iowa.org\" font_container=\"tag:h5|text_align:center\" use_theme_fonts=\"yes\" css=\".vc_custom_1759784584261{margin-top: 15px !important;margin-bottom: 15px !important;}\" link=\"url:mailto%3Adogtraining%40arl-iowa.org\"][vc_empty_space height=\"20px\"][\/vc_column][\/vc_row][\/vc_column][vc_column width=\u00bb2\/3&#8243;][vc_column_text css=\u00bb.vc_custom_1786463433481{padding-left: 30px !important;}\u00bb]<strong>HABILIDADES B\u00c1SICAS PARA CACHORROS<\/strong> es para cachorros de entre 8 semanas y 22 semanas el primer d\u00eda de clase. Esta clase ayuda a los cachorros a empezar con buen pie utilizando t\u00e9cnicas de refuerzo positivo. <strong> <\/strong>Los temas de la clase pueden incluir lo siguiente, aunque a menudo se adaptan a cada clase:<\/p>\n<ul>\n<li>Comprender c\u00f3mo tu cachorro interact\u00faa y se comunica con el mundo y contigo<\/li>\n<li>Introducciones controladas a nuevas experiencias para fomentar la confianza (socializaci\u00f3n)<\/li>\n<li>Introducci\u00f3n a las habilidades vitales b\u00e1sicas<\/li>\n<li>Abordar y trabajar la frustraci\u00f3n durante el entrenamiento<\/li>\n<li>Interacciones apropiadas con otros perros dentro y fuera del juego<\/li>\n<li>Enriquecimiento mental frente al f\u00edsico y su papel en el desarrollo y el afrontamiento<\/li>\n<li>Resoluci\u00f3n y prevenci\u00f3n de problemas<\/li>\n<\/ul>\n<p><strong>Tarifas<\/strong><br \/>\n100 $, 4 sesiones de 50 minutos.<\/p>\n<p><strong>Nota sobre los premios<\/strong><br \/>\nLa mejor manera de adiestrar a tu mascota es mediante el uso adecuado del refuerzo positivo y las recompensas. Por favor, trae muchos premios de alto valor a clase, como salchichas cortadas, queso, pollo y golosinas masticables de adiestramiento. \u00a1Probablemente uses m\u00e1s de lo que piensas![\/vc_column_text][vc_btn title=\u00bbINSCRIBIRSE\u00bb align=\u00bbcenter\u00bb css=\u00bb\u00bb link=\u00bburl:https%3A%2F%2Farl-iowa.dogbizpro.com%2Fpublic%2Fregistration%2Findex.aspx|\u00bb][\/vc_column][\/vc_row][vc_row][vc_column][vc_empty_space][vc_custom_heading text=\u00bbRequisitos de la clase\u00bb css=\u00bb\u00bb][vc_column_text css=\u00bb\u00bb]<strong>REQUISITOS PREVIOS &#8211; <\/strong>No hay requisitos previos para Habilidades b\u00e1sicas para cachorros.<\/p>\n<p>ART\u00cdCULOS NECESARIOS &#8211; Collar plano est\u00e1ndar y correa est\u00e1ndar de 1,8 m. Tambi\u00e9n se permiten arneses corporales correctamente ajustados. No se permiten collares de p\u00faas, bozales de cabeza, collares electr\u00f3nicos ni correas retr\u00e1ctiles. Premios peque\u00f1os del tama\u00f1o de un bocado en una bolsa o bolsita.   <\/p>\n<p><strong>REGISTROS DE VACUNACI\u00d3N &#8211; <\/strong>Todos los perros adultos deben tener actualizadas las vacunas contra el moquillo (DHPP\/DHLPP) y la rabia. Los cachorros deben tener las vacunas apropiadas para su edad seg\u00fan la recomendaci\u00f3n del veterinario. Se recomienda encarecidamente la vacuna contra la Bordetella.  <\/p>\n<p><em>Los registros de tu mascota deben recibirse antes del inicio de la clase.<\/em><br \/>\nPor favor, env\u00eda por correo electr\u00f3nico los registros de vacunaci\u00f3n de tu perro a <a href=\"mailto:?subject=Vacunas%20de%20clase%20de%20adiestramiento%20\">dogtraining@arl-iowa.org<\/a><br \/>\nPor favor, identifica claramente el nombre del propietario, el nombre del perro y las fechas de la clase.<\/p>\n<p><strong>POL\u00cdTICAS SOBRE PERROS<\/strong> &#8211; No se permiten hembras actualmente \u00abEN CELO\u00bb (estro d\u00eda 1 &#8211; d\u00eda 21) en las clases. Si esto se convierte en un problema, por favor, contacta con el Departamento de Adiestramiento en <a href=\"mailto:\">dogtraining@arl-iowa.org<\/a>. <\/p>\n<p class=\"Paragraph SCXW209362500 BCX0\" role=\"heading\"><span class=\"TextRun SCXW209362500 BCX0\" lang=\"EN-US\" data-contrast=\"none\"><strong>INSCRIPCI\u00d3N<\/strong> &#8211;<\/span><span class=\"TextRun SCXW209362500 BCX0\" lang=\"EN-US\" data-contrast=\"none\"> Inscr\u00edbete haciendo clic en las fechas de clase que te interesen. Se te guiar\u00e1 a trav\u00e9s del proceso de inscripci\u00f3n en l\u00ednea. El pago se realizar\u00e1 a trav\u00e9s del sistema de inscripci\u00f3n en l\u00ednea. <\/span><span class=\"TextRun SCXW209362500 BCX0\" lang=\"EN-US\" data-contrast=\"none\"><em>Ninguna inscripci\u00f3n se considerar\u00e1 confirmada sin el pago.<\/em><\/span><\/p>\n<p>[\/vc_column_text][\/vc_column][\/vc_row]<\/p>\n<\/div>","protected":false},"excerpt":{"rendered":"<p>[vc_row full_width=\u00bbstretch_row_content\u00bb][vc_column][vc_single_image image=\u00bb99227&#8243; img_size=\u00bbfull\u00bb css=\u00bb\u00bb][\/vc_column][\/vc_row][vc_row][vc_column width=\u00bb1\/3&#8243;][\/vc_column][vc_column width=\u00bb2\/3&#8243;][vc_column_text css=\u00bb.vc_custom_1786463433481{padding-left: 30px !important;}\u00bb]HABILIDADES B\u00c1SICAS PARA CACHORROS es para cachorros de entre 8 semanas y 22 semanas el primer d\u00eda de clase. Esta clase [&hellip;]<\/p>\n","protected":false},"author":25,"featured_media":97728,"template":"","meta":{"_acf_changed":false,"inline_featured_image":false,"ai_generated_summary":"","_tribe_events_status":"","_tribe_events_status_reason":"","_tribe_events_is_hybrid":"","_tribe_events_is_virtual":"","_tribe_events_virtual_video_source":"","_tribe_events_virtual_embed_video":"","_tribe_events_virtual_linked_button_text":"","_tribe_events_virtual_linked_button":"","_tribe_events_virtual_show_embed_at":"","_tribe_events_virtual_show_embed_to":[],"_tribe_events_virtual_show_on_event":"","_tribe_events_virtual_show_on_views":"","_tribe_events_virtual_url":"","footnotes":""},"tags":[],"tribe_events_cat":[135],"class_list":["post-99939","tribe_events","type-tribe_events","status-publish","has-post-thumbnail","hentry","tribe_events_cat-servicios-de-adiestramiento","cat_servicios-de-adiestramiento"],"yoast_head":"<!-- This site is optimized with the Yoast SEO plugin v28.4 - https:\/\/yoast.com\/product\/yoast-seo-wordpress\/ -->\n<title>Habilidades para la vida del cachorro | ARL - Animal Rescue League of Iowa, Inc.<\/title>\n<meta name=\"robots\" content=\"index, follow, max-snippet:-1, max-image-preview:large, max-video-preview:-1\" \/>\n<link rel=\"canonical\" href=\"https:\/\/arl-iowa.org\/es\/event\/habilidades-para-la-vida-del-cachorro\/\" \/>\n<meta property=\"og:locale\" content=\"es_ES\" \/>\n<meta property=\"og:type\" content=\"article\" \/>\n<meta property=\"og:title\" content=\"Habilidades para la vida del cachorro | ARL - Animal Rescue League of Iowa, Inc.\" \/>\n<meta property=\"og:description\" content=\"[vc_row full_width=\u00bbstretch_row_content\u00bb][vc_column][vc_single_image image=\u00bb99227&#8243; img_size=\u00bbfull\u00bb css=\u00bb\u00bb][\/vc_column][\/vc_row][vc_row][vc_column width=\u00bb1\/3&#8243;][\/vc_column][vc_column width=\u00bb2\/3&#8243;][vc_column_text css=\u00bb.vc_custom_1786463433481{padding-left: 30px !important;}\u00bb]HABILIDADES B\u00c1SICAS PARA CACHORROS es para cachorros de entre 8 semanas y 22 semanas el primer d\u00eda de clase. Esta clase [&hellip;]\" \/>\n<meta property=\"og:url\" content=\"https:\/\/arl-iowa.org\/es\/event\/habilidades-para-la-vida-del-cachorro\/\" \/>\n<meta property=\"og:site_name\" content=\"ARL - Animal Rescue League of Iowa, Inc.\" \/>\n<meta property=\"article:publisher\" content=\"https:\/\/www.facebook.com\/ARLIowa\" \/>\n<meta property=\"article:modified_time\" content=\"2026-08-20T17:26:28+00:00\" \/>\n<meta property=\"og:image\" content=\"https:\/\/arl-iowa.org\/wp-content\/uploads\/2025\/12\/Puppy-Kindergarten_10-scaled.jpg\" \/>\n\t<meta property=\"og:image:width\" content=\"2560\" \/>\n\t<meta property=\"og:image:height\" content=\"1746\" \/>\n\t<meta property=\"og:image:type\" content=\"image\/jpeg\" \/>\n<meta name=\"twitter:card\" content=\"summary_large_image\" \/>\n<meta name=\"twitter:site\" content=\"@ARLIowa\" \/>\n<meta name=\"twitter:label1\" content=\"Tiempo de lectura\" \/>\n\t<meta name=\"twitter:data1\" content=\"3 minutos\" \/>\n<script type=\"application\/ld+json\" class=\"yoast-schema-graph\">{\"@context\":\"https:\\\/\\\/schema.org\",\"@graph\":[{\"@type\":\"WebPage\",\"@id\":\"https:\\\/\\\/arl-iowa.org\\\/es\\\/event\\\/habilidades-para-la-vida-del-cachorro\\\/\",\"url\":\"https:\\\/\\\/arl-iowa.org\\\/es\\\/event\\\/habilidades-para-la-vida-del-cachorro\\\/\",\"name\":\"Habilidades para la vida del cachorro | ARL - Animal Rescue League of Iowa, Inc.\",\"isPartOf\":{\"@id\":\"https:\\\/\\\/arl-iowa.org\\\/es\\\/#website\"},\"primaryImageOfPage\":{\"@id\":\"https:\\\/\\\/arl-iowa.org\\\/es\\\/event\\\/habilidades-para-la-vida-del-cachorro\\\/#primaryimage\"},\"image\":{\"@id\":\"https:\\\/\\\/arl-iowa.org\\\/es\\\/event\\\/habilidades-para-la-vida-del-cachorro\\\/#primaryimage\"},\"thumbnailUrl\":\"https:\\\/\\\/arl-iowa.org\\\/wp-content\\\/uploads\\\/2025\\\/12\\\/Puppy-Kindergarten_10-scaled.jpg\",\"datePublished\":\"2026-08-11T15:48:59+00:00\",\"dateModified\":\"2026-08-20T17:26:28+00:00\",\"breadcrumb\":{\"@id\":\"https:\\\/\\\/arl-iowa.org\\\/es\\\/event\\\/habilidades-para-la-vida-del-cachorro\\\/#breadcrumb\"},\"inLanguage\":\"es\",\"potentialAction\":[{\"@type\":\"ReadAction\",\"target\":[\"https:\\\/\\\/arl-iowa.org\\\/es\\\/event\\\/habilidades-para-la-vida-del-cachorro\\\/\"]}]},{\"@type\":\"ImageObject\",\"inLanguage\":\"es\",\"@id\":\"https:\\\/\\\/arl-iowa.org\\\/es\\\/event\\\/habilidades-para-la-vida-del-cachorro\\\/#primaryimage\",\"url\":\"https:\\\/\\\/arl-iowa.org\\\/wp-content\\\/uploads\\\/2025\\\/12\\\/Puppy-Kindergarten_10-scaled.jpg\",\"contentUrl\":\"https:\\\/\\\/arl-iowa.org\\\/wp-content\\\/uploads\\\/2025\\\/12\\\/Puppy-Kindergarten_10-scaled.jpg\",\"width\":2560,\"height\":1746,\"caption\":\"cachorro muy peque\u00f1o sentado frente a alguien durante el entrenamiento\"},{\"@type\":\"BreadcrumbList\",\"@id\":\"https:\\\/\\\/arl-iowa.org\\\/es\\\/event\\\/habilidades-para-la-vida-del-cachorro\\\/#breadcrumb\",\"itemListElement\":[{\"@type\":\"ListItem\",\"position\":1,\"name\":\"Home\",\"item\":\"https:\\\/\\\/arl-iowa.org\\\/es\\\/\"},{\"@type\":\"ListItem\",\"position\":2,\"name\":\"Eventos\",\"item\":\"https:\\\/\\\/arl-iowa.org\\\/es\\\/events\\\/\"},{\"@type\":\"ListItem\",\"position\":3,\"name\":\"Habilidades para la vida del cachorro\"}]},{\"@type\":\"WebSite\",\"@id\":\"https:\\\/\\\/arl-iowa.org\\\/es\\\/#website\",\"url\":\"https:\\\/\\\/arl-iowa.org\\\/es\\\/\",\"name\":\"ARL - Animal Rescue League of Iowa, Inc.\",\"description\":\"Iowa&#039;s largest nonprofit animal shelter, caring for many thousands of pets each year\",\"publisher\":{\"@id\":\"https:\\\/\\\/arl-iowa.org\\\/es\\\/#organization\"},\"potentialAction\":[{\"@type\":\"SearchAction\",\"target\":{\"@type\":\"EntryPoint\",\"urlTemplate\":\"https:\\\/\\\/arl-iowa.org\\\/es\\\/?s={search_term_string}\"},\"query-input\":{\"@type\":\"PropertyValueSpecification\",\"valueRequired\":true,\"valueName\":\"search_term_string\"}}],\"inLanguage\":\"es\"},{\"@type\":\"Organization\",\"@id\":\"https:\\\/\\\/arl-iowa.org\\\/es\\\/#organization\",\"name\":\"Animal Rescue League of Iowa, Inc.\",\"alternateName\":\"ARL Iowa\",\"url\":\"https:\\\/\\\/arl-iowa.org\\\/es\\\/\",\"logo\":{\"@type\":\"ImageObject\",\"inLanguage\":\"es\",\"@id\":\"https:\\\/\\\/arl-iowa.org\\\/es\\\/#\\\/schema\\\/logo\\\/image\\\/\",\"url\":\"https:\\\/\\\/arl-iowa.org\\\/wp-content\\\/uploads\\\/2025\\\/10\\\/ARL_LogoHoriz_Transparent.png\",\"contentUrl\":\"https:\\\/\\\/arl-iowa.org\\\/wp-content\\\/uploads\\\/2025\\\/10\\\/ARL_LogoHoriz_Transparent.png\",\"width\":900,\"height\":450,\"caption\":\"Animal Rescue League of Iowa, Inc.\"},\"image\":{\"@id\":\"https:\\\/\\\/arl-iowa.org\\\/es\\\/#\\\/schema\\\/logo\\\/image\\\/\"},\"sameAs\":[\"https:\\\/\\\/www.facebook.com\\\/ARLIowa\",\"https:\\\/\\\/x.com\\\/ARLIowa\",\"http:\\\/\\\/instagram.com\\\/ARLiowa\",\"https:\\\/\\\/www.youtube.com\\\/user\\\/arliowa\",\"https:\\\/\\\/www.tiktok.com\\\/@arliowa\"]}]}<\/script>\n<!-- \/ Yoast SEO plugin. -->","yoast_head_json":{"title":"Habilidades para la vida del cachorro | ARL - Animal Rescue League of Iowa, Inc.","robots":{"index":"index","follow":"follow","max-snippet":"max-snippet:-1","max-image-preview":"max-image-preview:large","max-video-preview":"max-video-preview:-1"},"canonical":"https:\/\/arl-iowa.org\/es\/event\/habilidades-para-la-vida-del-cachorro\/","og_locale":"es_ES","og_type":"article","og_title":"Habilidades para la vida del cachorro | ARL - Animal Rescue League of Iowa, Inc.","og_description":"[vc_row full_width=\u00bbstretch_row_content\u00bb][vc_column][vc_single_image image=\u00bb99227&#8243; img_size=\u00bbfull\u00bb css=\u00bb\u00bb][\/vc_column][\/vc_row][vc_row][vc_column width=\u00bb1\/3&#8243;][\/vc_column][vc_column width=\u00bb2\/3&#8243;][vc_column_text css=\u00bb.vc_custom_1786463433481{padding-left: 30px !important;}\u00bb]HABILIDADES B\u00c1SICAS PARA CACHORROS es para cachorros de entre 8 semanas y 22 semanas el primer d\u00eda de clase. Esta clase [&hellip;]","og_url":"https:\/\/arl-iowa.org\/es\/event\/habilidades-para-la-vida-del-cachorro\/","og_site_name":"ARL - Animal Rescue League of Iowa, Inc.","article_publisher":"https:\/\/www.facebook.com\/ARLIowa","article_modified_time":"2026-08-20T17:26:28+00:00","og_image":[{"width":2560,"height":1746,"url":"https:\/\/arl-iowa.org\/wp-content\/uploads\/2025\/12\/Puppy-Kindergarten_10-scaled.jpg","type":"image\/jpeg"}],"twitter_card":"summary_large_image","twitter_site":"@ARLIowa","twitter_misc":{"Tiempo de lectura":"3 minutos"},"schema":{"@context":"https:\/\/schema.org","@graph":[{"@type":"WebPage","@id":"https:\/\/arl-iowa.org\/es\/event\/habilidades-para-la-vida-del-cachorro\/","url":"https:\/\/arl-iowa.org\/es\/event\/habilidades-para-la-vida-del-cachorro\/","name":"Habilidades para la vida del cachorro | ARL - Animal Rescue League of Iowa, Inc.","isPartOf":{"@id":"https:\/\/arl-iowa.org\/es\/#website"},"primaryImageOfPage":{"@id":"https:\/\/arl-iowa.org\/es\/event\/habilidades-para-la-vida-del-cachorro\/#primaryimage"},"image":{"@id":"https:\/\/arl-iowa.org\/es\/event\/habilidades-para-la-vida-del-cachorro\/#primaryimage"},"thumbnailUrl":"https:\/\/arl-iowa.org\/wp-content\/uploads\/2025\/12\/Puppy-Kindergarten_10-scaled.jpg","datePublished":"2026-08-11T15:48:59+00:00","dateModified":"2026-08-20T17:26:28+00:00","breadcrumb":{"@id":"https:\/\/arl-iowa.org\/es\/event\/habilidades-para-la-vida-del-cachorro\/#breadcrumb"},"inLanguage":"es","potentialAction":[{"@type":"ReadAction","target":["https:\/\/arl-iowa.org\/es\/event\/habilidades-para-la-vida-del-cachorro\/"]}]},{"@type":"ImageObject","inLanguage":"es","@id":"https:\/\/arl-iowa.org\/es\/event\/habilidades-para-la-vida-del-cachorro\/#primaryimage","url":"https:\/\/arl-iowa.org\/wp-content\/uploads\/2025\/12\/Puppy-Kindergarten_10-scaled.jpg","contentUrl":"https:\/\/arl-iowa.org\/wp-content\/uploads\/2025\/12\/Puppy-Kindergarten_10-scaled.jpg","width":2560,"height":1746,"caption":"cachorro muy peque\u00f1o sentado frente a alguien durante el entrenamiento"},{"@type":"BreadcrumbList","@id":"https:\/\/arl-iowa.org\/es\/event\/habilidades-para-la-vida-del-cachorro\/#breadcrumb","itemListElement":[{"@type":"ListItem","position":1,"name":"Home","item":"https:\/\/arl-iowa.org\/es\/"},{"@type":"ListItem","position":2,"name":"Eventos","item":"https:\/\/arl-iowa.org\/es\/events\/"},{"@type":"ListItem","position":3,"name":"Habilidades para la vida del cachorro"}]},{"@type":"WebSite","@id":"https:\/\/arl-iowa.org\/es\/#website","url":"https:\/\/arl-iowa.org\/es\/","name":"ARL - Animal Rescue League of Iowa, Inc.","description":"Iowa&#039;s largest nonprofit animal shelter, caring for many thousands of pets each year","publisher":{"@id":"https:\/\/arl-iowa.org\/es\/#organization"},"potentialAction":[{"@type":"SearchAction","target":{"@type":"EntryPoint","urlTemplate":"https:\/\/arl-iowa.org\/es\/?s={search_term_string}"},"query-input":{"@type":"PropertyValueSpecification","valueRequired":true,"valueName":"search_term_string"}}],"inLanguage":"es"},{"@type":"Organization","@id":"https:\/\/arl-iowa.org\/es\/#organization","name":"Animal Rescue League of Iowa, Inc.","alternateName":"ARL Iowa","url":"https:\/\/arl-iowa.org\/es\/","logo":{"@type":"ImageObject","inLanguage":"es","@id":"https:\/\/arl-iowa.org\/es\/#\/schema\/logo\/image\/","url":"https:\/\/arl-iowa.org\/wp-content\/uploads\/2025\/10\/ARL_LogoHoriz_Transparent.png","contentUrl":"https:\/\/arl-iowa.org\/wp-content\/uploads\/2025\/10\/ARL_LogoHoriz_Transparent.png","width":900,"height":450,"caption":"Animal Rescue League of Iowa, Inc."},"image":{"@id":"https:\/\/arl-iowa.org\/es\/#\/schema\/logo\/image\/"},"sameAs":["https:\/\/www.facebook.com\/ARLIowa","https:\/\/x.com\/ARLIowa","http:\/\/instagram.com\/ARLiowa","https:\/\/www.youtube.com\/user\/arliowa","https:\/\/www.tiktok.com\/@arliowa"]}]}},"acf":[],"_links":{"self":[{"href":"https:\/\/arl-iowa.org\/es\/wp-json\/wp\/v2\/tribe_events\/99939","targetHints":{"allow":["GET"]}}],"collection":[{"href":"https:\/\/arl-iowa.org\/es\/wp-json\/wp\/v2\/tribe_events"}],"about":[{"href":"https:\/\/arl-iowa.org\/es\/wp-json\/wp\/v2\/types\/tribe_events"}],"author":[{"embeddable":true,"href":"https:\/\/arl-iowa.org\/es\/wp-json\/wp\/v2\/users\/25"}],"version-history":[{"count":2,"href":"https:\/\/arl-iowa.org\/es\/wp-json\/wp\/v2\/tribe_events\/99939\/revisions"}],"predecessor-version":[{"id":99944,"href":"https:\/\/arl-iowa.org\/es\/wp-json\/wp\/v2\/tribe_events\/99939\/revisions\/99944"}],"wp:featuredmedia":[{"embeddable":true,"href":"https:\/\/arl-iowa.org\/es\/wp-json\/wp\/v2\/media\/97728"}],"wp:attachment":[{"href":"https:\/\/arl-iowa.org\/es\/wp-json\/wp\/v2\/media?parent=99939"}],"wp:term":[{"taxonomy":"post_tag","embeddable":true,"href":"https:\/\/arl-iowa.org\/es\/wp-json\/wp\/v2\/tags?post=99939"},{"taxonomy":"tribe_events_cat","embeddable":true,"href":"https:\/\/arl-iowa.org\/es\/wp-json\/wp\/v2\/tribe_events_cat?post=99939"}],"curies":[{"name":"wp","href":"https:\/\/api.w.org\/{rel}","templated":true}]}}