{"id":99013,"date":"2025-09-18T09:56:38","date_gmt":"2025-09-18T14:56:38","guid":{"rendered":"https:\/\/arl-iowa.org\/adopte-un-recorte-de-perro\/"},"modified":"2026-08-19T00:27:47","modified_gmt":"2026-08-19T05:27:47","slug":"adopte-un-recorte-de-perro","status":"publish","type":"page","link":"https:\/\/arl-iowa.org\/es\/adopte-un-recorte-de-perro\/","title":{"rendered":"Adopte un Recorte de Perro"},"content":{"rendered":"<div class=\"wpb-content-wrapper\"><p>[vc_row full_width=\u00bbstretch_row\u00bb css=\u00bb.vc_custom_1755268464663{background-color: #E8E1D4 !important;background-position: center !important;background-repeat: no-repeat !important;background-size: cover !important;}\u00bb][vc_column css=\u00bb.vc_custom_1761253273656{padding-top: 0px !important;}\u00bb][vc_custom_heading source=\u00bbpost_title\u00bb font_container=\u00bbtag:h1|text_align:left|color:%23652D89&#8243; use_theme_fonts=\u00bbyes\u00bb css=\u00bb.vc_custom_1759959047265{margin-top: 20px !important;margin-bottom: 20px !important;}\u00bb el_class=\u00bbsub-child\u00bb][\/vc_column][\/vc_row][vc_row][vc_column][vc_empty_space height=\u00bb65px\u00bb][\/vc_column][\/vc_row][vc_row][vc_column offset=\u00bbvc_col-lg-9 vc_col-md-9&#8243; el_class=\u00bbpadding-reset\u00bb css=\u00bb.vc_custom_1761253267344{padding-right: 50px !important;}\u00bb][vc_row_inner][vc_column_inner el_class=\u00bbpadding-reset\u00bb width=\u00bb1\/2&#8243; css=\u00bb.vc_custom_1760388770898{padding-right: 50px !important;}\u00bb][vc_column_text css=\u00bb\u00bb]La ARL siempre busca nuevas formas de promover la adopci\u00f3n de mascotas, \u00a1y el programa Paws on the Ground es la oportunidad m\u00e1s reciente para que las empresas locales ayuden! El programa Paws on the Ground toma fotos profesionales de los perros de la ARL en adopci\u00f3n, crea siluetas de tama\u00f1o real y las coloca en negocios para aumentar la concienciaci\u00f3n sobre la adopci\u00f3n. Una vez que se coloca un perro en un nuevo negocio, lo a\u00f1adimos a esta p\u00e1gina web. La silueta fomenta la interacci\u00f3n con los clientes al animarles a hacerse una foto con el perro y publicarla en las redes sociales utilizando los hashtags proporcionados.   <\/p>\n<p>Para saber m\u00e1s sobre c\u00f3mo tu empresa puede participar en este programa, contacta con <a href=\"mailto:events@arl-iowa.org\">events@arl-iowa.org<\/a>.[\/vc_column_text][\/vc_column_inner][vc_column_inner width=\u00bb1\/2&#8243;][vc_single_image image=\u00bb99014&#8243; img_size=\u00bbfull\u00bb alignment=\u00bbcenter\u00bb css=\u00bb\u00bb][\/vc_column_inner][\/vc_row_inner][vc_column_text css=\u00bb\u00bb]<strong>Empresas participantes:  <\/strong><\/p>\n<ul>\n<li>CDS Global<\/li>\n<li>Ramsey Subaru<\/li>\n<li>Urbandale Healthcare<\/li>\n<li>State Farm \u2013 Reyna Immerfall<\/li>\n<li>ZarleyConley Law Firm<\/li>\n<\/ul>\n<p>El programa Paws on the Ground es posible en parte gracias al apoyo de Animal Farm Foundation.[\/vc_column_text][\/vc_column][vc_column offset=\u00bbvc_col-lg-3 vc_col-md-3&#8243; css=\u00bb.vc_custom_1760386538347{padding-right: 15px !important;padding-left: 15px !important;}\u00bb][vc_row_inner el_class=\u00bbbox-shadow\u00bb css=\u00bb.vc_custom_1760388444445{background-color: #652D89 !important;}\u00bb][vc_column_inner css=\u00bb.vc_custom_1760388458359{padding-top: 2vh !important;padding-right: 2vw !important;padding-bottom: 2vh !important;padding-left: 2vw !important;}\u00bb][vc_empty_space height=\u00bb20px\u00bb][vc_custom_heading text=\u00bbContacto\u00bb font_container=\u00bbtag:h2|text_align:left|color:%23FFFFFF\u00bb use_theme_fonts=\u00bbyes\u00bb css=\u00bb\u00bb][vc_empty_space height=\u00bb20px\u00bb][vc_custom_heading text=\u00bb(515) 473-9132&#8243; font_container=\u00bbtag:h6|text_align:left|color:%23FFFFFF\u00bb use_theme_fonts=\u00bbyes\u00bb css=\u00bb\u00bb link=\u00bburl:tel%3A5154739132|\u00bb][vc_custom_heading text=\u00bbevents@arl-iowa.org\u00bb font_container=\u00bbtag:h6|text_align:left|color:%23FFFFFF\u00bb use_theme_fonts=\u00bbyes\u00bb css=\u00bb\u00bb link=\u00bburl:mailto%3Aevents%40arl-iowa.org|\u00bb][vc_empty_space height=\u00bb20px\u00bb][\/vc_column_inner][\/vc_row_inner][vc_empty_space height=\u00bb50px\u00bb]<style type=\"text\/css\">.vc_custom_1759245481509{border-top-width: 34px !important;padding-right: 3vw !important;padding-left: 3vw !important;border-top-style: solid !important;border-color: #E0D5E7 !important;}.vc_custom_1759245556100{margin-top: 20px !important;margin-bottom: 20px !important;}<\/style>[vc_row css=\".vc_custom_1759245481509{border-top-width: 34px !important;padding-right: 3vw !important;padding-left: 3vw !important;border-top-style: solid !important;border-color: #E0D5E7 !important;}\" el_class=\"box-shadow\"][vc_column][vc_custom_heading text=\"Get Involved\" font_container=\"tag:h3|text_align:left|line_height:1\" use_theme_fonts=\"yes\" css=\"\"][vc_separator css=\".vc_custom_1759245556100{margin-top: 20px !important;margin-bottom: 20px !important;}\"][vc_custom_heading text=\"Volunteer\" font_container=\"tag:h5|text_align:left\" use_theme_fonts=\"yes\" css=\"\" link=\"url:https%3A%2F%2Farl-iowa.org%2Fget-involved%2Fvolunteer%2F|title:Volunteer\"][vc_custom_heading text=\"Cuddle Break\" font_container=\"tag:h5|text_align:left\" use_theme_fonts=\"yes\" css=\"\" link=\"url:%2Fget-involved%2Ffor-businesses%2Fcuddle-break%2F|title:Cuddle%20Break\"][vc_custom_heading text=\"Sponsor an Event\" font_container=\"tag:h5|text_align:left\" use_theme_fonts=\"yes\" css=\"\" link=\"url:https%3A%2F%2Fwww.arl-iowa.org%2Fget-involved%2Ffor-businesses%2Fsponsor-an-event%2F\"][vc_custom_heading text=\"Donate Proceeds\" font_container=\"tag:h5|text_align:left\" use_theme_fonts=\"yes\" css=\"\" link=\"url:https%3A%2F%2Fsecure3.convio.net%2Farli%2Fsite%2FDonation2%3Bjsessionid%3D00000000.app363b%3Fdf_id%3D1942%26mfc_pref%3DT%261942.donation%3Dform1%26NONCE_TOKEN%3D185916724FB9E80E486A69D6F74BD096%26ipve%3D30%26_gl%3D1*1bzcn2q*_gcl_au*MTU4OTE4NzM3MS4xNzU5OTMxOTY1*_ga*MTg2MDYxMjQxNS4xNzU5OTMxOTY2*_ga_3KM2EF87T0*czE3NTk5NTAwOTUkbzQkZzEkdDE3NTk5NTI0NjkkajU3JGwwJGgw|target:_blank\"][vc_custom_heading text=\"Adopt a Dog Cutout\" font_container=\"tag:h5|text_align:left\" use_theme_fonts=\"yes\" css=\"\" link=\"url:%2Fget-involved%2Ffor-businesses%2Fadopt-a-dog-cutout%2F|title:Adopt%20a%20Dog%20Cutout\"][vc_custom_heading text=\"Host a Donation Bank\" font_container=\"tag:h5|text_align:left\" use_theme_fonts=\"yes\" css=\"\" link=\"url:https%3A%2F%2Fwww.arl-iowa.org%2Fget-involved%2Ffor-businesses%2Fhost-a-donation-bank%2F\"][vc_custom_heading text=\"Collect Donations\" font_container=\"tag:h5|text_align:left\" use_theme_fonts=\"yes\" css=\"\" link=\"url:https%3A%2F%2Farl-iowa.org%2Fways-to-give%2Fdonate%2Ffetch-list%2F|title:Fetch!%20List\"][vc_custom_heading text=\"Denim for Dogs\" font_container=\"tag:h5|text_align:left\" use_theme_fonts=\"yes\" css=\"\" link=\"url:%2Fget-involved%2Ffor-businesses%2Fdenim-for-dogs%2F|title:Denim%20for%20Dogs\"][vc_custom_heading text=\"Shelter Tour\" font_container=\"tag:h5|text_align:left\" use_theme_fonts=\"yes\" css=\"\" link=\"url:%2Fget-involved%2Ffor-businesses%2Fshelter-tours%2F|title:Shelter%20Tours\"][vc_custom_heading text=\"Event Request\" font_container=\"tag:h5|text_align:left\" use_theme_fonts=\"yes\" css=\"\" link=\"url:%2Fget-involved%2Ffor-businesses%2Fevent-request%2F|title:Event%20Request\"][vc_empty_space height=\"40px\" el_class=\"es-large\"][\/vc_column][\/vc_row][\/vc_column][\/vc_row][vc_row][vc_column][vc_empty_space height=\u00bb65px\u00bb][\/vc_column][\/vc_row]<\/p>\n<\/div>","protected":false},"excerpt":{"rendered":"<p>[vc_row full_width=\u00bbstretch_row\u00bb css=\u00bb.vc_custom_1755268464663{background-color: #E8E1D4 !important;background-position: center !important;background-repeat: no-repeat !important;background-size: cover !important;}\u00bb][vc_column css=\u00bb.vc_custom_1761253273656{padding-top: 0px !important;}\u00bb][vc_custom_heading source=\u00bbpost_title\u00bb font_container=\u00bbtag:h1|text_align:left|color:%23652D89&#8243; use_theme_fonts=\u00bbyes\u00bb css=\u00bb.vc_custom_1759959047265{margin-top: 20px !important;margin-bottom: 20px !important;}\u00bb el_class=\u00bbsub-child\u00bb][\/vc_column][\/vc_row][vc_row][vc_column][vc_empty_space height=\u00bb65px\u00bb][\/vc_column][\/vc_row][vc_row][vc_column offset=\u00bbvc_col-lg-9 vc_col-md-9&#8243; el_class=\u00bbpadding-reset\u00bb css=\u00bb.vc_custom_1761253267344{padding-right: 50px !important;}\u00bb][vc_row_inner][vc_column_inner [&hellip;]<\/p>\n","protected":false},"author":4,"featured_media":99014,"parent":99222,"menu_order":0,"comment_status":"open","ping_status":"open","template":"","meta":{"_acf_changed":false,"inline_featured_image":false,"ai_generated_summary":"","footnotes":""},"class_list":["post-99013","page","type-page","status-publish","has-post-thumbnail","hentry"],"yoast_head":"<!-- This site is optimized with the Yoast SEO plugin v28.4 - https:\/\/yoast.com\/product\/yoast-seo-wordpress\/ -->\n<title>Adopta una silueta de perro | Animal Rescue League of Iowa<\/title>\n<meta name=\"description\" content=\"Exhiba un perro de la ARL en su vest\u00edbulo u otras \u00e1reas de mucho tr\u00e1nsito y anime a los clientes a tomar una foto para promover la adopci\u00f3n de un nuevo amigo.\" \/>\n<meta name=\"robots\" content=\"index, follow, max-snippet:-1, max-image-preview:large, max-video-preview:-1\" \/>\n<link rel=\"canonical\" href=\"https:\/\/arl-iowa.org\/es\/adopte-un-recorte-de-perro\/\" \/>\n<meta property=\"og:locale\" content=\"es_ES\" \/>\n<meta property=\"og:type\" content=\"article\" \/>\n<meta property=\"og:title\" content=\"Adopta una silueta de perro | Animal Rescue League of Iowa\" \/>\n<meta property=\"og:description\" content=\"Exhiba un perro de la ARL en su vest\u00edbulo u otras \u00e1reas de mucho tr\u00e1nsito y anime a los clientes a tomar una foto para promover la adopci\u00f3n de un nuevo amigo.\" \/>\n<meta property=\"og:url\" content=\"https:\/\/arl-iowa.org\/es\/adopte-un-recorte-de-perro\/\" \/>\n<meta property=\"og:site_name\" content=\"ARL - Animal Rescue League of Iowa, Inc.\" \/>\n<meta property=\"article:publisher\" content=\"https:\/\/www.facebook.com\/ARLIowa\" \/>\n<meta property=\"article:modified_time\" content=\"2026-08-19T05:27:47+00:00\" \/>\n<meta property=\"og:image\" content=\"https:\/\/arl-iowa.org\/wp-content\/uploads\/2025\/09\/dogcutouts_arl.jpg\" \/>\n\t<meta property=\"og:image:width\" content=\"600\" \/>\n\t<meta property=\"og:image:height\" content=\"533\" \/>\n\t<meta property=\"og:image:type\" content=\"image\/jpeg\" \/>\n<meta name=\"twitter:card\" content=\"summary_large_image\" \/>\n<meta name=\"twitter:site\" content=\"@ARLIowa\" \/>\n<meta name=\"twitter:label1\" content=\"Tiempo de lectura\" \/>\n\t<meta name=\"twitter:data1\" content=\"2 minutos\" \/>\n<script type=\"application\/ld+json\" class=\"yoast-schema-graph\">{\"@context\":\"https:\\\/\\\/schema.org\",\"@graph\":[{\"@type\":\"WebPage\",\"@id\":\"https:\\\/\\\/arl-iowa.org\\\/es\\\/adopte-un-recorte-de-perro\\\/\",\"url\":\"https:\\\/\\\/arl-iowa.org\\\/es\\\/adopte-un-recorte-de-perro\\\/\",\"name\":\"Adopta una silueta de perro | Animal Rescue League of Iowa\",\"isPartOf\":{\"@id\":\"https:\\\/\\\/arl-iowa.org\\\/es\\\/#website\"},\"primaryImageOfPage\":{\"@id\":\"https:\\\/\\\/arl-iowa.org\\\/es\\\/adopte-un-recorte-de-perro\\\/#primaryimage\"},\"image\":{\"@id\":\"https:\\\/\\\/arl-iowa.org\\\/es\\\/adopte-un-recorte-de-perro\\\/#primaryimage\"},\"thumbnailUrl\":\"https:\\\/\\\/arl-iowa.org\\\/wp-content\\\/uploads\\\/2025\\\/09\\\/dogcutouts_arl.jpg\",\"datePublished\":\"2025-09-18T14:56:38+00:00\",\"dateModified\":\"2026-08-19T05:27:47+00:00\",\"description\":\"Exhiba un perro de la ARL en su vest\u00edbulo u otras \u00e1reas de mucho tr\u00e1nsito y anime a los clientes a tomar una foto para promover la adopci\u00f3n de un nuevo amigo.\",\"breadcrumb\":{\"@id\":\"https:\\\/\\\/arl-iowa.org\\\/es\\\/adopte-un-recorte-de-perro\\\/#breadcrumb\"},\"inLanguage\":\"es\",\"potentialAction\":[{\"@type\":\"ReadAction\",\"target\":[\"https:\\\/\\\/arl-iowa.org\\\/es\\\/adopte-un-recorte-de-perro\\\/\"]}]},{\"@type\":\"ImageObject\",\"inLanguage\":\"es\",\"@id\":\"https:\\\/\\\/arl-iowa.org\\\/es\\\/adopte-un-recorte-de-perro\\\/#primaryimage\",\"url\":\"https:\\\/\\\/arl-iowa.org\\\/wp-content\\\/uploads\\\/2025\\\/09\\\/dogcutouts_arl.jpg\",\"contentUrl\":\"https:\\\/\\\/arl-iowa.org\\\/wp-content\\\/uploads\\\/2025\\\/09\\\/dogcutouts_arl.jpg\",\"width\":600,\"height\":533},{\"@type\":\"BreadcrumbList\",\"@id\":\"https:\\\/\\\/arl-iowa.org\\\/es\\\/adopte-un-recorte-de-perro\\\/#breadcrumb\",\"itemListElement\":[{\"@type\":\"ListItem\",\"position\":1,\"name\":\"Home\",\"item\":\"https:\\\/\\\/arl-iowa.org\\\/es\\\/\"},{\"@type\":\"ListItem\",\"position\":2,\"name\":\"Participe\",\"item\":\"https:\\\/\\\/arl-iowa.org\\\/es\\\/participe\\\/\"},{\"@type\":\"ListItem\",\"position\":3,\"name\":\"Para Empresas\",\"item\":\"https:\\\/\\\/arl-iowa.org\\\/es\\\/participe\\\/para-empresas\\\/\"},{\"@type\":\"ListItem\",\"position\":4,\"name\":\"Adopte un Recorte de Perro\"}]},{\"@type\":\"WebSite\",\"@id\":\"https:\\\/\\\/arl-iowa.org\\\/es\\\/#website\",\"url\":\"https:\\\/\\\/arl-iowa.org\\\/es\\\/\",\"name\":\"ARL - Animal Rescue League of Iowa, Inc.\",\"description\":\"Iowa&#039;s largest nonprofit animal shelter, caring for many thousands of pets each year\",\"publisher\":{\"@id\":\"https:\\\/\\\/arl-iowa.org\\\/es\\\/#organization\"},\"potentialAction\":[{\"@type\":\"SearchAction\",\"target\":{\"@type\":\"EntryPoint\",\"urlTemplate\":\"https:\\\/\\\/arl-iowa.org\\\/es\\\/?s={search_term_string}\"},\"query-input\":{\"@type\":\"PropertyValueSpecification\",\"valueRequired\":true,\"valueName\":\"search_term_string\"}}],\"inLanguage\":\"es\"},{\"@type\":\"Organization\",\"@id\":\"https:\\\/\\\/arl-iowa.org\\\/es\\\/#organization\",\"name\":\"Animal Rescue League of Iowa, Inc.\",\"alternateName\":\"ARL Iowa\",\"url\":\"https:\\\/\\\/arl-iowa.org\\\/es\\\/\",\"logo\":{\"@type\":\"ImageObject\",\"inLanguage\":\"es\",\"@id\":\"https:\\\/\\\/arl-iowa.org\\\/es\\\/#\\\/schema\\\/logo\\\/image\\\/\",\"url\":\"https:\\\/\\\/arl-iowa.org\\\/wp-content\\\/uploads\\\/2025\\\/10\\\/ARL_LogoHoriz_Transparent.png\",\"contentUrl\":\"https:\\\/\\\/arl-iowa.org\\\/wp-content\\\/uploads\\\/2025\\\/10\\\/ARL_LogoHoriz_Transparent.png\",\"width\":900,\"height\":450,\"caption\":\"Animal Rescue League of Iowa, Inc.\"},\"image\":{\"@id\":\"https:\\\/\\\/arl-iowa.org\\\/es\\\/#\\\/schema\\\/logo\\\/image\\\/\"},\"sameAs\":[\"https:\\\/\\\/www.facebook.com\\\/ARLIowa\",\"https:\\\/\\\/x.com\\\/ARLIowa\",\"http:\\\/\\\/instagram.com\\\/ARLiowa\",\"https:\\\/\\\/www.youtube.com\\\/user\\\/arliowa\",\"https:\\\/\\\/www.tiktok.com\\\/@arliowa\"]}]}<\/script>\n<!-- \/ Yoast SEO plugin. -->","yoast_head_json":{"title":"Adopta una silueta de perro | Animal Rescue League of Iowa","description":"Exhiba un perro de la ARL en su vest\u00edbulo u otras \u00e1reas de mucho tr\u00e1nsito y anime a los clientes a tomar una foto para promover la adopci\u00f3n de un nuevo amigo.","robots":{"index":"index","follow":"follow","max-snippet":"max-snippet:-1","max-image-preview":"max-image-preview:large","max-video-preview":"max-video-preview:-1"},"canonical":"https:\/\/arl-iowa.org\/es\/adopte-un-recorte-de-perro\/","og_locale":"es_ES","og_type":"article","og_title":"Adopta una silueta de perro | Animal Rescue League of Iowa","og_description":"Exhiba un perro de la ARL en su vest\u00edbulo u otras \u00e1reas de mucho tr\u00e1nsito y anime a los clientes a tomar una foto para promover la adopci\u00f3n de un nuevo amigo.","og_url":"https:\/\/arl-iowa.org\/es\/adopte-un-recorte-de-perro\/","og_site_name":"ARL - Animal Rescue League of Iowa, Inc.","article_publisher":"https:\/\/www.facebook.com\/ARLIowa","article_modified_time":"2026-08-19T05:27:47+00:00","og_image":[{"width":600,"height":533,"url":"https:\/\/arl-iowa.org\/wp-content\/uploads\/2025\/09\/dogcutouts_arl.jpg","type":"image\/jpeg"}],"twitter_card":"summary_large_image","twitter_site":"@ARLIowa","twitter_misc":{"Tiempo de lectura":"2 minutos"},"schema":{"@context":"https:\/\/schema.org","@graph":[{"@type":"WebPage","@id":"https:\/\/arl-iowa.org\/es\/adopte-un-recorte-de-perro\/","url":"https:\/\/arl-iowa.org\/es\/adopte-un-recorte-de-perro\/","name":"Adopta una silueta de perro | Animal Rescue League of Iowa","isPartOf":{"@id":"https:\/\/arl-iowa.org\/es\/#website"},"primaryImageOfPage":{"@id":"https:\/\/arl-iowa.org\/es\/adopte-un-recorte-de-perro\/#primaryimage"},"image":{"@id":"https:\/\/arl-iowa.org\/es\/adopte-un-recorte-de-perro\/#primaryimage"},"thumbnailUrl":"https:\/\/arl-iowa.org\/wp-content\/uploads\/2025\/09\/dogcutouts_arl.jpg","datePublished":"2025-09-18T14:56:38+00:00","dateModified":"2026-08-19T05:27:47+00:00","description":"Exhiba un perro de la ARL en su vest\u00edbulo u otras \u00e1reas de mucho tr\u00e1nsito y anime a los clientes a tomar una foto para promover la adopci\u00f3n de un nuevo amigo.","breadcrumb":{"@id":"https:\/\/arl-iowa.org\/es\/adopte-un-recorte-de-perro\/#breadcrumb"},"inLanguage":"es","potentialAction":[{"@type":"ReadAction","target":["https:\/\/arl-iowa.org\/es\/adopte-un-recorte-de-perro\/"]}]},{"@type":"ImageObject","inLanguage":"es","@id":"https:\/\/arl-iowa.org\/es\/adopte-un-recorte-de-perro\/#primaryimage","url":"https:\/\/arl-iowa.org\/wp-content\/uploads\/2025\/09\/dogcutouts_arl.jpg","contentUrl":"https:\/\/arl-iowa.org\/wp-content\/uploads\/2025\/09\/dogcutouts_arl.jpg","width":600,"height":533},{"@type":"BreadcrumbList","@id":"https:\/\/arl-iowa.org\/es\/adopte-un-recorte-de-perro\/#breadcrumb","itemListElement":[{"@type":"ListItem","position":1,"name":"Home","item":"https:\/\/arl-iowa.org\/es\/"},{"@type":"ListItem","position":2,"name":"Participe","item":"https:\/\/arl-iowa.org\/es\/participe\/"},{"@type":"ListItem","position":3,"name":"Para Empresas","item":"https:\/\/arl-iowa.org\/es\/participe\/para-empresas\/"},{"@type":"ListItem","position":4,"name":"Adopte un Recorte de Perro"}]},{"@type":"WebSite","@id":"https:\/\/arl-iowa.org\/es\/#website","url":"https:\/\/arl-iowa.org\/es\/","name":"ARL - Animal Rescue League of Iowa, Inc.","description":"Iowa&#039;s largest nonprofit animal shelter, caring for many thousands of pets each year","publisher":{"@id":"https:\/\/arl-iowa.org\/es\/#organization"},"potentialAction":[{"@type":"SearchAction","target":{"@type":"EntryPoint","urlTemplate":"https:\/\/arl-iowa.org\/es\/?s={search_term_string}"},"query-input":{"@type":"PropertyValueSpecification","valueRequired":true,"valueName":"search_term_string"}}],"inLanguage":"es"},{"@type":"Organization","@id":"https:\/\/arl-iowa.org\/es\/#organization","name":"Animal Rescue League of Iowa, Inc.","alternateName":"ARL Iowa","url":"https:\/\/arl-iowa.org\/es\/","logo":{"@type":"ImageObject","inLanguage":"es","@id":"https:\/\/arl-iowa.org\/es\/#\/schema\/logo\/image\/","url":"https:\/\/arl-iowa.org\/wp-content\/uploads\/2025\/10\/ARL_LogoHoriz_Transparent.png","contentUrl":"https:\/\/arl-iowa.org\/wp-content\/uploads\/2025\/10\/ARL_LogoHoriz_Transparent.png","width":900,"height":450,"caption":"Animal Rescue League of Iowa, Inc."},"image":{"@id":"https:\/\/arl-iowa.org\/es\/#\/schema\/logo\/image\/"},"sameAs":["https:\/\/www.facebook.com\/ARLIowa","https:\/\/x.com\/ARLIowa","http:\/\/instagram.com\/ARLiowa","https:\/\/www.youtube.com\/user\/arliowa","https:\/\/www.tiktok.com\/@arliowa"]}]}},"acf":[],"_links":{"self":[{"href":"https:\/\/arl-iowa.org\/es\/wp-json\/wp\/v2\/pages\/99013","targetHints":{"allow":["GET"]}}],"collection":[{"href":"https:\/\/arl-iowa.org\/es\/wp-json\/wp\/v2\/pages"}],"about":[{"href":"https:\/\/arl-iowa.org\/es\/wp-json\/wp\/v2\/types\/page"}],"author":[{"embeddable":true,"href":"https:\/\/arl-iowa.org\/es\/wp-json\/wp\/v2\/users\/4"}],"replies":[{"embeddable":true,"href":"https:\/\/arl-iowa.org\/es\/wp-json\/wp\/v2\/comments?post=99013"}],"version-history":[{"count":2,"href":"https:\/\/arl-iowa.org\/es\/wp-json\/wp\/v2\/pages\/99013\/revisions"}],"predecessor-version":[{"id":99018,"href":"https:\/\/arl-iowa.org\/es\/wp-json\/wp\/v2\/pages\/99013\/revisions\/99018"}],"up":[{"embeddable":true,"href":"https:\/\/arl-iowa.org\/es\/wp-json\/wp\/v2\/pages\/99222"}],"wp:featuredmedia":[{"embeddable":true,"href":"https:\/\/arl-iowa.org\/es\/wp-json\/wp\/v2\/media\/99014"}],"wp:attachment":[{"href":"https:\/\/arl-iowa.org\/es\/wp-json\/wp\/v2\/media?parent=99013"}],"curies":[{"name":"wp","href":"https:\/\/api.w.org\/{rel}","templated":true}]}}