{"id":98997,"date":"2025-09-18T09:57:04","date_gmt":"2025-09-18T14:57:04","guid":{"rendered":"https:\/\/arl-iowa.org\/tos-de-las-perreras\/"},"modified":"2026-08-19T00:27:24","modified_gmt":"2026-08-19T05:27:24","slug":"tos-de-las-perreras","status":"publish","type":"page","link":"https:\/\/arl-iowa.org\/es\/tos-de-las-perreras\/","title":{"rendered":"Tos de las perreras"},"content":{"rendered":"<div class=\"wpb-content-wrapper\"><p>[vc_row full_width=\u00bbstretch_row\u00bb css=\u00bb.vc_custom_1753232367870{background: #652D89 url(https:\/\/arl-iowa.org\/wp-content\/uploads\/2025\/07\/Page-Sections_04-min.jpg?id=1200) !important;background-position: center !important;background-repeat: no-repeat !important;background-size: cover !important;}\u00bb][vc_column css=\u00bb.vc_custom_1758827833214{padding-top: 0px !important;}\u00bb][vc_empty_space height=\u00bb45px\u00bb][vc_custom_heading source=\u00bbpost_title\u00bb font_container=\u00bbtag:h1|text_align:left|line_height:1&#8243; use_theme_fonts=\u00bbyes\u00bb css=\u00bb.vc_custom_1757354360844{margin-bottom: 0px !important;}\u00bb][vc_empty_space height=\u00bb35px\u00bb][\/vc_column][\/vc_row][vc_row full_width=\u00bbstretch_row\u00bb gap=\u00bb35&#8243; el_class=\u00bbpadding-reset\u00bb css=\u00bb.vc_custom_1758827854984{}\u00bb][vc_column][vc_column_text css=\u00bb\u00bb]Si tienes preguntas sobre la salud de tu mascota reci\u00e9n adoptada, consulta a tu veterinario. El contrato de adopci\u00f3n contempla un cambio durante las dos primeras semanas si tu mascota no est\u00e1 sana. Lee atentamente el contrato de adopci\u00f3n en su totalidad.  <br \/>\n[\/vc_column_text][\/vc_column][\/vc_row][vc_row full_width=\u00bbstretch_row\u00bb gap=\u00bb35&#8243; el_class=\u00bbpadding-reset\u00bb css=\u00bb.vc_custom_1758827854984{}\u00bb][vc_column][vc_separator border_width=\u00bb3&#8243; css=\u00bb\u00bb][\/vc_column][\/vc_row][vc_row full_width=\u00bbstretch_row\u00bb gap=\u00bb35&#8243; el_class=\u00bbpadding-reset\u00bb css=\u00bb.vc_custom_1758827854984{}\u00bb][vc_column width=\u00bb1\/2&#8243;][vc_custom_heading text=\u00bb\u00bfQU\u00c9 ES LA TOS DE LAS PERRERAS?\u00bb use_theme_fonts=\u00bbyes\u00bb css=\u00bb\u00bb][vc_column_text css=\u00bb\u00bb]<br \/>La \u201ctos de las perreras\u201d es el nombre com\u00fan de una enfermedad de las v\u00edas respiratorias superiores altamente contagiosa en perros. Est\u00e1 causada por el virus de la parainfluenza canina, o por una bacteria llamada Bordetella bronchiseptica, o por una combinaci\u00f3n de ambos. La tos de las perreras se observa con frecuencia en perros que est\u00e1n expuestos a muchos otros perros en lugares como refugios de animales o residencias caninas. Es \u201cespec\u00edfica de la especie\u201d, lo que significa que solo infecta a perros y cachorros, no a gatos ni a humanos.   <br \/>\n[\/vc_column_text][vc_custom_heading text=\u00bb\u00bfC\u00d3MO SE TRANSMITE?\u00bb use_theme_fonts=\u00bbyes\u00bb css=\u00bb\u00bb][vc_column_text css=\u00bb\u00bb]<br \/>La tos de las perreras se transmite entre perros a trav\u00e9s del l\u00edquido expulsado por la boca o la nariz de un perro infectado, de forma similar a c\u00f3mo se transmite el resfriado com\u00fan entre humanos. Los perros pueden expulsar el virus al aire al estornudar, toser o respirar. Tambi\u00e9n puede propagarse por contacto f\u00edsico directo con jaulas, juguetes, comederos e incluso con las manos y la ropa de las personas que manipulan a los perros. Algunos perros pueden ser \u201cportadores silenciosos\u201d, llevando y propagando el virus sin mostrar ellos mismos s\u00edntomas de la enfermedad.   <br \/>\n[\/vc_column_text][vc_custom_heading text=\u00bb\u00bfCU\u00c1LES SON LOS SIGNOS?\u00bb use_theme_fonts=\u00bbyes\u00bb css=\u00bb\u00bb][vc_column_text css=\u00bb\u00bb]<br \/>El s\u00edntoma m\u00e1s com\u00fan de la tos de las perreras es una tos seca (a veces descrita como \u201cen bocina\u201d) y, en algunos casos, arcadas despu\u00e9s de toser. La tos suele desencadenarse por la excitaci\u00f3n, el ejercicio o la presi\u00f3n sobre la tr\u00e1quea del perro, como la que produce una correa. Algunos perros solo presentan secreci\u00f3n nasal. Por lo general, los perros afectados est\u00e1n, por lo dem\u00e1s, alerta y activos, con buen apetito y sin fiebre. En algunos casos, la tos de las perreras puede evolucionar hacia una neumon\u00eda. En estos casos, los perros toser\u00e1n mucosidad, tendr\u00e1n secreci\u00f3n nasal, les costar\u00e1 respirar, tendr\u00e1n fiebre, perder\u00e1n el apetito y se mostrar\u00e1n deca\u00eddos.     <br \/>\n[\/vc_column_text][\/vc_column][vc_column width=\u00bb1\/2&#8243;][vc_custom_heading text=\u00bb\u00bfQU\u00c9 PERROS LA CONTRAEN?\u00bb use_theme_fonts=\u00bbyes\u00bb css=\u00bb\u00bb][vc_column_text css=\u00bb\u00bb]<br \/>Cualquier perro que est\u00e9 estresado por el hacinamiento, una mala nutrici\u00f3n, el fr\u00edo o el calor, la edad, el miedo o una infecci\u00f3n, y que tenga otra enfermedad, es susceptible a la tos de las perreras. Los perros con especial riesgo de infecci\u00f3n incluyen los perros no vacunados, los cachorros (porque tienen un sistema inmunitario inmaduro) y los perros cuyo sistema inmunitario est\u00e1 afectado por otra enfermedad, como la dirofilariosis, el c\u00e1ncer, la desnutrici\u00f3n o los par\u00e1sitos. Los perros bien vacunados que tienen un sistema inmunitario sano a\u00fan pueden ser susceptibles a la enfermedad, pero los s\u00edntomas son muy leves y de corta duraci\u00f3n, por lo general limitados a 5 a 10 d\u00edas de tos sin fiebre ni p\u00e9rdida de apetito.  <br \/>\n[\/vc_column_text][vc_custom_heading text=\u00bb\u00bfC\u00d3MO SE TRATA LA TOS DE LAS PERRERAS?\u00bb use_theme_fonts=\u00bbyes\u00bb css=\u00bb\u00bb][vc_column_text css=\u00bb\u00bb]<br \/>La tos de las perreras es una enfermedad \u201cautolimitada\u201d, lo que significa que en muchos perros desaparecer\u00e1 en 10 a 14 d\u00edas sin tratamiento. Como la mayor\u00eda de los perros y cachorros de refugio est\u00e1n bajo estr\u00e9s, el veterinario responsable suele recetar antibi\u00f3ticos para prevenir o tratar infecciones bacterianas secundarias. En ocasiones, un veterinario recetar\u00e1 un antitusivo para que el perro se sienta mejor y para disminuir la irritaci\u00f3n de garganta causada por la tos. En casos raros, la tos de las perreras puede evolucionar a neumon\u00eda, lo que requiere una terapia m\u00e9dica m\u00e1s intensa y, posiblemente, hospitalizaci\u00f3n.[\/vc_column_text][\/vc_column][\/vc_row]<\/p>\n<\/div>","protected":false},"excerpt":{"rendered":"<p>[vc_row full_width=\u00bbstretch_row\u00bb css=\u00bb.vc_custom_1753232367870{background: #652D89 url(https:\/\/arl-iowa.org\/wp-content\/uploads\/2025\/07\/Page-Sections_04-min.jpg?id=1200) !important;background-position: center !important;background-repeat: no-repeat !important;background-size: cover !important;}\u00bb][vc_column css=\u00bb.vc_custom_1758827833214{padding-top: 0px !important;}\u00bb][vc_empty_space height=\u00bb45px\u00bb][vc_custom_heading source=\u00bbpost_title\u00bb font_container=\u00bbtag:h1|text_align:left|line_height:1&#8243; use_theme_fonts=\u00bbyes\u00bb css=\u00bb.vc_custom_1757354360844{margin-bottom: 0px !important;}\u00bb][vc_empty_space height=\u00bb35px\u00bb][\/vc_column][\/vc_row][vc_row full_width=\u00bbstretch_row\u00bb gap=\u00bb35&#8243; el_class=\u00bbpadding-reset\u00bb css=\u00bb.vc_custom_1758827854984{}\u00bb][vc_column][vc_column_text css=\u00bb\u00bb]Si tienes preguntas [&hellip;]<\/p>\n","protected":false},"author":4,"featured_media":0,"parent":99203,"menu_order":0,"comment_status":"open","ping_status":"open","template":"","meta":{"_acf_changed":false,"inline_featured_image":false,"ai_generated_summary":"","footnotes":""},"class_list":["post-98997","page","type-page","status-publish","hentry"],"yoast_head":"<!-- This site is optimized with the Yoast SEO plugin v28.4 - https:\/\/yoast.com\/product\/yoast-seo-wordpress\/ -->\n<title>Tos de las perreras canina | Animal Rescue League of Iowa<\/title>\n<meta name=\"description\" content=\"La tos de las perreras es una enfermedad respiratoria contagiosa en perros, causada por virus o bacterias, y es espec\u00edfica de la especie, lo que significa que solo infecta a los perros.\" \/>\n<meta name=\"robots\" content=\"index, follow, max-snippet:-1, max-image-preview:large, max-video-preview:-1\" \/>\n<link rel=\"canonical\" href=\"https:\/\/arl-iowa.org\/es\/tos-de-las-perreras\/\" \/>\n<meta property=\"og:locale\" content=\"es_ES\" \/>\n<meta property=\"og:type\" content=\"article\" \/>\n<meta property=\"og:title\" content=\"Tos de las perreras canina | Animal Rescue League of Iowa\" \/>\n<meta property=\"og:description\" content=\"La tos de las perreras es una enfermedad respiratoria contagiosa en perros, causada por virus o bacterias, y es espec\u00edfica de la especie, lo que significa que solo infecta a los perros.\" \/>\n<meta property=\"og:url\" content=\"https:\/\/arl-iowa.org\/es\/tos-de-las-perreras\/\" \/>\n<meta property=\"og:site_name\" content=\"ARL - Animal Rescue League of Iowa, Inc.\" \/>\n<meta property=\"article:publisher\" content=\"https:\/\/www.facebook.com\/ARLIowa\" \/>\n<meta property=\"article:modified_time\" content=\"2026-08-19T05:27:24+00:00\" \/>\n<meta property=\"og:image\" content=\"https:\/\/arl-iowa.org\/wp-content\/uploads\/2025\/10\/social-graphic-yoast-seo.jpg\" \/>\n\t<meta property=\"og:image:width\" content=\"1200\" \/>\n\t<meta property=\"og:image:height\" content=\"630\" \/>\n\t<meta property=\"og:image:type\" content=\"image\/jpeg\" \/>\n<meta name=\"twitter:card\" content=\"summary_large_image\" \/>\n<meta name=\"twitter:site\" content=\"@ARLIowa\" \/>\n<meta name=\"twitter:label1\" content=\"Tiempo de lectura\" \/>\n\t<meta name=\"twitter:data1\" content=\"4 minutos\" \/>\n<script type=\"application\/ld+json\" class=\"yoast-schema-graph\">{\"@context\":\"https:\\\/\\\/schema.org\",\"@graph\":[{\"@type\":\"WebPage\",\"@id\":\"https:\\\/\\\/arl-iowa.org\\\/es\\\/tos-de-las-perreras\\\/\",\"url\":\"https:\\\/\\\/arl-iowa.org\\\/es\\\/tos-de-las-perreras\\\/\",\"name\":\"Tos de las perreras canina | Animal Rescue League of Iowa\",\"isPartOf\":{\"@id\":\"https:\\\/\\\/arl-iowa.org\\\/es\\\/#website\"},\"datePublished\":\"2025-09-18T14:57:04+00:00\",\"dateModified\":\"2026-08-19T05:27:24+00:00\",\"description\":\"La tos de las perreras es una enfermedad respiratoria contagiosa en perros, causada por virus o bacterias, y es espec\u00edfica de la especie, lo que significa que solo infecta a los perros.\",\"breadcrumb\":{\"@id\":\"https:\\\/\\\/arl-iowa.org\\\/es\\\/tos-de-las-perreras\\\/#breadcrumb\"},\"inLanguage\":\"es\",\"potentialAction\":[{\"@type\":\"ReadAction\",\"target\":[\"https:\\\/\\\/arl-iowa.org\\\/es\\\/tos-de-las-perreras\\\/\"]}]},{\"@type\":\"BreadcrumbList\",\"@id\":\"https:\\\/\\\/arl-iowa.org\\\/es\\\/tos-de-las-perreras\\\/#breadcrumb\",\"itemListElement\":[{\"@type\":\"ListItem\",\"position\":1,\"name\":\"Home\",\"item\":\"https:\\\/\\\/arl-iowa.org\\\/es\\\/\"},{\"@type\":\"ListItem\",\"position\":2,\"name\":\"Adopte\",\"item\":\"https:\\\/\\\/arl-iowa.org\\\/es\\\/adopte\\\/\"},{\"@type\":\"ListItem\",\"position\":3,\"name\":\"Informaci\u00f3n sobre adopciones\",\"item\":\"https:\\\/\\\/arl-iowa.org\\\/es\\\/adopte\\\/informacion-sobre-adopciones\\\/\"},{\"@type\":\"ListItem\",\"position\":4,\"name\":\"Cuidado de tu nueva mascota\",\"item\":\"https:\\\/\\\/arl-iowa.org\\\/es\\\/adopte\\\/informacion-sobre-adopciones\\\/cuidado-de-tu-nueva-mascota\\\/\"},{\"@type\":\"ListItem\",\"position\":5,\"name\":\"Tos de las perreras\"}]},{\"@type\":\"WebSite\",\"@id\":\"https:\\\/\\\/arl-iowa.org\\\/es\\\/#website\",\"url\":\"https:\\\/\\\/arl-iowa.org\\\/es\\\/\",\"name\":\"ARL - Animal Rescue League of Iowa, Inc.\",\"description\":\"Iowa&#039;s largest nonprofit animal shelter, caring for many thousands of pets each year\",\"publisher\":{\"@id\":\"https:\\\/\\\/arl-iowa.org\\\/es\\\/#organization\"},\"potentialAction\":[{\"@type\":\"SearchAction\",\"target\":{\"@type\":\"EntryPoint\",\"urlTemplate\":\"https:\\\/\\\/arl-iowa.org\\\/es\\\/?s={search_term_string}\"},\"query-input\":{\"@type\":\"PropertyValueSpecification\",\"valueRequired\":true,\"valueName\":\"search_term_string\"}}],\"inLanguage\":\"es\"},{\"@type\":\"Organization\",\"@id\":\"https:\\\/\\\/arl-iowa.org\\\/es\\\/#organization\",\"name\":\"Animal Rescue League of Iowa, Inc.\",\"alternateName\":\"ARL Iowa\",\"url\":\"https:\\\/\\\/arl-iowa.org\\\/es\\\/\",\"logo\":{\"@type\":\"ImageObject\",\"inLanguage\":\"es\",\"@id\":\"https:\\\/\\\/arl-iowa.org\\\/es\\\/#\\\/schema\\\/logo\\\/image\\\/\",\"url\":\"https:\\\/\\\/arl-iowa.org\\\/wp-content\\\/uploads\\\/2025\\\/10\\\/ARL_LogoHoriz_Transparent.png\",\"contentUrl\":\"https:\\\/\\\/arl-iowa.org\\\/wp-content\\\/uploads\\\/2025\\\/10\\\/ARL_LogoHoriz_Transparent.png\",\"width\":900,\"height\":450,\"caption\":\"Animal Rescue League of Iowa, Inc.\"},\"image\":{\"@id\":\"https:\\\/\\\/arl-iowa.org\\\/es\\\/#\\\/schema\\\/logo\\\/image\\\/\"},\"sameAs\":[\"https:\\\/\\\/www.facebook.com\\\/ARLIowa\",\"https:\\\/\\\/x.com\\\/ARLIowa\",\"http:\\\/\\\/instagram.com\\\/ARLiowa\",\"https:\\\/\\\/www.youtube.com\\\/user\\\/arliowa\",\"https:\\\/\\\/www.tiktok.com\\\/@arliowa\"]}]}<\/script>\n<!-- \/ Yoast SEO plugin. -->","yoast_head_json":{"title":"Tos de las perreras canina | Animal Rescue League of Iowa","description":"La tos de las perreras es una enfermedad respiratoria contagiosa en perros, causada por virus o bacterias, y es espec\u00edfica de la especie, lo que significa que solo infecta a los perros.","robots":{"index":"index","follow":"follow","max-snippet":"max-snippet:-1","max-image-preview":"max-image-preview:large","max-video-preview":"max-video-preview:-1"},"canonical":"https:\/\/arl-iowa.org\/es\/tos-de-las-perreras\/","og_locale":"es_ES","og_type":"article","og_title":"Tos de las perreras canina | Animal Rescue League of Iowa","og_description":"La tos de las perreras es una enfermedad respiratoria contagiosa en perros, causada por virus o bacterias, y es espec\u00edfica de la especie, lo que significa que solo infecta a los perros.","og_url":"https:\/\/arl-iowa.org\/es\/tos-de-las-perreras\/","og_site_name":"ARL - Animal Rescue League of Iowa, Inc.","article_publisher":"https:\/\/www.facebook.com\/ARLIowa","article_modified_time":"2026-08-19T05:27:24+00:00","og_image":[{"width":1200,"height":630,"url":"https:\/\/arl-iowa.org\/wp-content\/uploads\/2025\/10\/social-graphic-yoast-seo.jpg","type":"image\/jpeg"}],"twitter_card":"summary_large_image","twitter_site":"@ARLIowa","twitter_misc":{"Tiempo de lectura":"4 minutos"},"schema":{"@context":"https:\/\/schema.org","@graph":[{"@type":"WebPage","@id":"https:\/\/arl-iowa.org\/es\/tos-de-las-perreras\/","url":"https:\/\/arl-iowa.org\/es\/tos-de-las-perreras\/","name":"Tos de las perreras canina | Animal Rescue League of Iowa","isPartOf":{"@id":"https:\/\/arl-iowa.org\/es\/#website"},"datePublished":"2025-09-18T14:57:04+00:00","dateModified":"2026-08-19T05:27:24+00:00","description":"La tos de las perreras es una enfermedad respiratoria contagiosa en perros, causada por virus o bacterias, y es espec\u00edfica de la especie, lo que significa que solo infecta a los perros.","breadcrumb":{"@id":"https:\/\/arl-iowa.org\/es\/tos-de-las-perreras\/#breadcrumb"},"inLanguage":"es","potentialAction":[{"@type":"ReadAction","target":["https:\/\/arl-iowa.org\/es\/tos-de-las-perreras\/"]}]},{"@type":"BreadcrumbList","@id":"https:\/\/arl-iowa.org\/es\/tos-de-las-perreras\/#breadcrumb","itemListElement":[{"@type":"ListItem","position":1,"name":"Home","item":"https:\/\/arl-iowa.org\/es\/"},{"@type":"ListItem","position":2,"name":"Adopte","item":"https:\/\/arl-iowa.org\/es\/adopte\/"},{"@type":"ListItem","position":3,"name":"Informaci\u00f3n sobre adopciones","item":"https:\/\/arl-iowa.org\/es\/adopte\/informacion-sobre-adopciones\/"},{"@type":"ListItem","position":4,"name":"Cuidado de tu nueva mascota","item":"https:\/\/arl-iowa.org\/es\/adopte\/informacion-sobre-adopciones\/cuidado-de-tu-nueva-mascota\/"},{"@type":"ListItem","position":5,"name":"Tos de las perreras"}]},{"@type":"WebSite","@id":"https:\/\/arl-iowa.org\/es\/#website","url":"https:\/\/arl-iowa.org\/es\/","name":"ARL - Animal Rescue League of Iowa, Inc.","description":"Iowa&#039;s largest nonprofit animal shelter, caring for many thousands of pets each year","publisher":{"@id":"https:\/\/arl-iowa.org\/es\/#organization"},"potentialAction":[{"@type":"SearchAction","target":{"@type":"EntryPoint","urlTemplate":"https:\/\/arl-iowa.org\/es\/?s={search_term_string}"},"query-input":{"@type":"PropertyValueSpecification","valueRequired":true,"valueName":"search_term_string"}}],"inLanguage":"es"},{"@type":"Organization","@id":"https:\/\/arl-iowa.org\/es\/#organization","name":"Animal Rescue League of Iowa, Inc.","alternateName":"ARL Iowa","url":"https:\/\/arl-iowa.org\/es\/","logo":{"@type":"ImageObject","inLanguage":"es","@id":"https:\/\/arl-iowa.org\/es\/#\/schema\/logo\/image\/","url":"https:\/\/arl-iowa.org\/wp-content\/uploads\/2025\/10\/ARL_LogoHoriz_Transparent.png","contentUrl":"https:\/\/arl-iowa.org\/wp-content\/uploads\/2025\/10\/ARL_LogoHoriz_Transparent.png","width":900,"height":450,"caption":"Animal Rescue League of Iowa, Inc."},"image":{"@id":"https:\/\/arl-iowa.org\/es\/#\/schema\/logo\/image\/"},"sameAs":["https:\/\/www.facebook.com\/ARLIowa","https:\/\/x.com\/ARLIowa","http:\/\/instagram.com\/ARLiowa","https:\/\/www.youtube.com\/user\/arliowa","https:\/\/www.tiktok.com\/@arliowa"]}]}},"acf":[],"_links":{"self":[{"href":"https:\/\/arl-iowa.org\/es\/wp-json\/wp\/v2\/pages\/98997","targetHints":{"allow":["GET"]}}],"collection":[{"href":"https:\/\/arl-iowa.org\/es\/wp-json\/wp\/v2\/pages"}],"about":[{"href":"https:\/\/arl-iowa.org\/es\/wp-json\/wp\/v2\/types\/page"}],"author":[{"embeddable":true,"href":"https:\/\/arl-iowa.org\/es\/wp-json\/wp\/v2\/users\/4"}],"replies":[{"embeddable":true,"href":"https:\/\/arl-iowa.org\/es\/wp-json\/wp\/v2\/comments?post=98997"}],"version-history":[{"count":2,"href":"https:\/\/arl-iowa.org\/es\/wp-json\/wp\/v2\/pages\/98997\/revisions"}],"predecessor-version":[{"id":98999,"href":"https:\/\/arl-iowa.org\/es\/wp-json\/wp\/v2\/pages\/98997\/revisions\/98999"}],"up":[{"embeddable":true,"href":"https:\/\/arl-iowa.org\/es\/wp-json\/wp\/v2\/pages\/99203"}],"wp:attachment":[{"href":"https:\/\/arl-iowa.org\/es\/wp-json\/wp\/v2\/media?parent=98997"}],"curies":[{"name":"wp","href":"https:\/\/api.w.org\/{rel}","templated":true}]}}