{"id":98991,"date":"2025-09-18T09:57:06","date_gmt":"2025-09-18T14:57:06","guid":{"rendered":"https:\/\/arl-iowa.org\/servicios-para-mascotas\/cuidado-en-situaciones-de-crisis\/"},"modified":"2026-08-18T23:54:01","modified_gmt":"2026-08-19T04:54:01","slug":"cuidado-en-situaciones-de-crisis","status":"publish","type":"page","link":"https:\/\/arl-iowa.org\/es\/servicios-para-mascotas\/cuidado-en-situaciones-de-crisis\/","title":{"rendered":"Cuidado en situaciones de crisis"},"content":{"rendered":"<div class=\"wpb-content-wrapper\"><p>[vc_row full_width=\u00bbstretch_row\u00bb css=\u00bb.vc_custom_1753232367870{background: #652D89 url(https:\/\/arl-iowa.org\/wp-content\/uploads\/2025\/07\/Page-Sections_04-min.jpg?id=1200) !important;background-position: center !important;background-repeat: no-repeat !important;background-size: cover !important;}\u00bb][vc_column css=\u00bb.vc_custom_1758828169682{padding-top: 0px !important;}\u00bb][vc_empty_space height=\u00bb45px\u00bb][vc_custom_heading source=\u00bbpost_title\u00bb font_container=\u00bbtag:h1|text_align:left|line_height:1&#8243; use_theme_fonts=\u00bbyes\u00bb css=\u00bb.vc_custom_1757354360844{margin-bottom: 0px !important;}\u00bb][vc_empty_space height=\u00bb35px\u00bb][\/vc_column][\/vc_row][vc_row full_width=\u00bbstretch_row\u00bb][vc_column css=\u00bb.vc_custom_1723229133129{padding-top: 0px !important;}\u00bb][vc_empty_space height=\u00bb55px\u00bb el_class=\u00bbes-large\u00bb][\/vc_column][\/vc_row][vc_row gap=\u00bb35&#8243;][vc_column width=\u00bb3\/4&#8243;][vc_column_text css=\u00bb\u00bb]<\/p>\n<div class=\"group_3of4 first inset_right_large\">\n<p class=\"lead\" style=\"margin-bottom: 14pt;\"><span style=\"background: white;\"><span lang=\"EN\" style=\"color: #6d8d24;\">El Programa de Cuidado en Crisis de la ARL tiene como objetivo ayudar a mantener a las familias unidas mientras atraviesan dificultades. Con la ayuda de los hogares de acogida, hacemos todo lo posible para proporcionar a las mascotas cuidado a corto plazo, atenci\u00f3n veterinaria y ex\u00e1menes, y alimento. Tambi\u00e9n proporcionamos vacunas, microchips y otros recursos para mejorar el bienestar y la estabilidad una vez que todos se reencuentran.    <\/span><\/span><\/p>\n<p style=\"margin-bottom: 14.0pt;\"><span style=\"background: white;\"><span lang=\"EN\" style=\"color: black;\"><br \/>El programa de Cuidado en Crisis trabaja con la familia\/individuo y los proveedores de servicios comunitarios para crear un plan de cuidado seguro y apropiado para la reunificaci\u00f3n. Al proporcionar estos recursos temporales, el programa de Cuidado en Crisis evita que los due\u00f1os de mascotas se separen permanentemente de sus mascotas y reduce un mayor sufrimiento durante un momento ya estresante.   <\/span><\/span><\/p>\n<ul>\n<li>Para los casos que implican violencia dom\u00e9stica, las personas deben ser remitidas a este programa por <a href=\"https:\/\/cfiowa.org\/programs\/domestic-violence\/\">Children and Families of Iowa.<\/a><\/li>\n<li>Los veteranos en crisis deben ser remitidos a este programa a trav\u00e9s de <a href=\"https:\/\/www.va.gov\/central-iowa-health-care\/locations\/des-moines-va-clinic\/#location-and------------contac\">Veterans Affairs.<\/a><\/li>\n<li>Este programa tiene una duraci\u00f3n est\u00e1ndar de 14 d\u00edas, con la opci\u00f3n de extensiones basadas en las necesidades y circunstancias individuales.<\/li>\n<li>Todas las mascotas en cuidado en crisis que no est\u00e9n esterilizadas\/castradas lo ser\u00e1n antes de regresar a casa.<\/li>\n<\/ul>\n<p style=\"margin-bottom: 8.0pt;\"><span style=\"background: white;\"><span lang=\"EN\" style=\"color: black;\"><br \/>La ARL intenta ayudar a tantas personas como sea posible, pero actualmente no podemos proporcionar asistencia para:  <\/span><\/span><\/p>\n<ul>\n<li>Solicitudes donde los registros p\u00fablicos no coinciden con lo indicado en el Formulario de Solicitud.<\/li>\n<li>Situaciones que implican encarcelamiento.<\/li>\n<li>Solicitudes de personas cuyos registros p\u00fablicos contengan alguno de los siguientes: cargos por agresi\u00f3n, cargos relacionados con violencia dom\u00e9stica, incumplimientos de \u00f3rdenes de alejamiento o interferencia con actos oficiales.<\/li>\n<\/ul>\n<\/div>\n<p>[\/vc_column_text][\/vc_column][vc_column width=\u00bb1\/4&#8243;][vc_row_inner][vc_column_inner el_class=\u00bbbox-shadow\u00bb css=\u00bb.vc_custom_1758569428853{background-image: url(https:\/\/arl-iowa.org\/wp-content\/uploads\/2025\/07\/Homepage_08-min.jpg?id=1018) !important;}\u00bb][vc_custom_heading text=\u00bb\u00bfQuieres ser un hogar de acogida para el Cuidado en Crisis?\u00bb font_container=\u00bbtag:h3|text_align:left|color:%23FFFFFF\u00bb use_theme_fonts=\u00bbyes\u00bb css=\u00bb.vc_custom_1758558771152{padding-top: 2vh !important;padding-right: 3vw !important;padding-left: 3vw !important;}\u00bb][vc_column_text css=\u00bb.vc_custom_1758558776954{padding-right: 3vw !important;padding-left: 3vw !important;}\u00bb]<span style=\"color: #ffffff;\">Env\u00eda tu solicitud de acogida hoy para empezar a cambiar vidas.<\/span><\/p>\n<p>[\/vc_column_text][vc_btn title=\u00bbEmpezar\u00bb style=\u00bbcustom\u00bb custom_background=\u00bb#777777&#8243; custom_text=\u00bb#FFFFFF\u00bb shape=\u00bbsquare\u00bb size=\u00bblg\u00bb align=\u00bbcenter\u00bb css=\u00bb\u00bb link=\u00bburl:https%3A%2F%2Fapp.betterimpact.com%2FApplication%3FOrganizationGuid%3Dd27b659c-dc54-4283-8146-13bdc5a1a64b%26ApplicationFormNumber%3D1|target:_blank|\u00bb][vc_empty_space height=\u00bb20px\u00bb][\/vc_column_inner][\/vc_row_inner][vc_empty_space height=\u00bb50px\u00bb][vc_row_inner][vc_column_inner el_class=\u00bbbox-shadow\u00bb css=\u00bb.vc_custom_1758569450737{background-image: url(https:\/\/arl-iowa.org\/wp-content\/uploads\/2025\/07\/Homepage_08-min.jpg?id=1018) !important;}\u00bb][vc_custom_heading text=\u00bbCuidado en situaciones de crisis\u00bb font_container=\u00bbtag:h3|text_align:left|color:%23FFFFFF\u00bb use_theme_fonts=\u00bbyes\u00bb css=\u00bb.vc_custom_1758558982625{padding-top: 2vh !important;padding-right: 3vw !important;padding-left: 3vw !important;}\u00bb][vc_column_text css=\u00bb.vc_custom_1758558951811{padding-right: 3vw !important;padding-left: 3vw !important;}\u00bb]<span style=\"color: #ffffff;\"><a style=\"color: #ffffff;\" href=\"mailto:crisiscare@arl-iowa.org\">crisiscare@arl-iowa.org<\/a><\/span>[\/vc_column_text][vc_empty_space height=\u00bb20px\u00bb][\/vc_column_inner][\/vc_row_inner][\/vc_column][\/vc_row][vc_row full_width=\u00bbstretch_row\u00bb][vc_column css=\u00bb.vc_custom_1723229133129{padding-top: 0px !important;}\u00bb][vc_empty_space height=\u00bb55px\u00bb el_class=\u00bbes-large\u00bb][\/vc_column][\/vc_row]<\/p>\n<\/div>","protected":false},"excerpt":{"rendered":"<p>[vc_row full_width=\u00bbstretch_row\u00bb css=\u00bb.vc_custom_1753232367870{background: #652D89 url(https:\/\/arl-iowa.org\/wp-content\/uploads\/2025\/07\/Page-Sections_04-min.jpg?id=1200) !important;background-position: center !important;background-repeat: no-repeat !important;background-size: cover !important;}\u00bb][vc_column css=\u00bb.vc_custom_1758828169682{padding-top: 0px !important;}\u00bb][vc_empty_space height=\u00bb45px\u00bb][vc_custom_heading source=\u00bbpost_title\u00bb font_container=\u00bbtag:h1|text_align:left|line_height:1&#8243; use_theme_fonts=\u00bbyes\u00bb css=\u00bb.vc_custom_1757354360844{margin-bottom: 0px !important;}\u00bb][vc_empty_space height=\u00bb35px\u00bb][\/vc_column][\/vc_row][vc_row full_width=\u00bbstretch_row\u00bb][vc_column css=\u00bb.vc_custom_1723229133129{padding-top: 0px !important;}\u00bb][vc_empty_space height=\u00bb55px\u00bb el_class=\u00bbes-large\u00bb][\/vc_column][\/vc_row][vc_row gap=\u00bb35&#8243;][vc_column [&hellip;]<\/p>\n","protected":false},"author":4,"featured_media":0,"parent":98045,"menu_order":0,"comment_status":"open","ping_status":"open","template":"","meta":{"_acf_changed":false,"inline_featured_image":false,"ai_generated_summary":"","footnotes":""},"class_list":["post-98991","page","type-page","status-publish","hentry"],"yoast_head":"<!-- This site is optimized with the Yoast SEO plugin v28.4 - https:\/\/yoast.com\/product\/yoast-seo-wordpress\/ -->\n<title>Cuidado en crisis | Liga de Rescate Animal de Iowa<\/title>\n<meta name=\"description\" content=\"Las mascotas pueden recibir cuidado temporal durante una crisis debido a violencia dom\u00e9stica, desastres naturales u otros eventos catastr\u00f3ficos.\" \/>\n<meta name=\"robots\" content=\"index, follow, max-snippet:-1, max-image-preview:large, max-video-preview:-1\" \/>\n<link rel=\"canonical\" href=\"https:\/\/arl-iowa.org\/es\/servicios-para-mascotas\/cuidado-en-situaciones-de-crisis\/\" \/>\n<meta property=\"og:locale\" content=\"es_ES\" \/>\n<meta property=\"og:type\" content=\"article\" \/>\n<meta property=\"og:title\" content=\"Cuidado en crisis | Liga de Rescate Animal de Iowa\" \/>\n<meta property=\"og:description\" content=\"Las mascotas pueden recibir cuidado temporal durante una crisis debido a violencia dom\u00e9stica, desastres naturales u otros eventos catastr\u00f3ficos.\" \/>\n<meta property=\"og:url\" content=\"https:\/\/arl-iowa.org\/es\/servicios-para-mascotas\/cuidado-en-situaciones-de-crisis\/\" \/>\n<meta property=\"og:site_name\" content=\"ARL - Animal Rescue League of Iowa, Inc.\" \/>\n<meta property=\"article:publisher\" content=\"https:\/\/www.facebook.com\/ARLIowa\" \/>\n<meta property=\"article:modified_time\" content=\"2026-08-19T04:54:01+00:00\" \/>\n<meta property=\"og:image\" content=\"https:\/\/arl-iowa.org\/wp-content\/uploads\/2025\/10\/social-graphic-yoast-seo.jpg\" \/>\n\t<meta property=\"og:image:width\" content=\"1200\" \/>\n\t<meta property=\"og:image:height\" content=\"630\" \/>\n\t<meta property=\"og:image:type\" content=\"image\/jpeg\" \/>\n<meta name=\"twitter:card\" content=\"summary_large_image\" \/>\n<meta name=\"twitter:site\" content=\"@ARLIowa\" \/>\n<meta name=\"twitter:label1\" content=\"Tiempo de lectura\" \/>\n\t<meta name=\"twitter:data1\" content=\"3 minutos\" \/>\n<script type=\"application\/ld+json\" class=\"yoast-schema-graph\">{\"@context\":\"https:\\\/\\\/schema.org\",\"@graph\":[{\"@type\":\"WebPage\",\"@id\":\"https:\\\/\\\/arl-iowa.org\\\/es\\\/servicios-para-mascotas\\\/cuidado-en-situaciones-de-crisis\\\/\",\"url\":\"https:\\\/\\\/arl-iowa.org\\\/es\\\/servicios-para-mascotas\\\/cuidado-en-situaciones-de-crisis\\\/\",\"name\":\"Cuidado en crisis | Liga de Rescate Animal de Iowa\",\"isPartOf\":{\"@id\":\"https:\\\/\\\/arl-iowa.org\\\/es\\\/#website\"},\"datePublished\":\"2025-09-18T14:57:06+00:00\",\"dateModified\":\"2026-08-19T04:54:01+00:00\",\"description\":\"Las mascotas pueden recibir cuidado temporal durante una crisis debido a violencia dom\u00e9stica, desastres naturales u otros eventos catastr\u00f3ficos.\",\"breadcrumb\":{\"@id\":\"https:\\\/\\\/arl-iowa.org\\\/es\\\/servicios-para-mascotas\\\/cuidado-en-situaciones-de-crisis\\\/#breadcrumb\"},\"inLanguage\":\"es\",\"potentialAction\":[{\"@type\":\"ReadAction\",\"target\":[\"https:\\\/\\\/arl-iowa.org\\\/es\\\/servicios-para-mascotas\\\/cuidado-en-situaciones-de-crisis\\\/\"]}]},{\"@type\":\"BreadcrumbList\",\"@id\":\"https:\\\/\\\/arl-iowa.org\\\/es\\\/servicios-para-mascotas\\\/cuidado-en-situaciones-de-crisis\\\/#breadcrumb\",\"itemListElement\":[{\"@type\":\"ListItem\",\"position\":1,\"name\":\"Home\",\"item\":\"https:\\\/\\\/arl-iowa.org\\\/es\\\/\"},{\"@type\":\"ListItem\",\"position\":2,\"name\":\"Servicios\",\"item\":\"https:\\\/\\\/arl-iowa.org\\\/es\\\/servicios-para-mascotas\\\/\"},{\"@type\":\"ListItem\",\"position\":3,\"name\":\"Cuidado en situaciones de crisis\"}]},{\"@type\":\"WebSite\",\"@id\":\"https:\\\/\\\/arl-iowa.org\\\/es\\\/#website\",\"url\":\"https:\\\/\\\/arl-iowa.org\\\/es\\\/\",\"name\":\"ARL - Animal Rescue League of Iowa, Inc.\",\"description\":\"Iowa&#039;s largest nonprofit animal shelter, caring for many thousands of pets each year\",\"publisher\":{\"@id\":\"https:\\\/\\\/arl-iowa.org\\\/es\\\/#organization\"},\"potentialAction\":[{\"@type\":\"SearchAction\",\"target\":{\"@type\":\"EntryPoint\",\"urlTemplate\":\"https:\\\/\\\/arl-iowa.org\\\/es\\\/?s={search_term_string}\"},\"query-input\":{\"@type\":\"PropertyValueSpecification\",\"valueRequired\":true,\"valueName\":\"search_term_string\"}}],\"inLanguage\":\"es\"},{\"@type\":\"Organization\",\"@id\":\"https:\\\/\\\/arl-iowa.org\\\/es\\\/#organization\",\"name\":\"Animal Rescue League of Iowa, Inc.\",\"alternateName\":\"ARL Iowa\",\"url\":\"https:\\\/\\\/arl-iowa.org\\\/es\\\/\",\"logo\":{\"@type\":\"ImageObject\",\"inLanguage\":\"es\",\"@id\":\"https:\\\/\\\/arl-iowa.org\\\/es\\\/#\\\/schema\\\/logo\\\/image\\\/\",\"url\":\"https:\\\/\\\/arl-iowa.org\\\/wp-content\\\/uploads\\\/2025\\\/10\\\/ARL_LogoHoriz_Transparent.png\",\"contentUrl\":\"https:\\\/\\\/arl-iowa.org\\\/wp-content\\\/uploads\\\/2025\\\/10\\\/ARL_LogoHoriz_Transparent.png\",\"width\":900,\"height\":450,\"caption\":\"Animal Rescue League of Iowa, Inc.\"},\"image\":{\"@id\":\"https:\\\/\\\/arl-iowa.org\\\/es\\\/#\\\/schema\\\/logo\\\/image\\\/\"},\"sameAs\":[\"https:\\\/\\\/www.facebook.com\\\/ARLIowa\",\"https:\\\/\\\/x.com\\\/ARLIowa\",\"http:\\\/\\\/instagram.com\\\/ARLiowa\",\"https:\\\/\\\/www.youtube.com\\\/user\\\/arliowa\",\"https:\\\/\\\/www.tiktok.com\\\/@arliowa\"]}]}<\/script>\n<!-- \/ Yoast SEO plugin. -->","yoast_head_json":{"title":"Cuidado en crisis | Liga de Rescate Animal de Iowa","description":"Las mascotas pueden recibir cuidado temporal durante una crisis debido a violencia dom\u00e9stica, desastres naturales u otros eventos catastr\u00f3ficos.","robots":{"index":"index","follow":"follow","max-snippet":"max-snippet:-1","max-image-preview":"max-image-preview:large","max-video-preview":"max-video-preview:-1"},"canonical":"https:\/\/arl-iowa.org\/es\/servicios-para-mascotas\/cuidado-en-situaciones-de-crisis\/","og_locale":"es_ES","og_type":"article","og_title":"Cuidado en crisis | Liga de Rescate Animal de Iowa","og_description":"Las mascotas pueden recibir cuidado temporal durante una crisis debido a violencia dom\u00e9stica, desastres naturales u otros eventos catastr\u00f3ficos.","og_url":"https:\/\/arl-iowa.org\/es\/servicios-para-mascotas\/cuidado-en-situaciones-de-crisis\/","og_site_name":"ARL - Animal Rescue League of Iowa, Inc.","article_publisher":"https:\/\/www.facebook.com\/ARLIowa","article_modified_time":"2026-08-19T04:54:01+00:00","og_image":[{"width":1200,"height":630,"url":"https:\/\/arl-iowa.org\/wp-content\/uploads\/2025\/10\/social-graphic-yoast-seo.jpg","type":"image\/jpeg"}],"twitter_card":"summary_large_image","twitter_site":"@ARLIowa","twitter_misc":{"Tiempo de lectura":"3 minutos"},"schema":{"@context":"https:\/\/schema.org","@graph":[{"@type":"WebPage","@id":"https:\/\/arl-iowa.org\/es\/servicios-para-mascotas\/cuidado-en-situaciones-de-crisis\/","url":"https:\/\/arl-iowa.org\/es\/servicios-para-mascotas\/cuidado-en-situaciones-de-crisis\/","name":"Cuidado en crisis | Liga de Rescate Animal de Iowa","isPartOf":{"@id":"https:\/\/arl-iowa.org\/es\/#website"},"datePublished":"2025-09-18T14:57:06+00:00","dateModified":"2026-08-19T04:54:01+00:00","description":"Las mascotas pueden recibir cuidado temporal durante una crisis debido a violencia dom\u00e9stica, desastres naturales u otros eventos catastr\u00f3ficos.","breadcrumb":{"@id":"https:\/\/arl-iowa.org\/es\/servicios-para-mascotas\/cuidado-en-situaciones-de-crisis\/#breadcrumb"},"inLanguage":"es","potentialAction":[{"@type":"ReadAction","target":["https:\/\/arl-iowa.org\/es\/servicios-para-mascotas\/cuidado-en-situaciones-de-crisis\/"]}]},{"@type":"BreadcrumbList","@id":"https:\/\/arl-iowa.org\/es\/servicios-para-mascotas\/cuidado-en-situaciones-de-crisis\/#breadcrumb","itemListElement":[{"@type":"ListItem","position":1,"name":"Home","item":"https:\/\/arl-iowa.org\/es\/"},{"@type":"ListItem","position":2,"name":"Servicios","item":"https:\/\/arl-iowa.org\/es\/servicios-para-mascotas\/"},{"@type":"ListItem","position":3,"name":"Cuidado en situaciones de crisis"}]},{"@type":"WebSite","@id":"https:\/\/arl-iowa.org\/es\/#website","url":"https:\/\/arl-iowa.org\/es\/","name":"ARL - Animal Rescue League of Iowa, Inc.","description":"Iowa&#039;s largest nonprofit animal shelter, caring for many thousands of pets each year","publisher":{"@id":"https:\/\/arl-iowa.org\/es\/#organization"},"potentialAction":[{"@type":"SearchAction","target":{"@type":"EntryPoint","urlTemplate":"https:\/\/arl-iowa.org\/es\/?s={search_term_string}"},"query-input":{"@type":"PropertyValueSpecification","valueRequired":true,"valueName":"search_term_string"}}],"inLanguage":"es"},{"@type":"Organization","@id":"https:\/\/arl-iowa.org\/es\/#organization","name":"Animal Rescue League of Iowa, Inc.","alternateName":"ARL Iowa","url":"https:\/\/arl-iowa.org\/es\/","logo":{"@type":"ImageObject","inLanguage":"es","@id":"https:\/\/arl-iowa.org\/es\/#\/schema\/logo\/image\/","url":"https:\/\/arl-iowa.org\/wp-content\/uploads\/2025\/10\/ARL_LogoHoriz_Transparent.png","contentUrl":"https:\/\/arl-iowa.org\/wp-content\/uploads\/2025\/10\/ARL_LogoHoriz_Transparent.png","width":900,"height":450,"caption":"Animal Rescue League of Iowa, Inc."},"image":{"@id":"https:\/\/arl-iowa.org\/es\/#\/schema\/logo\/image\/"},"sameAs":["https:\/\/www.facebook.com\/ARLIowa","https:\/\/x.com\/ARLIowa","http:\/\/instagram.com\/ARLiowa","https:\/\/www.youtube.com\/user\/arliowa","https:\/\/www.tiktok.com\/@arliowa"]}]}},"acf":[],"_links":{"self":[{"href":"https:\/\/arl-iowa.org\/es\/wp-json\/wp\/v2\/pages\/98991","targetHints":{"allow":["GET"]}}],"collection":[{"href":"https:\/\/arl-iowa.org\/es\/wp-json\/wp\/v2\/pages"}],"about":[{"href":"https:\/\/arl-iowa.org\/es\/wp-json\/wp\/v2\/types\/page"}],"author":[{"embeddable":true,"href":"https:\/\/arl-iowa.org\/es\/wp-json\/wp\/v2\/users\/4"}],"replies":[{"embeddable":true,"href":"https:\/\/arl-iowa.org\/es\/wp-json\/wp\/v2\/comments?post=98991"}],"version-history":[{"count":2,"href":"https:\/\/arl-iowa.org\/es\/wp-json\/wp\/v2\/pages\/98991\/revisions"}],"predecessor-version":[{"id":98993,"href":"https:\/\/arl-iowa.org\/es\/wp-json\/wp\/v2\/pages\/98991\/revisions\/98993"}],"up":[{"embeddable":true,"href":"https:\/\/arl-iowa.org\/es\/wp-json\/wp\/v2\/pages\/98045"}],"wp:attachment":[{"href":"https:\/\/arl-iowa.org\/es\/wp-json\/wp\/v2\/media?parent=98991"}],"curies":[{"name":"wp","href":"https:\/\/api.w.org\/{rel}","templated":true}]}}