{"id":98988,"date":"2025-09-18T09:57:07","date_gmt":"2025-09-18T14:57:07","guid":{"rendered":"https:\/\/arl-iowa.org\/enfermedad-respiratoria-superior-felina\/"},"modified":"2026-08-19T00:27:24","modified_gmt":"2026-08-19T05:27:24","slug":"enfermedad-respiratoria-superior-felina","status":"publish","type":"page","link":"https:\/\/arl-iowa.org\/es\/enfermedad-respiratoria-superior-felina\/","title":{"rendered":"Enfermedad respiratoria superior felina"},"content":{"rendered":"<div class=\"wpb-content-wrapper\"><p>[vc_row full_width=\u00bbstretch_row\u00bb css=\u00bb.vc_custom_1753232367870{background: #652D89 url(https:\/\/arl-iowa.org\/wp-content\/uploads\/2025\/07\/Page-Sections_04-min.jpg?id=1200) !important;background-position: center !important;background-repeat: no-repeat !important;background-size: cover !important;}\u00bb][vc_column css=\u00bb.vc_custom_1760035016241{padding-top: 0px !important;}\u00bb][vc_empty_space height=\u00bb45px\u00bb][vc_custom_heading source=\u00bbpost_title\u00bb font_container=\u00bbtag:h1|text_align:left|line_height:1&#8243; use_theme_fonts=\u00bbyes\u00bb css=\u00bb.vc_custom_1757354360844{margin-bottom: 0px !important;}\u00bb][vc_empty_space height=\u00bb35px\u00bb][\/vc_column][\/vc_row][vc_row full_width=\u00bbstretch_row\u00bb][vc_column css=\u00bb.vc_custom_1723229133129{padding-top: 0px !important;}\u00bb][vc_empty_space height=\u00bb65px\u00bb el_class=\u00bbes-large\u00bb][\/vc_column][\/vc_row][vc_row][vc_column][vc_column_text css=\u00bb\u00bb]Si tienes preguntas sobre la salud de tu mascota reci\u00e9n adoptada, consulta a tu veterinario. El contrato de adopci\u00f3n contempla un intercambio dentro de las primeras dos semanas si tu mascota no est\u00e1 sana. Lee detenidamente el contrato de adopci\u00f3n en su totalidad.  <\/p>\n<h4>\u00bfQU\u00c9 ES UN RESFRIADO GATUNO?<\/h4>\n<p>La enfermedad respiratoria superior es una de las afecciones m\u00e1s comunes asociadas con gatos que han estado en un entorno de refugio. Observa a tu nueva mascota por si presenta letargo, falta de apetito y estornudos. <\/p>\n<h4>\u00bfC\u00d3MO SE TRANSMITE?<\/h4>\n<p>Aunque mantenemos a los gatos de diferentes procedencias en jaulas separadas, desinfectamos todas las jaulas diariamente, hacemos esfuerzos para no contaminar de forma cruzada y vacunamos a todos los gatos que ingresan, es imposible prevenir la propagaci\u00f3n de infecciones virales por v\u00edas a\u00e9reas. Por lo tanto, tu gato\/gatito adoptado podr\u00eda haber estado expuesto a un virus respiratorio de manera similar a como las personas se exponen en multitudes y los ni\u00f1os en las escuelas. Un per\u00edodo de incubaci\u00f3n es el tiempo desde la exposici\u00f3n hasta la aparici\u00f3n de signos cl\u00ednicos notables. Aunque hacemos un esfuerzo por identificar gatos\/gatitos en incubaci\u00f3n comprobando si tienen fiebre durante nuestros ex\u00e1menes de salud finales en el momento de la adopci\u00f3n, esto no siempre evita que animales en incubaci\u00f3n se vayan a casa.   <\/p>\n<h4>\u00bfQU\u00c9 PASA SI TENGO OTROS GATOS EN CASA?<\/h4>\n<p>Si tienes otros gatos en casa, te recomendamos que no permitas que est\u00e9n cerca o en la misma zona (idealmente debe mantenerse una distancia de metro y medio) que tu nueva mascota durante un per\u00edodo de 10 d\u00edas para prevenir la posible transmisi\u00f3n de virus respiratorios. Puedes servir como medio de transmisi\u00f3n del virus y debes lavarte las manos entre el manejo de gatos. Adem\u00e1s, tus gatos en casa pueden ser portadores de infecci\u00f3n viral sin mostrar signos cl\u00ednicos. Durante el tiempo de estr\u00e9s, estos gatos pueden liberar virus y\/o tener s\u00edntomas cl\u00ednicos y pueden servir como fuente de infecci\u00f3n para tu gato reci\u00e9n adoptado. Despu\u00e9s del per\u00edodo de 10 d\u00edas, debes comenzar el proceso de presentaci\u00f3n de mascotas seg\u00fan lo sugerido por un asesor de adopci\u00f3n de ARL.    <\/p>\n<h4>\u00bfCU\u00c1LES SON LOS SIGNOS?<\/h4>\n<p>Observa a tu nueva mascota por si presenta letargo, falta de apetito y estornudos. Si se produce tos marcada o si la secreci\u00f3n nasal es amarillenta o verdosa, esto puede indicar una infecci\u00f3n bacteriana en lugar de la enfermedad respiratoria superior viral no complicada m\u00e1s com\u00fan y tu mascota requerir\u00e1 antibi\u00f3ticos. <\/p>\n<h4>\u00bfC\u00d3MO SE TRATAN LOS RESFRIADOS GATUNAS?<\/h4>\n<p>La mayor\u00eda de las infecciones respiratorias superiores virales seguir\u00e1n su curso en unos 10 d\u00edas sin tratamiento antibi\u00f3tico, de manera similar a un resfriado o la gripe en humanos. Otros pueden necesitar antibi\u00f3ticos orales para prevenir infecciones bacterianas secundarias en los conductos nasales. La humidificaci\u00f3n (un vaporizador), un ambiente c\u00e1lido y una buena nutrici\u00f3n ayudar\u00e1n al sistema inmunol\u00f3gico del gato a combatir el virus. Quiz\u00e1s los factores m\u00e1s importantes sean mantener una ingesta adecuada de agua y alimentos. Puede que necesites fomentar la alimentaci\u00f3n ofreciendo comida enlatada (que tiene el beneficio a\u00f1adido de un alto contenido de agua) y calent\u00e1ndola para aumentar su olor y palatabilidad.[\/vc_column_text][\/vc_column][\/vc_row][vc_row full_width=\u00bbstretch_row\u00bb][vc_column css=\u00bb.vc_custom_1723229133129{padding-top: 0px !important;}\u00bb][vc_empty_space height=\u00bb95px\u00bb el_class=\u00bbes-large\u00bb][\/vc_column][\/vc_row]<\/p>\n<\/div>","protected":false},"excerpt":{"rendered":"<p>[vc_row full_width=\u00bbstretch_row\u00bb css=\u00bb.vc_custom_1753232367870{background: #652D89 url(https:\/\/arl-iowa.org\/wp-content\/uploads\/2025\/07\/Page-Sections_04-min.jpg?id=1200) !important;background-position: center !important;background-repeat: no-repeat !important;background-size: cover !important;}\u00bb][vc_column css=\u00bb.vc_custom_1760035016241{padding-top: 0px !important;}\u00bb][vc_empty_space height=\u00bb45px\u00bb][vc_custom_heading source=\u00bbpost_title\u00bb font_container=\u00bbtag:h1|text_align:left|line_height:1&#8243; use_theme_fonts=\u00bbyes\u00bb css=\u00bb.vc_custom_1757354360844{margin-bottom: 0px !important;}\u00bb][vc_empty_space height=\u00bb35px\u00bb][\/vc_column][\/vc_row][vc_row full_width=\u00bbstretch_row\u00bb][vc_column css=\u00bb.vc_custom_1723229133129{padding-top: 0px !important;}\u00bb][vc_empty_space height=\u00bb65px\u00bb el_class=\u00bbes-large\u00bb][\/vc_column][\/vc_row][vc_row][vc_column][vc_column_text css=\u00bb\u00bb]Si [&hellip;]<\/p>\n","protected":false},"author":4,"featured_media":0,"parent":99203,"menu_order":0,"comment_status":"open","ping_status":"open","template":"","meta":{"_acf_changed":false,"inline_featured_image":false,"ai_generated_summary":"","footnotes":""},"class_list":["post-98988","page","type-page","status-publish","hentry"],"yoast_head":"<!-- This site is optimized with the Yoast SEO plugin v28.4 - https:\/\/yoast.com\/product\/yoast-seo-wordpress\/ -->\n<title>Enfermedad respiratoria superior felina, resfriado gatuno | Animal Rescue League of Iowa<\/title>\n<meta name=\"description\" content=\"La enfermedad respiratoria superior es una de las afecciones m\u00e1s comunes asociadas con gatos que han estado en un entorno de refugio.\" \/>\n<meta name=\"robots\" content=\"index, follow, max-snippet:-1, max-image-preview:large, max-video-preview:-1\" \/>\n<link rel=\"canonical\" href=\"https:\/\/arl-iowa.org\/es\/enfermedad-respiratoria-superior-felina\/\" \/>\n<meta property=\"og:locale\" content=\"es_ES\" \/>\n<meta property=\"og:type\" content=\"article\" \/>\n<meta property=\"og:title\" content=\"Enfermedad respiratoria superior felina, resfriado gatuno | Animal Rescue League of Iowa\" \/>\n<meta property=\"og:description\" content=\"La enfermedad respiratoria superior es una de las afecciones m\u00e1s comunes asociadas con gatos que han estado en un entorno de refugio.\" \/>\n<meta property=\"og:url\" content=\"https:\/\/arl-iowa.org\/es\/enfermedad-respiratoria-superior-felina\/\" \/>\n<meta property=\"og:site_name\" content=\"ARL - Animal Rescue League of Iowa, Inc.\" \/>\n<meta property=\"article:publisher\" content=\"https:\/\/www.facebook.com\/ARLIowa\" \/>\n<meta property=\"article:modified_time\" content=\"2026-08-19T05:27:24+00:00\" \/>\n<meta property=\"og:image\" content=\"https:\/\/arl-iowa.org\/wp-content\/uploads\/2025\/10\/social-graphic-yoast-seo.jpg\" \/>\n\t<meta property=\"og:image:width\" content=\"1200\" \/>\n\t<meta property=\"og:image:height\" content=\"630\" \/>\n\t<meta property=\"og:image:type\" content=\"image\/jpeg\" \/>\n<meta name=\"twitter:card\" content=\"summary_large_image\" \/>\n<meta name=\"twitter:site\" content=\"@ARLIowa\" \/>\n<meta name=\"twitter:label1\" content=\"Tiempo de lectura\" \/>\n\t<meta name=\"twitter:data1\" content=\"4 minutos\" \/>\n<script type=\"application\/ld+json\" class=\"yoast-schema-graph\">{\"@context\":\"https:\\\/\\\/schema.org\",\"@graph\":[{\"@type\":\"WebPage\",\"@id\":\"https:\\\/\\\/arl-iowa.org\\\/es\\\/enfermedad-respiratoria-superior-felina\\\/\",\"url\":\"https:\\\/\\\/arl-iowa.org\\\/es\\\/enfermedad-respiratoria-superior-felina\\\/\",\"name\":\"Enfermedad respiratoria superior felina, resfriado gatuno | Animal Rescue League of Iowa\",\"isPartOf\":{\"@id\":\"https:\\\/\\\/arl-iowa.org\\\/es\\\/#website\"},\"datePublished\":\"2025-09-18T14:57:07+00:00\",\"dateModified\":\"2026-08-19T05:27:24+00:00\",\"description\":\"La enfermedad respiratoria superior es una de las afecciones m\u00e1s comunes asociadas con gatos que han estado en un entorno de refugio.\",\"breadcrumb\":{\"@id\":\"https:\\\/\\\/arl-iowa.org\\\/es\\\/enfermedad-respiratoria-superior-felina\\\/#breadcrumb\"},\"inLanguage\":\"es\",\"potentialAction\":[{\"@type\":\"ReadAction\",\"target\":[\"https:\\\/\\\/arl-iowa.org\\\/es\\\/enfermedad-respiratoria-superior-felina\\\/\"]}]},{\"@type\":\"BreadcrumbList\",\"@id\":\"https:\\\/\\\/arl-iowa.org\\\/es\\\/enfermedad-respiratoria-superior-felina\\\/#breadcrumb\",\"itemListElement\":[{\"@type\":\"ListItem\",\"position\":1,\"name\":\"Home\",\"item\":\"https:\\\/\\\/arl-iowa.org\\\/es\\\/\"},{\"@type\":\"ListItem\",\"position\":2,\"name\":\"Adopte\",\"item\":\"https:\\\/\\\/arl-iowa.org\\\/es\\\/adopte\\\/\"},{\"@type\":\"ListItem\",\"position\":3,\"name\":\"Informaci\u00f3n sobre adopciones\",\"item\":\"https:\\\/\\\/arl-iowa.org\\\/es\\\/adopte\\\/informacion-sobre-adopciones\\\/\"},{\"@type\":\"ListItem\",\"position\":4,\"name\":\"Cuidado de tu nueva mascota\",\"item\":\"https:\\\/\\\/arl-iowa.org\\\/es\\\/adopte\\\/informacion-sobre-adopciones\\\/cuidado-de-tu-nueva-mascota\\\/\"},{\"@type\":\"ListItem\",\"position\":5,\"name\":\"Enfermedad respiratoria superior felina\"}]},{\"@type\":\"WebSite\",\"@id\":\"https:\\\/\\\/arl-iowa.org\\\/es\\\/#website\",\"url\":\"https:\\\/\\\/arl-iowa.org\\\/es\\\/\",\"name\":\"ARL - Animal Rescue League of Iowa, Inc.\",\"description\":\"Iowa&#039;s largest nonprofit animal shelter, caring for many thousands of pets each year\",\"publisher\":{\"@id\":\"https:\\\/\\\/arl-iowa.org\\\/es\\\/#organization\"},\"potentialAction\":[{\"@type\":\"SearchAction\",\"target\":{\"@type\":\"EntryPoint\",\"urlTemplate\":\"https:\\\/\\\/arl-iowa.org\\\/es\\\/?s={search_term_string}\"},\"query-input\":{\"@type\":\"PropertyValueSpecification\",\"valueRequired\":true,\"valueName\":\"search_term_string\"}}],\"inLanguage\":\"es\"},{\"@type\":\"Organization\",\"@id\":\"https:\\\/\\\/arl-iowa.org\\\/es\\\/#organization\",\"name\":\"Animal Rescue League of Iowa, Inc.\",\"alternateName\":\"ARL Iowa\",\"url\":\"https:\\\/\\\/arl-iowa.org\\\/es\\\/\",\"logo\":{\"@type\":\"ImageObject\",\"inLanguage\":\"es\",\"@id\":\"https:\\\/\\\/arl-iowa.org\\\/es\\\/#\\\/schema\\\/logo\\\/image\\\/\",\"url\":\"https:\\\/\\\/arl-iowa.org\\\/wp-content\\\/uploads\\\/2025\\\/10\\\/ARL_LogoHoriz_Transparent.png\",\"contentUrl\":\"https:\\\/\\\/arl-iowa.org\\\/wp-content\\\/uploads\\\/2025\\\/10\\\/ARL_LogoHoriz_Transparent.png\",\"width\":900,\"height\":450,\"caption\":\"Animal Rescue League of Iowa, Inc.\"},\"image\":{\"@id\":\"https:\\\/\\\/arl-iowa.org\\\/es\\\/#\\\/schema\\\/logo\\\/image\\\/\"},\"sameAs\":[\"https:\\\/\\\/www.facebook.com\\\/ARLIowa\",\"https:\\\/\\\/x.com\\\/ARLIowa\",\"http:\\\/\\\/instagram.com\\\/ARLiowa\",\"https:\\\/\\\/www.youtube.com\\\/user\\\/arliowa\",\"https:\\\/\\\/www.tiktok.com\\\/@arliowa\"]}]}<\/script>\n<!-- \/ Yoast SEO plugin. -->","yoast_head_json":{"title":"Enfermedad respiratoria superior felina, resfriado gatuno | Animal Rescue League of Iowa","description":"La enfermedad respiratoria superior es una de las afecciones m\u00e1s comunes asociadas con gatos que han estado en un entorno de refugio.","robots":{"index":"index","follow":"follow","max-snippet":"max-snippet:-1","max-image-preview":"max-image-preview:large","max-video-preview":"max-video-preview:-1"},"canonical":"https:\/\/arl-iowa.org\/es\/enfermedad-respiratoria-superior-felina\/","og_locale":"es_ES","og_type":"article","og_title":"Enfermedad respiratoria superior felina, resfriado gatuno | Animal Rescue League of Iowa","og_description":"La enfermedad respiratoria superior es una de las afecciones m\u00e1s comunes asociadas con gatos que han estado en un entorno de refugio.","og_url":"https:\/\/arl-iowa.org\/es\/enfermedad-respiratoria-superior-felina\/","og_site_name":"ARL - Animal Rescue League of Iowa, Inc.","article_publisher":"https:\/\/www.facebook.com\/ARLIowa","article_modified_time":"2026-08-19T05:27:24+00:00","og_image":[{"width":1200,"height":630,"url":"https:\/\/arl-iowa.org\/wp-content\/uploads\/2025\/10\/social-graphic-yoast-seo.jpg","type":"image\/jpeg"}],"twitter_card":"summary_large_image","twitter_site":"@ARLIowa","twitter_misc":{"Tiempo de lectura":"4 minutos"},"schema":{"@context":"https:\/\/schema.org","@graph":[{"@type":"WebPage","@id":"https:\/\/arl-iowa.org\/es\/enfermedad-respiratoria-superior-felina\/","url":"https:\/\/arl-iowa.org\/es\/enfermedad-respiratoria-superior-felina\/","name":"Enfermedad respiratoria superior felina, resfriado gatuno | Animal Rescue League of Iowa","isPartOf":{"@id":"https:\/\/arl-iowa.org\/es\/#website"},"datePublished":"2025-09-18T14:57:07+00:00","dateModified":"2026-08-19T05:27:24+00:00","description":"La enfermedad respiratoria superior es una de las afecciones m\u00e1s comunes asociadas con gatos que han estado en un entorno de refugio.","breadcrumb":{"@id":"https:\/\/arl-iowa.org\/es\/enfermedad-respiratoria-superior-felina\/#breadcrumb"},"inLanguage":"es","potentialAction":[{"@type":"ReadAction","target":["https:\/\/arl-iowa.org\/es\/enfermedad-respiratoria-superior-felina\/"]}]},{"@type":"BreadcrumbList","@id":"https:\/\/arl-iowa.org\/es\/enfermedad-respiratoria-superior-felina\/#breadcrumb","itemListElement":[{"@type":"ListItem","position":1,"name":"Home","item":"https:\/\/arl-iowa.org\/es\/"},{"@type":"ListItem","position":2,"name":"Adopte","item":"https:\/\/arl-iowa.org\/es\/adopte\/"},{"@type":"ListItem","position":3,"name":"Informaci\u00f3n sobre adopciones","item":"https:\/\/arl-iowa.org\/es\/adopte\/informacion-sobre-adopciones\/"},{"@type":"ListItem","position":4,"name":"Cuidado de tu nueva mascota","item":"https:\/\/arl-iowa.org\/es\/adopte\/informacion-sobre-adopciones\/cuidado-de-tu-nueva-mascota\/"},{"@type":"ListItem","position":5,"name":"Enfermedad respiratoria superior felina"}]},{"@type":"WebSite","@id":"https:\/\/arl-iowa.org\/es\/#website","url":"https:\/\/arl-iowa.org\/es\/","name":"ARL - Animal Rescue League of Iowa, Inc.","description":"Iowa&#039;s largest nonprofit animal shelter, caring for many thousands of pets each year","publisher":{"@id":"https:\/\/arl-iowa.org\/es\/#organization"},"potentialAction":[{"@type":"SearchAction","target":{"@type":"EntryPoint","urlTemplate":"https:\/\/arl-iowa.org\/es\/?s={search_term_string}"},"query-input":{"@type":"PropertyValueSpecification","valueRequired":true,"valueName":"search_term_string"}}],"inLanguage":"es"},{"@type":"Organization","@id":"https:\/\/arl-iowa.org\/es\/#organization","name":"Animal Rescue League of Iowa, Inc.","alternateName":"ARL Iowa","url":"https:\/\/arl-iowa.org\/es\/","logo":{"@type":"ImageObject","inLanguage":"es","@id":"https:\/\/arl-iowa.org\/es\/#\/schema\/logo\/image\/","url":"https:\/\/arl-iowa.org\/wp-content\/uploads\/2025\/10\/ARL_LogoHoriz_Transparent.png","contentUrl":"https:\/\/arl-iowa.org\/wp-content\/uploads\/2025\/10\/ARL_LogoHoriz_Transparent.png","width":900,"height":450,"caption":"Animal Rescue League of Iowa, Inc."},"image":{"@id":"https:\/\/arl-iowa.org\/es\/#\/schema\/logo\/image\/"},"sameAs":["https:\/\/www.facebook.com\/ARLIowa","https:\/\/x.com\/ARLIowa","http:\/\/instagram.com\/ARLiowa","https:\/\/www.youtube.com\/user\/arliowa","https:\/\/www.tiktok.com\/@arliowa"]}]}},"acf":[],"_links":{"self":[{"href":"https:\/\/arl-iowa.org\/es\/wp-json\/wp\/v2\/pages\/98988","targetHints":{"allow":["GET"]}}],"collection":[{"href":"https:\/\/arl-iowa.org\/es\/wp-json\/wp\/v2\/pages"}],"about":[{"href":"https:\/\/arl-iowa.org\/es\/wp-json\/wp\/v2\/types\/page"}],"author":[{"embeddable":true,"href":"https:\/\/arl-iowa.org\/es\/wp-json\/wp\/v2\/users\/4"}],"replies":[{"embeddable":true,"href":"https:\/\/arl-iowa.org\/es\/wp-json\/wp\/v2\/comments?post=98988"}],"version-history":[{"count":2,"href":"https:\/\/arl-iowa.org\/es\/wp-json\/wp\/v2\/pages\/98988\/revisions"}],"predecessor-version":[{"id":98990,"href":"https:\/\/arl-iowa.org\/es\/wp-json\/wp\/v2\/pages\/98988\/revisions\/98990"}],"up":[{"embeddable":true,"href":"https:\/\/arl-iowa.org\/es\/wp-json\/wp\/v2\/pages\/99203"}],"wp:attachment":[{"href":"https:\/\/arl-iowa.org\/es\/wp-json\/wp\/v2\/media?parent=98988"}],"curies":[{"name":"wp","href":"https:\/\/api.w.org\/{rel}","templated":true}]}}