{"id":98879,"date":"2025-09-18T09:56:26","date_gmt":"2025-09-18T14:56:26","guid":{"rendered":"https:\/\/arl-iowa.org\/participe\/cumpleanos\/"},"modified":"2026-08-21T13:45:47","modified_gmt":"2026-08-21T18:45:47","slug":"cumpleanos","status":"publish","type":"page","link":"https:\/\/arl-iowa.org\/es\/participe\/cumpleanos\/","title":{"rendered":"Cumplea\u00f1os"},"content":{"rendered":"<div class=\"wpb-content-wrapper\"><p>[vc_row full_width=\u00bbstretch_row\u00bb css=\u00bb.vc_custom_1758635947178{background-color: #E8E1D4 !important;background-position: center !important;background-repeat: no-repeat !important;background-size: cover !important;}\u00bb][vc_column css=\u00bb.vc_custom_1758745516738{padding-top: 0px !important;}\u00bb][vc_custom_heading source=\u00bbpost_title\u00bb font_container=\u00bbtag:h1|text_align:left|color:%23652D89&#8243; use_theme_fonts=\u00bbyes\u00bb css=\u00bb.vc_custom_1758636006269{margin-top: 20px !important;margin-bottom: 20px !important;}\u00bb el_class=\u00bbsub-child\u00bb][\/vc_column][\/vc_row][vc_row full_width=\u00bbstretch_row\u00bb][vc_column css=\u00bb.vc_custom_1723229133129{padding-top: 0px !important;}\u00bb][vc_empty_space height=\u00bb65px\u00bb el_class=\u00bbes-large\u00bb][\/vc_column][\/vc_row][vc_row full_width=\u00bbstretch_row\u00bb][vc_column css=\u00bb.vc_custom_1723229133129{padding-top: 0px !important;}\u00bb][vc_custom_heading text=\u00bb\u00abTodos deber\u00edamos medir nuestra edad en a\u00f1os de perro: \u00a1hay muchos m\u00e1s cumplea\u00f1os!\u00bb\u00bb font_container=\u00bbtag:p|font_size:24px|text_align:left\u00bb use_theme_fonts=\u00bbyes\u00bb css=\u00bb.vc_custom_1760387098758{margin-bottom: 40px !important;}\u00bb el_class=\u00bbtxt-weight-700&#8243;][vc_column_text css=\u00bb\u00bb]\u00a1Los cumplea\u00f1os son para celebrarlos! La ARL tiene opciones de cumplea\u00f1os (y de celebraci\u00f3n del \u201cgotcha day\u201d) para ti Y tu perro. \u00bfLo mejor? Tu fiesta apoyar\u00e1 a las mascotas sin hogar de la ARL; \u00bfa que es genial?[\/vc_column_text][\/vc_column][\/vc_row][vc_row full_width=\u00bbstretch_row\u00bb gap=\u00bb30&#8243; equal_height=\u00bbyes\u00bb][vc_column width=\u00bb1\/3&#8243; css=\u00bb.vc_custom_1762403460282{padding-top: 0px !important;background-color: #FFFFFF !important;}\u00bb][vc_row_inner css=\u00bb.vc_custom_1760031726079{border-top-width: 20px !important;padding-right: 0.781vw !important;padding-left: 0.781vw !important;border-top-style: solid !important;border-color: #6D8D24 !important;}\u00bb el_class=\u00bbbox-shadow\u00bb][vc_column_inner el_class=\u00bbequal-height\u00bb css=\u00bb.vc_custom_1760031609597{padding-top: 0px !important;background-color: #FFFFFF !important;}\u00bb][vc_empty_space height=\u00bb35px\u00bb][vc_single_image image=\u00bb98884&#8243; img_size=\u00bb400&#215;231&#8243; onclick=\u00bbcustom_link\u00bb css=\u00bb.vc_custom_1787334338248{margin-bottom: 25px !important;}\u00bb link=\u00bbhttps:\/\/arl-iowa.org\/es\/cumpleanos-de-adultos\/\u00bb][vc_custom_heading text=\u00bbCumplea\u00f1os de adultos\u00bb font_container=\u00bbtag:h3|text_align:center\u00bb use_theme_fonts=\u00bbyes\u00bb css=\u00bb.vc_custom_1787334345955{margin-bottom: 15px !important;}\u00bb link=\u00bburl:https%3A%2F%2Farl-iowa.org%2Fes%2Fcumpleanos-de-adultos%2F\u00bb][vc_column_text css=\u00bb.vc_custom_1760387246993{margin-bottom: 25px !important;}\u00bb el_class=\u00bbequal-description\u00bb]<\/p>\n<p style=\"text-align: center;\">Eres adulto, lo que significa que hacerse mayor puede ser un rollo, \u00a1pero aun as\u00ed deber\u00edas pasarlo bien en tu cumplea\u00f1os! Invita a tus amigos y a sus perros (opci\u00f3n de parque canino) para celebrarlo contigo.<\/p>\n<p>[\/vc_column_text][\/vc_column_inner][vc_column_inner css=\u00bb.vc_custom_1760031594679{padding-top: 0px !important;}\u00bb][vc_btn title=\u00bbM\u00e1s informaci\u00f3n\u00bb style=\u00bbcustom\u00bb custom_background=\u00bb#777777&#8243; custom_text=\u00bb#ffffff\u00bb shape=\u00bbsquare\u00bb size=\u00bblg\u00bb align=\u00bbcenter\u00bb css=\u00bb.vc_custom_1787334353783{margin-bottom: 0px !important;}\u00bb link=\u00bburl:https%3A%2F%2Farl-iowa.org%2Fes%2Fcumpleanos-de-adultos%2F\u00bb][vc_empty_space height=\u00bb45px\u00bb][\/vc_column_inner][\/vc_row_inner][vc_empty_space height=\u00bb35px\u00bb][\/vc_column][vc_column width=\u00bb1\/3&#8243; css=\u00bb.vc_custom_1762403480665{padding-top: 0px !important;background-color: #FFFFFF !important;}\u00bb][vc_row_inner css=\u00bb.vc_custom_1760031729618{border-top-width: 20px !important;padding-right: 0.781vw !important;padding-left: 0.781vw !important;border-top-style: solid !important;border-color: #6D8D24 !important;}\u00bb el_class=\u00bbbox-shadow\u00bb][vc_column_inner el_class=\u00bbequal-height\u00bb css=\u00bb.vc_custom_1760031879635{padding-top: 0px !important;background-color: #FFFFFF !important;}\u00bb][vc_empty_space height=\u00bb35px\u00bb][vc_single_image image=\u00bb98883&#8243; img_size=\u00bb400&#215;231&#8243; onclick=\u00bbcustom_link\u00bb css=\u00bb.vc_custom_1787334388943{margin-bottom: 25px !important;}\u00bb link=\u00bbhttps:\/\/arl-iowa.org\/es\/cumpleanos-para-perros\/\u00bb][vc_custom_heading text=\u00bbCumplea\u00f1os de perros y Gotcha Days\u00bb font_container=\u00bbtag:h3|text_align:center\u00bb use_theme_fonts=\u00bbyes\u00bb css=\u00bb.vc_custom_1787334396696{margin-bottom: 15px !important;}\u00bb link=\u00bburl:https%3A%2F%2Farl-iowa.org%2Fes%2Fcumpleanos-para-perros%2F\u00bb][vc_column_text css=\u00bb.vc_custom_1760387252176{margin-bottom: 25px !important;}\u00bb el_class=\u00bbequal-description\u00bb]<\/p>\n<p style=\"text-align: center;\">Los perros son como de la familia, as\u00ed que celebra su cumplea\u00f1os o su \u201cgotcha day\u201d en la ARL. No hay cumplea\u00f1os sin amigos, as\u00ed que aseg\u00farate de invitar a todos sus amigos perrunos.<\/p>\n<p>[\/vc_column_text][\/vc_column_inner][vc_column_inner css=\u00bb.vc_custom_1760032008817{padding-top: 0px !important;}\u00bb][vc_btn title=\u00bbM\u00e1s informaci\u00f3n\u00bb style=\u00bbcustom\u00bb custom_background=\u00bb#777777&#8243; custom_text=\u00bb#ffffff\u00bb shape=\u00bbsquare\u00bb size=\u00bblg\u00bb align=\u00bbcenter\u00bb css=\u00bb.vc_custom_1787334404373{margin-bottom: 0px !important;}\u00bb link=\u00bburl:https%3A%2F%2Farl-iowa.org%2Fes%2Fcumpleanos-para-perros%2F\u00bb][vc_empty_space height=\u00bb45px\u00bb][\/vc_column_inner][\/vc_row_inner][vc_empty_space height=\u00bb35px\u00bb][\/vc_column][vc_column width=\u00bb1\/3&#8243; css=\u00bb.vc_custom_1762403502851{padding-top: 0px !important;background-color: #FFFFFF !important;}\u00bb][vc_row_inner css=\u00bb.vc_custom_1760031739774{border-top-width: 20px !important;padding-right: 0.781vw !important;padding-left: 0.781vw !important;border-top-style: solid !important;border-color: #6D8D24 !important;}\u00bb el_class=\u00bbbox-shadow\u00bb][vc_column_inner el_class=\u00bbequal-height\u00bb css=\u00bb.vc_custom_1760031890217{padding-top: 0px !important;background-color: #FFFFFF !important;}\u00bb][vc_empty_space height=\u00bb35px\u00bb][vc_single_image image=\u00bb98885&#8243; img_size=\u00bb400&#215;231&#8243; onclick=\u00bbcustom_link\u00bb css=\u00bb.vc_custom_1787337929757{margin-bottom: 25px !important;}\u00bb link=\u00bbhttps:\/\/arl-iowa.org\/es\/participe\/para-ninos-familias\/fiestas-de-cumpleanos\/\u00bb][vc_custom_heading text=\u00bbCumplea\u00f1os infantiles\u00bb font_container=\u00bbtag:h3|text_align:center\u00bb use_theme_fonts=\u00bbyes\u00bb css=\u00bb.vc_custom_1787337936324{margin-bottom: 15px !important;}\u00bb link=\u00bburl:https%3A%2F%2Farl-iowa.org%2Fes%2Fparticipe%2Fpara-ninos-familias%2Ffiestas-de-cumpleanos%2F\u00bb][vc_column_text css=\u00bb.vc_custom_1760387257778{margin-bottom: 25px !important;}\u00bb el_class=\u00bbequal-description\u00bb]<\/p>\n<p style=\"text-align: center;\">\u00a1Celebra el cumplea\u00f1os de tu hijo en la ARL con dos horas de diversi\u00f3n y aprendizaje rodeados de animales!<\/p>\n<p>[\/vc_column_text][\/vc_column_inner][vc_column_inner css=\u00bb.vc_custom_1760032005271{padding-top: 0px !important;}\u00bb][vc_btn title=\u00bbM\u00e1s informaci\u00f3n\u00bb style=\u00bbcustom\u00bb custom_background=\u00bb#777777&#8243; custom_text=\u00bb#ffffff\u00bb shape=\u00bbsquare\u00bb size=\u00bblg\u00bb align=\u00bbcenter\u00bb css=\u00bb.vc_custom_1787337943303{margin-bottom: 0px !important;}\u00bb link=\u00bburl:https%3A%2F%2Farl-iowa.org%2Fes%2Fparticipe%2Fpara-ninos-familias%2Ffiestas-de-cumpleanos%2F\u00bb][vc_empty_space height=\u00bb45px\u00bb][\/vc_column_inner][\/vc_row_inner][vc_empty_space height=\u00bb35px\u00bb][\/vc_column][\/vc_row][vc_row full_width=\u00bbstretch_row\u00bb][vc_column css=\u00bb.vc_custom_1723229133129{padding-top: 0px !important;}\u00bb][vc_empty_space height=\u00bb65px\u00bb el_class=\u00bbes-large\u00bb][\/vc_column][\/vc_row]<\/p>\n<\/div>","protected":false},"excerpt":{"rendered":"<p>[vc_row full_width=\u00bbstretch_row\u00bb css=\u00bb.vc_custom_1758635947178{background-color: #E8E1D4 !important;background-position: center !important;background-repeat: no-repeat !important;background-size: cover !important;}\u00bb][vc_column css=\u00bb.vc_custom_1758745516738{padding-top: 0px !important;}\u00bb][vc_custom_heading source=\u00bbpost_title\u00bb font_container=\u00bbtag:h1|text_align:left|color:%23652D89&#8243; use_theme_fonts=\u00bbyes\u00bb css=\u00bb.vc_custom_1758636006269{margin-top: 20px !important;margin-bottom: 20px !important;}\u00bb el_class=\u00bbsub-child\u00bb][\/vc_column][\/vc_row][vc_row full_width=\u00bbstretch_row\u00bb][vc_column css=\u00bb.vc_custom_1723229133129{padding-top: 0px !important;}\u00bb][vc_empty_space height=\u00bb65px\u00bb el_class=\u00bbes-large\u00bb][\/vc_column][\/vc_row][vc_row full_width=\u00bbstretch_row\u00bb][vc_column [&hellip;]<\/p>\n","protected":false},"author":4,"featured_media":98880,"parent":98030,"menu_order":0,"comment_status":"open","ping_status":"open","template":"","meta":{"_acf_changed":false,"inline_featured_image":false,"ai_generated_summary":"","footnotes":""},"class_list":["post-98879","page","type-page","status-publish","has-post-thumbnail","hentry"],"yoast_head":"<!-- This site is optimized with the Yoast SEO plugin v28.4 - https:\/\/yoast.com\/product\/yoast-seo-wordpress\/ -->\n<title>Cumplea\u00f1os | Animal Rescue League of Iowa<\/title>\n<meta name=\"description\" content=\"\u00a1Celebre su cumplea\u00f1os, el de su perro o su \u00abd\u00eda de adopci\u00f3n\u00bb en la ARL! Disponemos de varios paquetes para que sea el mejor d\u00eda de su vida.\" \/>\n<meta name=\"robots\" content=\"index, follow, max-snippet:-1, max-image-preview:large, max-video-preview:-1\" \/>\n<link rel=\"canonical\" href=\"https:\/\/arl-iowa.org\/es\/participe\/cumpleanos\/\" \/>\n<meta property=\"og:locale\" content=\"es_ES\" \/>\n<meta property=\"og:type\" content=\"article\" \/>\n<meta property=\"og:title\" content=\"Cumplea\u00f1os | Animal Rescue League of Iowa\" \/>\n<meta property=\"og:description\" content=\"\u00a1Celebre su cumplea\u00f1os, el de su perro o su \u00abd\u00eda de adopci\u00f3n\u00bb en la ARL! Disponemos de varios paquetes para que sea el mejor d\u00eda de su vida.\" \/>\n<meta property=\"og:url\" content=\"https:\/\/arl-iowa.org\/es\/participe\/cumpleanos\/\" \/>\n<meta property=\"og:site_name\" content=\"ARL - Animal Rescue League of Iowa, Inc.\" \/>\n<meta property=\"article:publisher\" content=\"https:\/\/www.facebook.com\/ARLIowa\" \/>\n<meta property=\"article:modified_time\" content=\"2026-08-21T18:45:47+00:00\" \/>\n<meta property=\"og:image\" content=\"https:\/\/arl-iowa.org\/wp-content\/uploads\/2025\/09\/adultbirthday_thumb.jpg\" \/>\n\t<meta property=\"og:image:width\" content=\"600\" \/>\n\t<meta property=\"og:image:height\" content=\"320\" \/>\n\t<meta property=\"og:image:type\" content=\"image\/jpeg\" \/>\n<meta name=\"twitter:card\" content=\"summary_large_image\" \/>\n<meta name=\"twitter:site\" content=\"@ARLIowa\" \/>\n<meta name=\"twitter:label1\" content=\"Tiempo de lectura\" \/>\n\t<meta name=\"twitter:data1\" content=\"2 minutos\" \/>\n<script type=\"application\/ld+json\" class=\"yoast-schema-graph\">{\"@context\":\"https:\\\/\\\/schema.org\",\"@graph\":[{\"@type\":\"WebPage\",\"@id\":\"https:\\\/\\\/arl-iowa.org\\\/es\\\/participe\\\/cumpleanos\\\/\",\"url\":\"https:\\\/\\\/arl-iowa.org\\\/es\\\/participe\\\/cumpleanos\\\/\",\"name\":\"Cumplea\u00f1os | Animal Rescue League of Iowa\",\"isPartOf\":{\"@id\":\"https:\\\/\\\/arl-iowa.org\\\/es\\\/#website\"},\"primaryImageOfPage\":{\"@id\":\"https:\\\/\\\/arl-iowa.org\\\/es\\\/participe\\\/cumpleanos\\\/#primaryimage\"},\"image\":{\"@id\":\"https:\\\/\\\/arl-iowa.org\\\/es\\\/participe\\\/cumpleanos\\\/#primaryimage\"},\"thumbnailUrl\":\"https:\\\/\\\/arl-iowa.org\\\/wp-content\\\/uploads\\\/2025\\\/09\\\/adultbirthday_thumb.jpg\",\"datePublished\":\"2025-09-18T14:56:26+00:00\",\"dateModified\":\"2026-08-21T18:45:47+00:00\",\"description\":\"\u00a1Celebre su cumplea\u00f1os, el de su perro o su \u00abd\u00eda de adopci\u00f3n\u00bb en la ARL! Disponemos de varios paquetes para que sea el mejor d\u00eda de su vida.\",\"breadcrumb\":{\"@id\":\"https:\\\/\\\/arl-iowa.org\\\/es\\\/participe\\\/cumpleanos\\\/#breadcrumb\"},\"inLanguage\":\"es\",\"potentialAction\":[{\"@type\":\"ReadAction\",\"target\":[\"https:\\\/\\\/arl-iowa.org\\\/es\\\/participe\\\/cumpleanos\\\/\"]}]},{\"@type\":\"ImageObject\",\"inLanguage\":\"es\",\"@id\":\"https:\\\/\\\/arl-iowa.org\\\/es\\\/participe\\\/cumpleanos\\\/#primaryimage\",\"url\":\"https:\\\/\\\/arl-iowa.org\\\/wp-content\\\/uploads\\\/2025\\\/09\\\/adultbirthday_thumb.jpg\",\"contentUrl\":\"https:\\\/\\\/arl-iowa.org\\\/wp-content\\\/uploads\\\/2025\\\/09\\\/adultbirthday_thumb.jpg\",\"width\":600,\"height\":320},{\"@type\":\"BreadcrumbList\",\"@id\":\"https:\\\/\\\/arl-iowa.org\\\/es\\\/participe\\\/cumpleanos\\\/#breadcrumb\",\"itemListElement\":[{\"@type\":\"ListItem\",\"position\":1,\"name\":\"Home\",\"item\":\"https:\\\/\\\/arl-iowa.org\\\/es\\\/\"},{\"@type\":\"ListItem\",\"position\":2,\"name\":\"Participe\",\"item\":\"https:\\\/\\\/arl-iowa.org\\\/es\\\/participe\\\/\"},{\"@type\":\"ListItem\",\"position\":3,\"name\":\"Cumplea\u00f1os\"}]},{\"@type\":\"WebSite\",\"@id\":\"https:\\\/\\\/arl-iowa.org\\\/es\\\/#website\",\"url\":\"https:\\\/\\\/arl-iowa.org\\\/es\\\/\",\"name\":\"ARL - Animal Rescue League of Iowa, Inc.\",\"description\":\"Iowa&#039;s largest nonprofit animal shelter, caring for many thousands of pets each year\",\"publisher\":{\"@id\":\"https:\\\/\\\/arl-iowa.org\\\/es\\\/#organization\"},\"potentialAction\":[{\"@type\":\"SearchAction\",\"target\":{\"@type\":\"EntryPoint\",\"urlTemplate\":\"https:\\\/\\\/arl-iowa.org\\\/es\\\/?s={search_term_string}\"},\"query-input\":{\"@type\":\"PropertyValueSpecification\",\"valueRequired\":true,\"valueName\":\"search_term_string\"}}],\"inLanguage\":\"es\"},{\"@type\":\"Organization\",\"@id\":\"https:\\\/\\\/arl-iowa.org\\\/es\\\/#organization\",\"name\":\"Animal Rescue League of Iowa, Inc.\",\"alternateName\":\"ARL Iowa\",\"url\":\"https:\\\/\\\/arl-iowa.org\\\/es\\\/\",\"logo\":{\"@type\":\"ImageObject\",\"inLanguage\":\"es\",\"@id\":\"https:\\\/\\\/arl-iowa.org\\\/es\\\/#\\\/schema\\\/logo\\\/image\\\/\",\"url\":\"https:\\\/\\\/arl-iowa.org\\\/wp-content\\\/uploads\\\/2025\\\/10\\\/ARL_LogoHoriz_Transparent.png\",\"contentUrl\":\"https:\\\/\\\/arl-iowa.org\\\/wp-content\\\/uploads\\\/2025\\\/10\\\/ARL_LogoHoriz_Transparent.png\",\"width\":900,\"height\":450,\"caption\":\"Animal Rescue League of Iowa, Inc.\"},\"image\":{\"@id\":\"https:\\\/\\\/arl-iowa.org\\\/es\\\/#\\\/schema\\\/logo\\\/image\\\/\"},\"sameAs\":[\"https:\\\/\\\/www.facebook.com\\\/ARLIowa\",\"https:\\\/\\\/x.com\\\/ARLIowa\",\"http:\\\/\\\/instagram.com\\\/ARLiowa\",\"https:\\\/\\\/www.youtube.com\\\/user\\\/arliowa\",\"https:\\\/\\\/www.tiktok.com\\\/@arliowa\"]}]}<\/script>\n<!-- \/ Yoast SEO plugin. -->","yoast_head_json":{"title":"Cumplea\u00f1os | Animal Rescue League of Iowa","description":"\u00a1Celebre su cumplea\u00f1os, el de su perro o su \u00abd\u00eda de adopci\u00f3n\u00bb en la ARL! Disponemos de varios paquetes para que sea el mejor d\u00eda de su vida.","robots":{"index":"index","follow":"follow","max-snippet":"max-snippet:-1","max-image-preview":"max-image-preview:large","max-video-preview":"max-video-preview:-1"},"canonical":"https:\/\/arl-iowa.org\/es\/participe\/cumpleanos\/","og_locale":"es_ES","og_type":"article","og_title":"Cumplea\u00f1os | Animal Rescue League of Iowa","og_description":"\u00a1Celebre su cumplea\u00f1os, el de su perro o su \u00abd\u00eda de adopci\u00f3n\u00bb en la ARL! Disponemos de varios paquetes para que sea el mejor d\u00eda de su vida.","og_url":"https:\/\/arl-iowa.org\/es\/participe\/cumpleanos\/","og_site_name":"ARL - Animal Rescue League of Iowa, Inc.","article_publisher":"https:\/\/www.facebook.com\/ARLIowa","article_modified_time":"2026-08-21T18:45:47+00:00","og_image":[{"width":600,"height":320,"url":"https:\/\/arl-iowa.org\/wp-content\/uploads\/2025\/09\/adultbirthday_thumb.jpg","type":"image\/jpeg"}],"twitter_card":"summary_large_image","twitter_site":"@ARLIowa","twitter_misc":{"Tiempo de lectura":"2 minutos"},"schema":{"@context":"https:\/\/schema.org","@graph":[{"@type":"WebPage","@id":"https:\/\/arl-iowa.org\/es\/participe\/cumpleanos\/","url":"https:\/\/arl-iowa.org\/es\/participe\/cumpleanos\/","name":"Cumplea\u00f1os | Animal Rescue League of Iowa","isPartOf":{"@id":"https:\/\/arl-iowa.org\/es\/#website"},"primaryImageOfPage":{"@id":"https:\/\/arl-iowa.org\/es\/participe\/cumpleanos\/#primaryimage"},"image":{"@id":"https:\/\/arl-iowa.org\/es\/participe\/cumpleanos\/#primaryimage"},"thumbnailUrl":"https:\/\/arl-iowa.org\/wp-content\/uploads\/2025\/09\/adultbirthday_thumb.jpg","datePublished":"2025-09-18T14:56:26+00:00","dateModified":"2026-08-21T18:45:47+00:00","description":"\u00a1Celebre su cumplea\u00f1os, el de su perro o su \u00abd\u00eda de adopci\u00f3n\u00bb en la ARL! Disponemos de varios paquetes para que sea el mejor d\u00eda de su vida.","breadcrumb":{"@id":"https:\/\/arl-iowa.org\/es\/participe\/cumpleanos\/#breadcrumb"},"inLanguage":"es","potentialAction":[{"@type":"ReadAction","target":["https:\/\/arl-iowa.org\/es\/participe\/cumpleanos\/"]}]},{"@type":"ImageObject","inLanguage":"es","@id":"https:\/\/arl-iowa.org\/es\/participe\/cumpleanos\/#primaryimage","url":"https:\/\/arl-iowa.org\/wp-content\/uploads\/2025\/09\/adultbirthday_thumb.jpg","contentUrl":"https:\/\/arl-iowa.org\/wp-content\/uploads\/2025\/09\/adultbirthday_thumb.jpg","width":600,"height":320},{"@type":"BreadcrumbList","@id":"https:\/\/arl-iowa.org\/es\/participe\/cumpleanos\/#breadcrumb","itemListElement":[{"@type":"ListItem","position":1,"name":"Home","item":"https:\/\/arl-iowa.org\/es\/"},{"@type":"ListItem","position":2,"name":"Participe","item":"https:\/\/arl-iowa.org\/es\/participe\/"},{"@type":"ListItem","position":3,"name":"Cumplea\u00f1os"}]},{"@type":"WebSite","@id":"https:\/\/arl-iowa.org\/es\/#website","url":"https:\/\/arl-iowa.org\/es\/","name":"ARL - Animal Rescue League of Iowa, Inc.","description":"Iowa&#039;s largest nonprofit animal shelter, caring for many thousands of pets each year","publisher":{"@id":"https:\/\/arl-iowa.org\/es\/#organization"},"potentialAction":[{"@type":"SearchAction","target":{"@type":"EntryPoint","urlTemplate":"https:\/\/arl-iowa.org\/es\/?s={search_term_string}"},"query-input":{"@type":"PropertyValueSpecification","valueRequired":true,"valueName":"search_term_string"}}],"inLanguage":"es"},{"@type":"Organization","@id":"https:\/\/arl-iowa.org\/es\/#organization","name":"Animal Rescue League of Iowa, Inc.","alternateName":"ARL Iowa","url":"https:\/\/arl-iowa.org\/es\/","logo":{"@type":"ImageObject","inLanguage":"es","@id":"https:\/\/arl-iowa.org\/es\/#\/schema\/logo\/image\/","url":"https:\/\/arl-iowa.org\/wp-content\/uploads\/2025\/10\/ARL_LogoHoriz_Transparent.png","contentUrl":"https:\/\/arl-iowa.org\/wp-content\/uploads\/2025\/10\/ARL_LogoHoriz_Transparent.png","width":900,"height":450,"caption":"Animal Rescue League of Iowa, Inc."},"image":{"@id":"https:\/\/arl-iowa.org\/es\/#\/schema\/logo\/image\/"},"sameAs":["https:\/\/www.facebook.com\/ARLIowa","https:\/\/x.com\/ARLIowa","http:\/\/instagram.com\/ARLiowa","https:\/\/www.youtube.com\/user\/arliowa","https:\/\/www.tiktok.com\/@arliowa"]}]}},"acf":[],"_links":{"self":[{"href":"https:\/\/arl-iowa.org\/es\/wp-json\/wp\/v2\/pages\/98879","targetHints":{"allow":["GET"]}}],"collection":[{"href":"https:\/\/arl-iowa.org\/es\/wp-json\/wp\/v2\/pages"}],"about":[{"href":"https:\/\/arl-iowa.org\/es\/wp-json\/wp\/v2\/types\/page"}],"author":[{"embeddable":true,"href":"https:\/\/arl-iowa.org\/es\/wp-json\/wp\/v2\/users\/4"}],"replies":[{"embeddable":true,"href":"https:\/\/arl-iowa.org\/es\/wp-json\/wp\/v2\/comments?post=98879"}],"version-history":[{"count":7,"href":"https:\/\/arl-iowa.org\/es\/wp-json\/wp\/v2\/pages\/98879\/revisions"}],"predecessor-version":[{"id":100281,"href":"https:\/\/arl-iowa.org\/es\/wp-json\/wp\/v2\/pages\/98879\/revisions\/100281"}],"up":[{"embeddable":true,"href":"https:\/\/arl-iowa.org\/es\/wp-json\/wp\/v2\/pages\/98030"}],"wp:featuredmedia":[{"embeddable":true,"href":"https:\/\/arl-iowa.org\/es\/wp-json\/wp\/v2\/media\/98880"}],"wp:attachment":[{"href":"https:\/\/arl-iowa.org\/es\/wp-json\/wp\/v2\/media?parent=98879"}],"curies":[{"name":"wp","href":"https:\/\/api.w.org\/{rel}","templated":true}]}}