{"id":98668,"date":"2025-09-18T09:57:30","date_gmt":"2025-09-18T14:57:30","guid":{"rendered":"https:\/\/arl-iowa.org\/degus\/"},"modified":"2026-08-19T00:30:26","modified_gmt":"2026-08-19T05:30:26","slug":"degus","status":"publish","type":"page","link":"https:\/\/arl-iowa.org\/es\/degus\/","title":{"rendered":"Deg\u00fas"},"content":{"rendered":"<div class=\"wpb-content-wrapper\"><p>[vc_row full_width=\u00bbstretch_row\u00bb css=\u00bb.vc_custom_1758635947178{background-color: #E8E1D4 !important;background-position: center !important;background-repeat: no-repeat !important;background-size: cover !important;}\u00bb][vc_column css=\u00bb.vc_custom_1758745516738{padding-top: 0px !important;}\u00bb][vc_custom_heading source=\u00bbpost_title\u00bb font_container=\u00bbtag:h1|text_align:left|color:%23652D89&#8243; use_theme_fonts=\u00bbyes\u00bb css=\u00bb.vc_custom_1758636006269{margin-top: 20px !important;margin-bottom: 20px !important;}\u00bb el_class=\u00bbsub-child\u00bb][\/vc_column][\/vc_row][vc_row gap=\u00bb35&#8243; content_placement=\u00bbmiddle\u00bb][vc_column width=\u00bb2\/3&#8243;][vc_column_text css=\u00bb\u00bb]<\/p>\n<p>La Liga de Rescate Animal adopta deg\u00fas para que sean mascotas familiares. Bajo ninguna circunstancia deben usarse los deg\u00fas como alimento para otros animales; para experimentaci\u00f3n o trabajo de laboratorio; o para cualquier otro uso que no sea el de mascota familiar. La ARL aplica estrictamente esta pol\u00edtica seg\u00fan los t\u00e9rminos del contrato de adopci\u00f3n.<\/p>\n<p>[\/vc_column_text][vc_custom_heading text=\u00bbSobre los deg\u00fas\u00bb use_theme_fonts=\u00bbyes\u00bb css=\u00bb\u00bb][vc_column_text css=\u00bb\u00bb]<\/p>\n<p>El deg\u00fa es nativo del centro y norte de Chile, donde viven en grandes grupos. En la naturaleza, habitan en elaboradas madrigueras entre las rocas y la maleza de las laderas andinas occidentales. Las hembras cr\u00edan a sus cr\u00edas en un grupo comunitario y, para estar sanos y felices, los deg\u00fas deben mantenerse como mascotas en parejas o grupos. Como mascotas, suelen vivir entre 5 y 8 a\u00f1os.   <\/p>\n<p>Los deg\u00fas prefieren temperaturas por debajo de los 21 \u00b0C y requieren aire acondicionado en verano. Si se mantienen en una habitaci\u00f3n por encima de los 22-23 \u00b0C, pueden sufrir un golpe de calor y morir. <\/p>\n<p>Tu deg\u00fa necesita ba\u00f1os de polvo semanales para mantener su pelaje en buen estado. Los deg\u00fas usan polvo de ba\u00f1o para chinchillas para limpiar su pelaje. Tu deg\u00fa debe tomar ba\u00f1os de polvo al menos dos veces por semana.<\/p>\n<p>[\/vc_column_text][\/vc_column][vc_column width=\u00bb1\/3&#8243;][vc_single_image image=\u00bb98669&#8243; img_size=\u00bbfull\u00bb alignment=\u00bbcenter\u00bb css=\u00bb\u00bb][\/vc_column][\/vc_row][vc_row][vc_column][vc_separator border_width=\u00bb3&#8243; css=\u00bb\u00bb][\/vc_column][\/vc_row][vc_row gap=\u00bb35&#8243;][vc_column width=\u00bb1\/2&#8243;][vc_custom_heading text=\u00bbPersonalidad\u00bb use_theme_fonts=\u00bbyes\u00bb css=\u00bb\u00bb][vc_column_text css=\u00bb\u00bb]<\/p>\n<p>Los deg\u00fas pueden volverse muy mansos si se les manipula regularmente y desde una edad temprana. Son criaturas juguetonas y curiosas y, como la mayor\u00eda de los roedores, les encanta masticar todo. Prosperan con la interacci\u00f3n social y la actividad. Sin interacci\u00f3n social regular y oportunidades para hacer ejercicio, pueden volverse agresivos y neur\u00f3ticos. Un deg\u00fa pasa sus d\u00edas cavando t\u00faneles y madrigueras, por lo que necesitar\u00e1 un recinto grande con suficiente lecho que permita esta actividad.    <\/p>\n<p>Aunque los deg\u00fas son criaturas relativamente silenciosas, a veces silban o emiten suaves sonidos gorjeantes cuando se acicalan mutuamente.<\/p>\n<p>[\/vc_column_text][vc_custom_heading text=\u00bbNecesidades m\u00e9dicas\u00bb use_theme_fonts=\u00bbyes\u00bb css=\u00bb\u00bb][vc_column_text css=\u00bb\u00bb]<\/p>\n<p>Los deg\u00fas deben tener los dientes de color amarillo-naranja. Si tu deg\u00fa es joven, es posible que a\u00fan no tenga esta coloraci\u00f3n dental, pero un deg\u00fa adulto (de m\u00e1s de 8 meses) s\u00ed deber\u00eda tenerla. Si los dientes son blancos o de un amarillo muy claro despu\u00e9s de que el deg\u00fa cumpla 8 meses, es posible que le falte calcio. Un masticable de Tums con sabor o parte de un hueso de sepia (que se vende en la secci\u00f3n de aves de las tiendas de mascotas) puede ayudar a remediar este problema.   <\/p>\n<p>Los deg\u00fas son generalmente animales sanos, pero pueden enfermar. Los signos de enfermedad incluyen diarrea, heces blandas, estre\u00f1imiento, convulsiones, debilidad, ojos llorosos, un cambio en los h\u00e1bitos alimenticios, un cambio en la personalidad, babeo, pataleo en la boca o inclinar la cabeza hacia un lado constantemente. <\/p>\n<p>Dado que los deg\u00fas no pueden metabolizar el az\u00facar, la diabetes es una preocupaci\u00f3n. Sin embargo, esto se puede prevenir ofreci\u00e9ndoles alimentos espec\u00edficos para deg\u00fas y no d\u00e1ndoles alimentos ricos en az\u00facar. Si tu deg\u00fa de repente bebe mucha agua, contacta a tu veterinario.  <\/p>\n<p>Los deg\u00fas con sobrepeso tienen un mayor riesgo de desarrollar problemas hep\u00e1ticos. Las hembras, en particular, tienen un mayor riesgo cuando alcanzan la edad reproductiva. Evita alimentar a tu deg\u00fa con alimentos grasos como semillas de girasol y frutos secos.  <\/p>\n<p>Los deg\u00fas tambi\u00e9n son susceptibles a los \u00e1caros del o\u00eddo. Si notas picaz\u00f3n excesiva o que se rasca las orejas, contacta a tu veterinario. <\/p>\n<p>Las cataratas son un problema gen\u00e9tico al que los deg\u00fas son susceptibles a cualquier edad. Contacta a tu veterinario si notas alguna secreci\u00f3n ocular o turbidez.<\/p>\n<p>[\/vc_column_text][vc_custom_heading text=\u00bbDieta\u00bb use_theme_fonts=\u00bbyes\u00bb css=\u00bb\u00bb][vc_column_text css=\u00bb\u00bb]<\/p>\n<p>Los deg\u00fas deben ser alimentados con una dieta de pellets especialmente formulada para deg\u00fas o una mezcla de 50 % de pellets para cobayas y 50 % de pellets para chinchillas. Siempre debe haber heno de hierba disponible. Los deg\u00fas tienden a enterrar su comida.  <\/p>\n<p>La dieta de un deg\u00fa debe ser baja en az\u00facares, carbohidratos y grasas. Los deg\u00fas no pueden metabolizar el az\u00facar, as\u00ed que ten especial cuidado de evitar golosinas con az\u00facar, incluyendo frutas frescas o secas. Las mezclas para roedores que consisten en ma\u00edz, cereales, semillas de girasol, pasas o frutas secas no deben administrarse a los deg\u00fas.  <\/p>\n<p>Debe haber agua limpia y fresca disponible en todo momento. Usa una botella invertida con un tubo para beber que se pueda acoplar a la jaula. Cambia el agua diariamente.<\/p>\n<p>[\/vc_column_text][\/vc_column][vc_column width=\u00bb1\/2&#8243;][vc_custom_heading text=\u00bbAlojamiento\u00bb use_theme_fonts=\u00bbyes\u00bb css=\u00bb\u00bb][vc_column_text css=\u00bb\u00bb]<\/p>\n<p>Los deg\u00fas requieren una gran cantidad de espacio y deben mantenerse en una jaula grande de varios niveles similar a las hechas para hurones o chinchillas. La jaula debe tener un suelo s\u00f3lido. Proporciona una cantidad suficiente de lecho que permita cavar y almacenar alimentos. Una rueda de ejercicio s\u00f3lida (sin barrotes), tubos o tuber\u00edas de PVC para t\u00faneles son elementos importantes para la jaula para satisfacer las actividades naturales y las necesidades de ejercicio de los deg\u00fas.   <\/p>\n<p>El lecho debe consistir en lecho de papel reciclado, as\u00ed como heno. Tu deg\u00fa comer\u00e1 parte del heno y usar\u00e1 parte para construir un nido. Aseg\u00farate de evitar las virutas de cedro y pino, ya que estas maderas son da\u00f1inas para los deg\u00fas. Tambi\u00e9n querr\u00e1s incluir una caja nido de techo plano o un igl\u00fa. Esto les da a los deg\u00fas una sensaci\u00f3n de seguridad y, dado que les gusta trepar, la caja tambi\u00e9n les proporciona otro lugar para subir y sentarse. Las ramas limpias y sin tratar de \u00e1rboles frutales colocadas en la jaula tambi\u00e9n pueden crear oportunidades para trepar y entretenerse.     <\/p>\n<p>Los deg\u00fas son masticadores decididos y necesitan muchas oportunidades para masticar. Los bloques de madera sin tratar y sin pintar o los masticables de madera producidos comercialmente para conejos funcionan bien para los deg\u00fas. <\/p>\n<p>Al igual que las chinchillas, los deg\u00fas necesitan ba\u00f1os de polvo regulares. Proporciona un cuenco poco profundo con polvo para chinchillas un par de veces a la semana. Normalmente solo lo necesitar\u00e1n durante 20-30 minutos y luego podr\u00e1s retirarlo.  <\/p>\n<p>Mant\u00e9n la jaula alejada de la luz solar directa, corrientes de aire y otras mascotas como perros y gatos.<\/p>\n<p>[\/vc_column_text][vc_custom_heading text=\u00bbC\u00f3mo manipular a tu deg\u00fa\u00bb use_theme_fonts=\u00bbyes\u00bb css=\u00bb\u00bb][vc_column_text css=\u00bb\u00bb]<\/p>\n<p>Empieza alimentando al deg\u00fa a mano con peque\u00f1as golosinas. Cuando parezcan c\u00f3modos tomando golosinas, rec\u00f3gelos con ambas manos, asegur\u00e1ndote de apoyar su parte inferior. Manip\u00falalos regularmente para desarrollar su confianza. Una vez que est\u00e9n a gusto, pueden aprender a subirse a tu mano cuando la metes en la jaula. Los deg\u00fas se mueven muy r\u00e1pido, as\u00ed que cuando los lleves o los sujetes, ten cuidado de mantenerlos seguros. Nunca intentes atrapar a un deg\u00fa agarr\u00e1ndolo por la cola. Como defensa natural contra los depredadores, la cola se desprende f\u00e1cilmente pero no vuelve a crecer.      <\/p>\n<p>Para el tiempo fuera de la jaula, una bola de ejercicio grande puede ser ideal para quemar energ\u00eda.<\/p>\n<p>[\/vc_column_text][vc_custom_heading text=\u00bbTiempo de juego y ejercicio\u00bb use_theme_fonts=\u00bbyes\u00bb css=\u00bb\u00bb][vc_column_text css=\u00bb\u00bb]<\/p>\n<p>Las parejas o grupos deben ser del mismo sexo. No se recomienda mantener machos y hembras juntos, ya que los deg\u00fas son reproductores prol\u00edficos y la reproducci\u00f3n acorta la vida de las hembras.<\/p>\n<p>[\/vc_column_text][\/vc_column][\/vc_row]<\/p>\n<\/div>","protected":false},"excerpt":{"rendered":"<p>[vc_row full_width=\u00bbstretch_row\u00bb css=\u00bb.vc_custom_1758635947178{background-color: #E8E1D4 !important;background-position: center !important;background-repeat: no-repeat !important;background-size: cover !important;}\u00bb][vc_column css=\u00bb.vc_custom_1758745516738{padding-top: 0px !important;}\u00bb][vc_custom_heading source=\u00bbpost_title\u00bb font_container=\u00bbtag:h1|text_align:left|color:%23652D89&#8243; use_theme_fonts=\u00bbyes\u00bb css=\u00bb.vc_custom_1758636006269{margin-top: 20px !important;margin-bottom: 20px !important;}\u00bb el_class=\u00bbsub-child\u00bb][\/vc_column][\/vc_row][vc_row gap=\u00bb35&#8243; content_placement=\u00bbmiddle\u00bb][vc_column width=\u00bb2\/3&#8243;][vc_column_text css=\u00bb\u00bb] La Liga de [&hellip;]<\/p>\n","protected":false},"author":4,"featured_media":98669,"parent":99386,"menu_order":0,"comment_status":"open","ping_status":"open","template":"","meta":{"_acf_changed":false,"inline_featured_image":false,"ai_generated_summary":"","footnotes":""},"class_list":["post-98668","page","type-page","status-publish","has-post-thumbnail","hentry"],"yoast_head":"<!-- This site is optimized with the Yoast SEO plugin v28.4 - https:\/\/yoast.com\/product\/yoast-seo-wordpress\/ -->\n<title>Deg\u00fas | Liga de Rescate Animal de Iowa<\/title>\n<meta name=\"description\" content=\"Los deg\u00fas son nativos de Chile, viven en grupos, necesitan ba\u00f1os de polvo, son juguetones y requieren una dieta baja en az\u00facar. Se adoptan como mascotas familiares.\" \/>\n<meta name=\"robots\" content=\"index, follow, max-snippet:-1, max-image-preview:large, max-video-preview:-1\" \/>\n<link rel=\"canonical\" href=\"https:\/\/arl-iowa.org\/es\/degus\/\" \/>\n<meta property=\"og:locale\" content=\"es_ES\" \/>\n<meta property=\"og:type\" content=\"article\" \/>\n<meta property=\"og:title\" content=\"Deg\u00fas | Liga de Rescate Animal de Iowa\" \/>\n<meta property=\"og:description\" content=\"Los deg\u00fas son nativos de Chile, viven en grupos, necesitan ba\u00f1os de polvo, son juguetones y requieren una dieta baja en az\u00facar. Se adoptan como mascotas familiares.\" \/>\n<meta property=\"og:url\" content=\"https:\/\/arl-iowa.org\/es\/degus\/\" \/>\n<meta property=\"og:site_name\" content=\"ARL - Animal Rescue League of Iowa, Inc.\" \/>\n<meta property=\"article:publisher\" content=\"https:\/\/www.facebook.com\/ARLIowa\" \/>\n<meta property=\"article:modified_time\" content=\"2026-08-19T05:30:26+00:00\" \/>\n<meta property=\"og:image\" content=\"https:\/\/arl-iowa.org\/wp-content\/uploads\/2025\/09\/degus.jpg\" \/>\n\t<meta property=\"og:image:width\" content=\"400\" \/>\n\t<meta property=\"og:image:height\" content=\"231\" \/>\n\t<meta property=\"og:image:type\" content=\"image\/jpeg\" \/>\n<meta name=\"twitter:card\" content=\"summary_large_image\" \/>\n<meta name=\"twitter:site\" content=\"@ARLIowa\" \/>\n<meta name=\"twitter:label1\" content=\"Tiempo de lectura\" \/>\n\t<meta name=\"twitter:data1\" content=\"7 minutos\" \/>\n<script type=\"application\/ld+json\" class=\"yoast-schema-graph\">{\"@context\":\"https:\\\/\\\/schema.org\",\"@graph\":[{\"@type\":\"WebPage\",\"@id\":\"https:\\\/\\\/arl-iowa.org\\\/es\\\/degus\\\/\",\"url\":\"https:\\\/\\\/arl-iowa.org\\\/es\\\/degus\\\/\",\"name\":\"Deg\u00fas | Liga de Rescate Animal de Iowa\",\"isPartOf\":{\"@id\":\"https:\\\/\\\/arl-iowa.org\\\/es\\\/#website\"},\"primaryImageOfPage\":{\"@id\":\"https:\\\/\\\/arl-iowa.org\\\/es\\\/degus\\\/#primaryimage\"},\"image\":{\"@id\":\"https:\\\/\\\/arl-iowa.org\\\/es\\\/degus\\\/#primaryimage\"},\"thumbnailUrl\":\"https:\\\/\\\/arl-iowa.org\\\/wp-content\\\/uploads\\\/2025\\\/09\\\/degus.jpg\",\"datePublished\":\"2025-09-18T14:57:30+00:00\",\"dateModified\":\"2026-08-19T05:30:26+00:00\",\"description\":\"Los deg\u00fas son nativos de Chile, viven en grupos, necesitan ba\u00f1os de polvo, son juguetones y requieren una dieta baja en az\u00facar. Se adoptan como mascotas familiares.\",\"breadcrumb\":{\"@id\":\"https:\\\/\\\/arl-iowa.org\\\/es\\\/degus\\\/#breadcrumb\"},\"inLanguage\":\"es\",\"potentialAction\":[{\"@type\":\"ReadAction\",\"target\":[\"https:\\\/\\\/arl-iowa.org\\\/es\\\/degus\\\/\"]}]},{\"@type\":\"ImageObject\",\"inLanguage\":\"es\",\"@id\":\"https:\\\/\\\/arl-iowa.org\\\/es\\\/degus\\\/#primaryimage\",\"url\":\"https:\\\/\\\/arl-iowa.org\\\/wp-content\\\/uploads\\\/2025\\\/09\\\/degus.jpg\",\"contentUrl\":\"https:\\\/\\\/arl-iowa.org\\\/wp-content\\\/uploads\\\/2025\\\/09\\\/degus.jpg\",\"width\":400,\"height\":231},{\"@type\":\"BreadcrumbList\",\"@id\":\"https:\\\/\\\/arl-iowa.org\\\/es\\\/degus\\\/#breadcrumb\",\"itemListElement\":[{\"@type\":\"ListItem\",\"position\":1,\"name\":\"Home\",\"item\":\"https:\\\/\\\/arl-iowa.org\\\/es\\\/\"},{\"@type\":\"ListItem\",\"position\":2,\"name\":\"Adopte\",\"item\":\"https:\\\/\\\/arl-iowa.org\\\/es\\\/adopte\\\/\"},{\"@type\":\"ListItem\",\"position\":3,\"name\":\"Informaci\u00f3n sobre adopciones\",\"item\":\"https:\\\/\\\/arl-iowa.org\\\/es\\\/adopte\\\/informacion-sobre-adopciones\\\/\"},{\"@type\":\"ListItem\",\"position\":4,\"name\":\"Cuidado de tu nueva mascota\",\"item\":\"https:\\\/\\\/arl-iowa.org\\\/es\\\/adopte\\\/informacion-sobre-adopciones\\\/cuidado-de-tu-nueva-mascota\\\/\"},{\"@type\":\"ListItem\",\"position\":5,\"name\":\"Todo sobre las mascotas\",\"item\":\"https:\\\/\\\/arl-iowa.org\\\/es\\\/adopte\\\/informacion-sobre-adopciones\\\/cuidado-de-tu-nueva-mascota\\\/todo-sobre-las-mascotas\\\/\"},{\"@type\":\"ListItem\",\"position\":6,\"name\":\"Deg\u00fas\"}]},{\"@type\":\"WebSite\",\"@id\":\"https:\\\/\\\/arl-iowa.org\\\/es\\\/#website\",\"url\":\"https:\\\/\\\/arl-iowa.org\\\/es\\\/\",\"name\":\"ARL - Animal Rescue League of Iowa, Inc.\",\"description\":\"Iowa&#039;s largest nonprofit animal shelter, caring for many thousands of pets each year\",\"publisher\":{\"@id\":\"https:\\\/\\\/arl-iowa.org\\\/es\\\/#organization\"},\"potentialAction\":[{\"@type\":\"SearchAction\",\"target\":{\"@type\":\"EntryPoint\",\"urlTemplate\":\"https:\\\/\\\/arl-iowa.org\\\/es\\\/?s={search_term_string}\"},\"query-input\":{\"@type\":\"PropertyValueSpecification\",\"valueRequired\":true,\"valueName\":\"search_term_string\"}}],\"inLanguage\":\"es\"},{\"@type\":\"Organization\",\"@id\":\"https:\\\/\\\/arl-iowa.org\\\/es\\\/#organization\",\"name\":\"Animal Rescue League of Iowa, Inc.\",\"alternateName\":\"ARL Iowa\",\"url\":\"https:\\\/\\\/arl-iowa.org\\\/es\\\/\",\"logo\":{\"@type\":\"ImageObject\",\"inLanguage\":\"es\",\"@id\":\"https:\\\/\\\/arl-iowa.org\\\/es\\\/#\\\/schema\\\/logo\\\/image\\\/\",\"url\":\"https:\\\/\\\/arl-iowa.org\\\/wp-content\\\/uploads\\\/2025\\\/10\\\/ARL_LogoHoriz_Transparent.png\",\"contentUrl\":\"https:\\\/\\\/arl-iowa.org\\\/wp-content\\\/uploads\\\/2025\\\/10\\\/ARL_LogoHoriz_Transparent.png\",\"width\":900,\"height\":450,\"caption\":\"Animal Rescue League of Iowa, Inc.\"},\"image\":{\"@id\":\"https:\\\/\\\/arl-iowa.org\\\/es\\\/#\\\/schema\\\/logo\\\/image\\\/\"},\"sameAs\":[\"https:\\\/\\\/www.facebook.com\\\/ARLIowa\",\"https:\\\/\\\/x.com\\\/ARLIowa\",\"http:\\\/\\\/instagram.com\\\/ARLiowa\",\"https:\\\/\\\/www.youtube.com\\\/user\\\/arliowa\",\"https:\\\/\\\/www.tiktok.com\\\/@arliowa\"]}]}<\/script>\n<!-- \/ Yoast SEO plugin. -->","yoast_head_json":{"title":"Deg\u00fas | Liga de Rescate Animal de Iowa","description":"Los deg\u00fas son nativos de Chile, viven en grupos, necesitan ba\u00f1os de polvo, son juguetones y requieren una dieta baja en az\u00facar. Se adoptan como mascotas familiares.","robots":{"index":"index","follow":"follow","max-snippet":"max-snippet:-1","max-image-preview":"max-image-preview:large","max-video-preview":"max-video-preview:-1"},"canonical":"https:\/\/arl-iowa.org\/es\/degus\/","og_locale":"es_ES","og_type":"article","og_title":"Deg\u00fas | Liga de Rescate Animal de Iowa","og_description":"Los deg\u00fas son nativos de Chile, viven en grupos, necesitan ba\u00f1os de polvo, son juguetones y requieren una dieta baja en az\u00facar. Se adoptan como mascotas familiares.","og_url":"https:\/\/arl-iowa.org\/es\/degus\/","og_site_name":"ARL - Animal Rescue League of Iowa, Inc.","article_publisher":"https:\/\/www.facebook.com\/ARLIowa","article_modified_time":"2026-08-19T05:30:26+00:00","og_image":[{"width":400,"height":231,"url":"https:\/\/arl-iowa.org\/wp-content\/uploads\/2025\/09\/degus.jpg","type":"image\/jpeg"}],"twitter_card":"summary_large_image","twitter_site":"@ARLIowa","twitter_misc":{"Tiempo de lectura":"7 minutos"},"schema":{"@context":"https:\/\/schema.org","@graph":[{"@type":"WebPage","@id":"https:\/\/arl-iowa.org\/es\/degus\/","url":"https:\/\/arl-iowa.org\/es\/degus\/","name":"Deg\u00fas | Liga de Rescate Animal de Iowa","isPartOf":{"@id":"https:\/\/arl-iowa.org\/es\/#website"},"primaryImageOfPage":{"@id":"https:\/\/arl-iowa.org\/es\/degus\/#primaryimage"},"image":{"@id":"https:\/\/arl-iowa.org\/es\/degus\/#primaryimage"},"thumbnailUrl":"https:\/\/arl-iowa.org\/wp-content\/uploads\/2025\/09\/degus.jpg","datePublished":"2025-09-18T14:57:30+00:00","dateModified":"2026-08-19T05:30:26+00:00","description":"Los deg\u00fas son nativos de Chile, viven en grupos, necesitan ba\u00f1os de polvo, son juguetones y requieren una dieta baja en az\u00facar. Se adoptan como mascotas familiares.","breadcrumb":{"@id":"https:\/\/arl-iowa.org\/es\/degus\/#breadcrumb"},"inLanguage":"es","potentialAction":[{"@type":"ReadAction","target":["https:\/\/arl-iowa.org\/es\/degus\/"]}]},{"@type":"ImageObject","inLanguage":"es","@id":"https:\/\/arl-iowa.org\/es\/degus\/#primaryimage","url":"https:\/\/arl-iowa.org\/wp-content\/uploads\/2025\/09\/degus.jpg","contentUrl":"https:\/\/arl-iowa.org\/wp-content\/uploads\/2025\/09\/degus.jpg","width":400,"height":231},{"@type":"BreadcrumbList","@id":"https:\/\/arl-iowa.org\/es\/degus\/#breadcrumb","itemListElement":[{"@type":"ListItem","position":1,"name":"Home","item":"https:\/\/arl-iowa.org\/es\/"},{"@type":"ListItem","position":2,"name":"Adopte","item":"https:\/\/arl-iowa.org\/es\/adopte\/"},{"@type":"ListItem","position":3,"name":"Informaci\u00f3n sobre adopciones","item":"https:\/\/arl-iowa.org\/es\/adopte\/informacion-sobre-adopciones\/"},{"@type":"ListItem","position":4,"name":"Cuidado de tu nueva mascota","item":"https:\/\/arl-iowa.org\/es\/adopte\/informacion-sobre-adopciones\/cuidado-de-tu-nueva-mascota\/"},{"@type":"ListItem","position":5,"name":"Todo sobre las mascotas","item":"https:\/\/arl-iowa.org\/es\/adopte\/informacion-sobre-adopciones\/cuidado-de-tu-nueva-mascota\/todo-sobre-las-mascotas\/"},{"@type":"ListItem","position":6,"name":"Deg\u00fas"}]},{"@type":"WebSite","@id":"https:\/\/arl-iowa.org\/es\/#website","url":"https:\/\/arl-iowa.org\/es\/","name":"ARL - Animal Rescue League of Iowa, Inc.","description":"Iowa&#039;s largest nonprofit animal shelter, caring for many thousands of pets each year","publisher":{"@id":"https:\/\/arl-iowa.org\/es\/#organization"},"potentialAction":[{"@type":"SearchAction","target":{"@type":"EntryPoint","urlTemplate":"https:\/\/arl-iowa.org\/es\/?s={search_term_string}"},"query-input":{"@type":"PropertyValueSpecification","valueRequired":true,"valueName":"search_term_string"}}],"inLanguage":"es"},{"@type":"Organization","@id":"https:\/\/arl-iowa.org\/es\/#organization","name":"Animal Rescue League of Iowa, Inc.","alternateName":"ARL Iowa","url":"https:\/\/arl-iowa.org\/es\/","logo":{"@type":"ImageObject","inLanguage":"es","@id":"https:\/\/arl-iowa.org\/es\/#\/schema\/logo\/image\/","url":"https:\/\/arl-iowa.org\/wp-content\/uploads\/2025\/10\/ARL_LogoHoriz_Transparent.png","contentUrl":"https:\/\/arl-iowa.org\/wp-content\/uploads\/2025\/10\/ARL_LogoHoriz_Transparent.png","width":900,"height":450,"caption":"Animal Rescue League of Iowa, Inc."},"image":{"@id":"https:\/\/arl-iowa.org\/es\/#\/schema\/logo\/image\/"},"sameAs":["https:\/\/www.facebook.com\/ARLIowa","https:\/\/x.com\/ARLIowa","http:\/\/instagram.com\/ARLiowa","https:\/\/www.youtube.com\/user\/arliowa","https:\/\/www.tiktok.com\/@arliowa"]}]}},"acf":[],"_links":{"self":[{"href":"https:\/\/arl-iowa.org\/es\/wp-json\/wp\/v2\/pages\/98668","targetHints":{"allow":["GET"]}}],"collection":[{"href":"https:\/\/arl-iowa.org\/es\/wp-json\/wp\/v2\/pages"}],"about":[{"href":"https:\/\/arl-iowa.org\/es\/wp-json\/wp\/v2\/types\/page"}],"author":[{"embeddable":true,"href":"https:\/\/arl-iowa.org\/es\/wp-json\/wp\/v2\/users\/4"}],"replies":[{"embeddable":true,"href":"https:\/\/arl-iowa.org\/es\/wp-json\/wp\/v2\/comments?post=98668"}],"version-history":[{"count":5,"href":"https:\/\/arl-iowa.org\/es\/wp-json\/wp\/v2\/pages\/98668\/revisions"}],"predecessor-version":[{"id":98676,"href":"https:\/\/arl-iowa.org\/es\/wp-json\/wp\/v2\/pages\/98668\/revisions\/98676"}],"up":[{"embeddable":true,"href":"https:\/\/arl-iowa.org\/es\/wp-json\/wp\/v2\/pages\/99386"}],"wp:featuredmedia":[{"embeddable":true,"href":"https:\/\/arl-iowa.org\/es\/wp-json\/wp\/v2\/media\/98669"}],"wp:attachment":[{"href":"https:\/\/arl-iowa.org\/es\/wp-json\/wp\/v2\/media?parent=98668"}],"curies":[{"name":"wp","href":"https:\/\/api.w.org\/{rel}","templated":true}]}}