{"id":98624,"date":"2025-09-18T09:56:50","date_gmt":"2025-09-18T14:56:50","guid":{"rendered":"https:\/\/arl-iowa.org\/participe\/acogida-temporal\/campamento-de-verano-dogs-day-out\/"},"modified":"2026-08-18T23:43:00","modified_gmt":"2026-08-19T04:43:00","slug":"campamento-de-verano-dogs-day-out","status":"publish","type":"page","link":"https:\/\/arl-iowa.org\/es\/participe\/acogida-temporal\/campamento-de-verano-dogs-day-out\/","title":{"rendered":"Campamento de verano Dog&#8217;s Day Out"},"content":{"rendered":"<div class=\"wpb-content-wrapper\"><p>[vc_row full_width=\u00bbstretch_row\u00bb css=\u00bb.vc_custom_1758635947178{background-color: #E8E1D4 !important;background-position: center !important;background-repeat: no-repeat !important;background-size: cover !important;}\u00bb][vc_column css=\u00bb.vc_custom_1758745516738{padding-top: 0px !important;}\u00bb][vc_custom_heading source=\u00bbpost_title\u00bb font_container=\u00bbtag:h1|text_align:left|color:%23652D89&#8243; use_theme_fonts=\u00bbyes\u00bb css=\u00bb.vc_custom_1758636006269{margin-top: 20px !important;margin-bottom: 20px !important;}\u00bb el_class=\u00bbsub-child\u00bb][\/vc_column][\/vc_row][vc_row full_width=\u00bbstretch_row\u00bb][vc_column css=\u00bb.vc_custom_1723229133129{padding-top: 0px !important;}\u00bb][vc_empty_space height=\u00bb65px\u00bb el_class=\u00bbes-large\u00bb][\/vc_column][\/vc_row][vc_row full_width=\u00bbstretch_row\u00bb gap=\u00bb35&#8243; content_placement=\u00bbmiddle\u00bb][vc_column width=\u00bb3\/5&#8243; css=\u00bb.vc_custom_1723229133129{padding-top: 0px !important;}\u00bb][vc_single_image image=\u00bb98625&#8243; img_size=\u00bblarge\u00bb css=\u00bb\u00bb][\/vc_column][vc_column width=\u00bb2\/5&#8243;][vc_custom_heading text=\u00bbNuestro programa de excursiones Dog\u2019s Day Out ha sido tan popular que \u00a1estamos ampliando la diversi\u00f3n! Esta edici\u00f3n especial del Campamento de Verano es una oportunidad para que traiga a un perro en adopci\u00f3n a su casa durante un fin de semana, una semana o m\u00e1s tiempo, \u00a1lo que su agenda le permita! \u00bb font_container=\u00bbtag:p|font_size:24px|text_align:left\u00bb use_theme_fonts=\u00bbyes\u00bb css=\u00bb.vc_custom_1760197242020{margin-bottom: 40px !important;}\u00bb el_class=\u00bbtxt-weight-700&#8243;][vc_btn title=\u00bbEmpezar\u00bb style=\u00bbcustom\u00bb custom_background=\u00bb#652D89&#8243; custom_text=\u00bb#ffffff\u00bb shape=\u00bbsquare\u00bb size=\u00bblg\u00bb align=\u00bbleft\u00bb css=\u00bb\u00bb link=\u00bburl:https%3A%2F%2Fapp.betterimpact.com%2FApplication%3FOrganizationGuid%3Dd27b659c-dc54-4283-8146-13bdc5a1a64b%26ApplicationFormNumber%3D1|target:_blank|\u00bb el_class=\u00bbbtn-alt\u00bb][\/vc_column][\/vc_row][vc_row][vc_column][vc_separator border_width=\u00bb3&#8243; css=\u00bb\u00bb][\/vc_column][\/vc_row][vc_row full_width=\u00bbstretch_row\u00bb gap=\u00bb35&#8243;][vc_column width=\u00bb1\/2&#8243; css=\u00bb.vc_custom_1723229133129{padding-top: 0px !important;}\u00bb][vc_custom_heading text=\u00bbDetalles del campamento de verano\u00bb use_theme_fonts=\u00bbyes\u00bb css=\u00bb\u00bb][vc_column_text css=\u00bb\u00bb]<\/p>\n<ul>\n<li>Sal a caminar o de excursi\u00f3n, visita negocios que admitan perros, ve a por un pup cup o simplemente rel\u00e1jate en el jard\u00edn o acurr\u00facate en el sof\u00e1 con tu perro campista. Como monitor del campamento, \u00a1t\u00fa decides! \u00a1A tu campista le encantar\u00e1 la aventura!  <\/li>\n<li>\u00bfTienes hijos u otras mascotas? \u00a1Genial! Te ayudaremos a encontrar un perro que encaje perfectamente con tu familia.  <\/li>\n<\/ul>\n<p>[\/vc_column_text][\/vc_column][vc_column width=\u00bb1\/2&#8243;][vc_custom_heading text=\u00bbC\u00f3mo funciona\u00bb use_theme_fonts=\u00bbyes\u00bb css=\u00bb\u00bb][vc_column_text css=\u00bb\u00bb]<\/p>\n<ul>\n<li>Rellena una solicitud de acogida de la ARL (lleva menos de 10 minutos)<\/li>\n<li>Una vez completada tu solicitud, \u00fanete a nuestro equipo de acogida para una orientaci\u00f3n virtual de 30 a 45 minutos.<\/li>\n<\/ul>\n<p>Empieza a planificar tu experiencia de campamento. \u00a1Tenemos un mont\u00f3n de campistas emocionados listos para unirse a la diversi\u00f3n![\/vc_column_text][\/vc_column][vc_column][vc_btn title=\u00bbEmpezar\u00bb style=\u00bbcustom\u00bb custom_background=\u00bb#652D89&#8243; custom_text=\u00bb#ffffff\u00bb shape=\u00bbsquare\u00bb size=\u00bblg\u00bb align=\u00bbcenter\u00bb css=\u00bb\u00bb link=\u00bburl:https%3A%2F%2Fapp.betterimpact.com%2FApplication%3FOrganizationGuid%3Dd27b659c-dc54-4283-8146-13bdc5a1a64b%26ApplicationFormNumber%3D1|target:_blank|\u00bb el_class=\u00bbbtn-alt\u00bb][\/vc_column][\/vc_row][vc_row full_width=\u00bbstretch_row\u00bb][vc_column css=\u00bb.vc_custom_1723229133129{padding-top: 0px !important;}\u00bb][vc_empty_space height=\u00bb65px\u00bb el_class=\u00bbes-large\u00bb][\/vc_column][\/vc_row]<\/p>\n<\/div>","protected":false},"excerpt":{"rendered":"<p>[vc_row full_width=\u00bbstretch_row\u00bb css=\u00bb.vc_custom_1758635947178{background-color: #E8E1D4 !important;background-position: center !important;background-repeat: no-repeat !important;background-size: cover !important;}\u00bb][vc_column css=\u00bb.vc_custom_1758745516738{padding-top: 0px !important;}\u00bb][vc_custom_heading source=\u00bbpost_title\u00bb font_container=\u00bbtag:h1|text_align:left|color:%23652D89&#8243; use_theme_fonts=\u00bbyes\u00bb css=\u00bb.vc_custom_1758636006269{margin-top: 20px !important;margin-bottom: 20px !important;}\u00bb el_class=\u00bbsub-child\u00bb][\/vc_column][\/vc_row][vc_row full_width=\u00bbstretch_row\u00bb][vc_column css=\u00bb.vc_custom_1723229133129{padding-top: 0px !important;}\u00bb][vc_empty_space height=\u00bb65px\u00bb el_class=\u00bbes-large\u00bb][\/vc_column][\/vc_row][vc_row full_width=\u00bbstretch_row\u00bb [&hellip;]<\/p>\n","protected":false},"author":4,"featured_media":98625,"parent":98116,"menu_order":0,"comment_status":"open","ping_status":"open","template":"","meta":{"_acf_changed":false,"inline_featured_image":false,"ai_generated_summary":"","footnotes":""},"class_list":["post-98624","page","type-page","status-publish","has-post-thumbnail","hentry"],"yoast_head":"<!-- This site is optimized with the Yoast SEO plugin v28.4 - https:\/\/yoast.com\/product\/yoast-seo-wordpress\/ -->\n<title>Escapada para perros del refugio | Animal Rescue League of Iowa<\/title>\n<meta name=\"description\" content=\"El programa Shelter Dog Getaway ofrece a los perros que llevan mucho tiempo en la ARL la oportunidad de salir del refugio y disfrutar de la vida hogare\u00f1a que se merecen.\" \/>\n<meta name=\"robots\" content=\"index, follow, max-snippet:-1, max-image-preview:large, max-video-preview:-1\" \/>\n<link rel=\"canonical\" href=\"https:\/\/arl-iowa.org\/es\/participe\/acogida-temporal\/campamento-de-verano-dogs-day-out\/\" \/>\n<meta property=\"og:locale\" content=\"es_ES\" \/>\n<meta property=\"og:type\" content=\"article\" \/>\n<meta property=\"og:title\" content=\"Escapada para perros del refugio | Animal Rescue League of Iowa\" \/>\n<meta property=\"og:description\" content=\"El programa Shelter Dog Getaway ofrece a los perros que llevan mucho tiempo en la ARL la oportunidad de salir del refugio y disfrutar de la vida hogare\u00f1a que se merecen.\" \/>\n<meta property=\"og:url\" content=\"https:\/\/arl-iowa.org\/es\/participe\/acogida-temporal\/campamento-de-verano-dogs-day-out\/\" \/>\n<meta property=\"og:site_name\" content=\"ARL - Animal Rescue League of Iowa, Inc.\" \/>\n<meta property=\"article:publisher\" content=\"https:\/\/www.facebook.com\/ARLIowa\" \/>\n<meta property=\"article:modified_time\" content=\"2026-08-19T04:43:00+00:00\" \/>\n<meta property=\"og:image\" content=\"https:\/\/arl-iowa.org\/wp-content\/uploads\/2025\/09\/DDO-Summer-Camp-Graphics_email.jpg\" \/>\n\t<meta property=\"og:image:width\" content=\"1600\" \/>\n\t<meta property=\"og:image:height\" content=\"833\" \/>\n\t<meta property=\"og:image:type\" content=\"image\/jpeg\" \/>\n<meta name=\"twitter:card\" content=\"summary_large_image\" \/>\n<meta name=\"twitter:site\" content=\"@ARLIowa\" \/>\n<meta name=\"twitter:label1\" content=\"Tiempo de lectura\" \/>\n\t<meta name=\"twitter:data1\" content=\"3 minutos\" \/>\n<script type=\"application\/ld+json\" class=\"yoast-schema-graph\">{\"@context\":\"https:\\\/\\\/schema.org\",\"@graph\":[{\"@type\":\"WebPage\",\"@id\":\"https:\\\/\\\/arl-iowa.org\\\/es\\\/participe\\\/acogida-temporal\\\/campamento-de-verano-dogs-day-out\\\/\",\"url\":\"https:\\\/\\\/arl-iowa.org\\\/es\\\/participe\\\/acogida-temporal\\\/campamento-de-verano-dogs-day-out\\\/\",\"name\":\"Escapada para perros del refugio | Animal Rescue League of Iowa\",\"isPartOf\":{\"@id\":\"https:\\\/\\\/arl-iowa.org\\\/es\\\/#website\"},\"primaryImageOfPage\":{\"@id\":\"https:\\\/\\\/arl-iowa.org\\\/es\\\/participe\\\/acogida-temporal\\\/campamento-de-verano-dogs-day-out\\\/#primaryimage\"},\"image\":{\"@id\":\"https:\\\/\\\/arl-iowa.org\\\/es\\\/participe\\\/acogida-temporal\\\/campamento-de-verano-dogs-day-out\\\/#primaryimage\"},\"thumbnailUrl\":\"https:\\\/\\\/arl-iowa.org\\\/wp-content\\\/uploads\\\/2025\\\/09\\\/DDO-Summer-Camp-Graphics_email.jpg\",\"datePublished\":\"2025-09-18T14:56:50+00:00\",\"dateModified\":\"2026-08-19T04:43:00+00:00\",\"description\":\"El programa Shelter Dog Getaway ofrece a los perros que llevan mucho tiempo en la ARL la oportunidad de salir del refugio y disfrutar de la vida hogare\u00f1a que se merecen.\",\"breadcrumb\":{\"@id\":\"https:\\\/\\\/arl-iowa.org\\\/es\\\/participe\\\/acogida-temporal\\\/campamento-de-verano-dogs-day-out\\\/#breadcrumb\"},\"inLanguage\":\"es\",\"potentialAction\":[{\"@type\":\"ReadAction\",\"target\":[\"https:\\\/\\\/arl-iowa.org\\\/es\\\/participe\\\/acogida-temporal\\\/campamento-de-verano-dogs-day-out\\\/\"]}]},{\"@type\":\"ImageObject\",\"inLanguage\":\"es\",\"@id\":\"https:\\\/\\\/arl-iowa.org\\\/es\\\/participe\\\/acogida-temporal\\\/campamento-de-verano-dogs-day-out\\\/#primaryimage\",\"url\":\"https:\\\/\\\/arl-iowa.org\\\/wp-content\\\/uploads\\\/2025\\\/09\\\/DDO-Summer-Camp-Graphics_email.jpg\",\"contentUrl\":\"https:\\\/\\\/arl-iowa.org\\\/wp-content\\\/uploads\\\/2025\\\/09\\\/DDO-Summer-Camp-Graphics_email.jpg\",\"width\":1600,\"height\":833},{\"@type\":\"BreadcrumbList\",\"@id\":\"https:\\\/\\\/arl-iowa.org\\\/es\\\/participe\\\/acogida-temporal\\\/campamento-de-verano-dogs-day-out\\\/#breadcrumb\",\"itemListElement\":[{\"@type\":\"ListItem\",\"position\":1,\"name\":\"Home\",\"item\":\"https:\\\/\\\/arl-iowa.org\\\/es\\\/\"},{\"@type\":\"ListItem\",\"position\":2,\"name\":\"Participe\",\"item\":\"https:\\\/\\\/arl-iowa.org\\\/es\\\/participe\\\/\"},{\"@type\":\"ListItem\",\"position\":3,\"name\":\"Acogida temporal\",\"item\":\"https:\\\/\\\/arl-iowa.org\\\/es\\\/participe\\\/acogida-temporal\\\/\"},{\"@type\":\"ListItem\",\"position\":4,\"name\":\"Campamento de verano Dog's Day Out\"}]},{\"@type\":\"WebSite\",\"@id\":\"https:\\\/\\\/arl-iowa.org\\\/es\\\/#website\",\"url\":\"https:\\\/\\\/arl-iowa.org\\\/es\\\/\",\"name\":\"ARL - Animal Rescue League of Iowa, Inc.\",\"description\":\"Iowa&#039;s largest nonprofit animal shelter, caring for many thousands of pets each year\",\"publisher\":{\"@id\":\"https:\\\/\\\/arl-iowa.org\\\/es\\\/#organization\"},\"potentialAction\":[{\"@type\":\"SearchAction\",\"target\":{\"@type\":\"EntryPoint\",\"urlTemplate\":\"https:\\\/\\\/arl-iowa.org\\\/es\\\/?s={search_term_string}\"},\"query-input\":{\"@type\":\"PropertyValueSpecification\",\"valueRequired\":true,\"valueName\":\"search_term_string\"}}],\"inLanguage\":\"es\"},{\"@type\":\"Organization\",\"@id\":\"https:\\\/\\\/arl-iowa.org\\\/es\\\/#organization\",\"name\":\"Animal Rescue League of Iowa, Inc.\",\"alternateName\":\"ARL Iowa\",\"url\":\"https:\\\/\\\/arl-iowa.org\\\/es\\\/\",\"logo\":{\"@type\":\"ImageObject\",\"inLanguage\":\"es\",\"@id\":\"https:\\\/\\\/arl-iowa.org\\\/es\\\/#\\\/schema\\\/logo\\\/image\\\/\",\"url\":\"https:\\\/\\\/arl-iowa.org\\\/wp-content\\\/uploads\\\/2025\\\/10\\\/ARL_LogoHoriz_Transparent.png\",\"contentUrl\":\"https:\\\/\\\/arl-iowa.org\\\/wp-content\\\/uploads\\\/2025\\\/10\\\/ARL_LogoHoriz_Transparent.png\",\"width\":900,\"height\":450,\"caption\":\"Animal Rescue League of Iowa, Inc.\"},\"image\":{\"@id\":\"https:\\\/\\\/arl-iowa.org\\\/es\\\/#\\\/schema\\\/logo\\\/image\\\/\"},\"sameAs\":[\"https:\\\/\\\/www.facebook.com\\\/ARLIowa\",\"https:\\\/\\\/x.com\\\/ARLIowa\",\"http:\\\/\\\/instagram.com\\\/ARLiowa\",\"https:\\\/\\\/www.youtube.com\\\/user\\\/arliowa\",\"https:\\\/\\\/www.tiktok.com\\\/@arliowa\"]}]}<\/script>\n<!-- \/ Yoast SEO plugin. -->","yoast_head_json":{"title":"Escapada para perros del refugio | Animal Rescue League of Iowa","description":"El programa Shelter Dog Getaway ofrece a los perros que llevan mucho tiempo en la ARL la oportunidad de salir del refugio y disfrutar de la vida hogare\u00f1a que se merecen.","robots":{"index":"index","follow":"follow","max-snippet":"max-snippet:-1","max-image-preview":"max-image-preview:large","max-video-preview":"max-video-preview:-1"},"canonical":"https:\/\/arl-iowa.org\/es\/participe\/acogida-temporal\/campamento-de-verano-dogs-day-out\/","og_locale":"es_ES","og_type":"article","og_title":"Escapada para perros del refugio | Animal Rescue League of Iowa","og_description":"El programa Shelter Dog Getaway ofrece a los perros que llevan mucho tiempo en la ARL la oportunidad de salir del refugio y disfrutar de la vida hogare\u00f1a que se merecen.","og_url":"https:\/\/arl-iowa.org\/es\/participe\/acogida-temporal\/campamento-de-verano-dogs-day-out\/","og_site_name":"ARL - Animal Rescue League of Iowa, Inc.","article_publisher":"https:\/\/www.facebook.com\/ARLIowa","article_modified_time":"2026-08-19T04:43:00+00:00","og_image":[{"width":1600,"height":833,"url":"https:\/\/arl-iowa.org\/wp-content\/uploads\/2025\/09\/DDO-Summer-Camp-Graphics_email.jpg","type":"image\/jpeg"}],"twitter_card":"summary_large_image","twitter_site":"@ARLIowa","twitter_misc":{"Tiempo de lectura":"3 minutos"},"schema":{"@context":"https:\/\/schema.org","@graph":[{"@type":"WebPage","@id":"https:\/\/arl-iowa.org\/es\/participe\/acogida-temporal\/campamento-de-verano-dogs-day-out\/","url":"https:\/\/arl-iowa.org\/es\/participe\/acogida-temporal\/campamento-de-verano-dogs-day-out\/","name":"Escapada para perros del refugio | Animal Rescue League of Iowa","isPartOf":{"@id":"https:\/\/arl-iowa.org\/es\/#website"},"primaryImageOfPage":{"@id":"https:\/\/arl-iowa.org\/es\/participe\/acogida-temporal\/campamento-de-verano-dogs-day-out\/#primaryimage"},"image":{"@id":"https:\/\/arl-iowa.org\/es\/participe\/acogida-temporal\/campamento-de-verano-dogs-day-out\/#primaryimage"},"thumbnailUrl":"https:\/\/arl-iowa.org\/wp-content\/uploads\/2025\/09\/DDO-Summer-Camp-Graphics_email.jpg","datePublished":"2025-09-18T14:56:50+00:00","dateModified":"2026-08-19T04:43:00+00:00","description":"El programa Shelter Dog Getaway ofrece a los perros que llevan mucho tiempo en la ARL la oportunidad de salir del refugio y disfrutar de la vida hogare\u00f1a que se merecen.","breadcrumb":{"@id":"https:\/\/arl-iowa.org\/es\/participe\/acogida-temporal\/campamento-de-verano-dogs-day-out\/#breadcrumb"},"inLanguage":"es","potentialAction":[{"@type":"ReadAction","target":["https:\/\/arl-iowa.org\/es\/participe\/acogida-temporal\/campamento-de-verano-dogs-day-out\/"]}]},{"@type":"ImageObject","inLanguage":"es","@id":"https:\/\/arl-iowa.org\/es\/participe\/acogida-temporal\/campamento-de-verano-dogs-day-out\/#primaryimage","url":"https:\/\/arl-iowa.org\/wp-content\/uploads\/2025\/09\/DDO-Summer-Camp-Graphics_email.jpg","contentUrl":"https:\/\/arl-iowa.org\/wp-content\/uploads\/2025\/09\/DDO-Summer-Camp-Graphics_email.jpg","width":1600,"height":833},{"@type":"BreadcrumbList","@id":"https:\/\/arl-iowa.org\/es\/participe\/acogida-temporal\/campamento-de-verano-dogs-day-out\/#breadcrumb","itemListElement":[{"@type":"ListItem","position":1,"name":"Home","item":"https:\/\/arl-iowa.org\/es\/"},{"@type":"ListItem","position":2,"name":"Participe","item":"https:\/\/arl-iowa.org\/es\/participe\/"},{"@type":"ListItem","position":3,"name":"Acogida temporal","item":"https:\/\/arl-iowa.org\/es\/participe\/acogida-temporal\/"},{"@type":"ListItem","position":4,"name":"Campamento de verano Dog's Day Out"}]},{"@type":"WebSite","@id":"https:\/\/arl-iowa.org\/es\/#website","url":"https:\/\/arl-iowa.org\/es\/","name":"ARL - Animal Rescue League of Iowa, Inc.","description":"Iowa&#039;s largest nonprofit animal shelter, caring for many thousands of pets each year","publisher":{"@id":"https:\/\/arl-iowa.org\/es\/#organization"},"potentialAction":[{"@type":"SearchAction","target":{"@type":"EntryPoint","urlTemplate":"https:\/\/arl-iowa.org\/es\/?s={search_term_string}"},"query-input":{"@type":"PropertyValueSpecification","valueRequired":true,"valueName":"search_term_string"}}],"inLanguage":"es"},{"@type":"Organization","@id":"https:\/\/arl-iowa.org\/es\/#organization","name":"Animal Rescue League of Iowa, Inc.","alternateName":"ARL Iowa","url":"https:\/\/arl-iowa.org\/es\/","logo":{"@type":"ImageObject","inLanguage":"es","@id":"https:\/\/arl-iowa.org\/es\/#\/schema\/logo\/image\/","url":"https:\/\/arl-iowa.org\/wp-content\/uploads\/2025\/10\/ARL_LogoHoriz_Transparent.png","contentUrl":"https:\/\/arl-iowa.org\/wp-content\/uploads\/2025\/10\/ARL_LogoHoriz_Transparent.png","width":900,"height":450,"caption":"Animal Rescue League of Iowa, Inc."},"image":{"@id":"https:\/\/arl-iowa.org\/es\/#\/schema\/logo\/image\/"},"sameAs":["https:\/\/www.facebook.com\/ARLIowa","https:\/\/x.com\/ARLIowa","http:\/\/instagram.com\/ARLiowa","https:\/\/www.youtube.com\/user\/arliowa","https:\/\/www.tiktok.com\/@arliowa"]}]}},"acf":[],"_links":{"self":[{"href":"https:\/\/arl-iowa.org\/es\/wp-json\/wp\/v2\/pages\/98624","targetHints":{"allow":["GET"]}}],"collection":[{"href":"https:\/\/arl-iowa.org\/es\/wp-json\/wp\/v2\/pages"}],"about":[{"href":"https:\/\/arl-iowa.org\/es\/wp-json\/wp\/v2\/types\/page"}],"author":[{"embeddable":true,"href":"https:\/\/arl-iowa.org\/es\/wp-json\/wp\/v2\/users\/4"}],"replies":[{"embeddable":true,"href":"https:\/\/arl-iowa.org\/es\/wp-json\/wp\/v2\/comments?post=98624"}],"version-history":[{"count":2,"href":"https:\/\/arl-iowa.org\/es\/wp-json\/wp\/v2\/pages\/98624\/revisions"}],"predecessor-version":[{"id":98629,"href":"https:\/\/arl-iowa.org\/es\/wp-json\/wp\/v2\/pages\/98624\/revisions\/98629"}],"up":[{"embeddable":true,"href":"https:\/\/arl-iowa.org\/es\/wp-json\/wp\/v2\/pages\/98116"}],"wp:featuredmedia":[{"embeddable":true,"href":"https:\/\/arl-iowa.org\/es\/wp-json\/wp\/v2\/media\/98625"}],"wp:attachment":[{"href":"https:\/\/arl-iowa.org\/es\/wp-json\/wp\/v2\/media?parent=98624"}],"curies":[{"name":"wp","href":"https:\/\/api.w.org\/{rel}","templated":true}]}}