{"id":98030,"date":"2025-07-10T10:48:05","date_gmt":"2025-07-10T15:48:05","guid":{"rendered":"https:\/\/arl-iowa.org\/participe\/"},"modified":"2026-08-21T15:12:42","modified_gmt":"2026-08-21T20:12:42","slug":"participe","status":"publish","type":"page","link":"https:\/\/arl-iowa.org\/es\/participe\/","title":{"rendered":"Participe"},"content":{"rendered":"<div class=\"wpb-content-wrapper\"><p>[vc_row full_width=\u00bbstretch_row\u00bb el_class=\u00bblight\u00bb css=\u00bb.vc_custom_1755199996169{background: #652D89 url(https:\/\/arl-iowa.org\/wp-content\/uploads\/2025\/08\/Get-Involved-Header.jpg?id=2837) !important;background-position: center !important;background-repeat: no-repeat !important;background-size: cover !important;}\u00bb][vc_column css=\u00bb.vc_custom_1759939480914{padding-top: 0px !important;}\u00bb][vc_empty_space height=\u00bb200px\u00bb el_class=\u00bbes-large\u00bb][vc_custom_heading source=\u00bbpost_title\u00bb font_container=\u00bbtag:h1|text_align:left|line_height:1&#8243; use_theme_fonts=\u00bbyes\u00bb css=\u00bb.vc_custom_1757349262590{margin-bottom: 0px !important;}\u00bb el_class=\u00bbtxt-shadow\u00bb][vc_empty_space height=\u00bb50px\u00bb][\/vc_column][\/vc_row][vc_row full_width=\u00bbstretch_row\u00bb][vc_column css=\u00bb.vc_custom_1723229133129{padding-top: 0px !important;}\u00bb][vc_empty_space height=\u00bb65px\u00bb el_class=\u00bbes-large\u00bb][\/vc_column][\/vc_row][vc_row full_width=\u00bbstretch_row\u00bb gap=\u00bb30&#8243;][vc_column css=\u00bb.vc_custom_1755182253143{padding-top: 0px !important;}\u00bb offset=\u00bbvc_col-lg-12 vc_col-md-12&#8243;][vc_custom_heading text=\u00bbCon miles de animales bajo nuestro cuidado cada a\u00f1o, la participaci\u00f3n de los miembros de la comunidad, voluntarios, donantes e innumerables colaboradores es vital. Juntos, estamos creando un mundo m\u00e1s humano para los animales.\u00bb font_container=\u00bbtag:p|text_align:left\u00bb use_theme_fonts=\u00bbyes\u00bb css=\u00bb.vc_custom_1757349271486{margin-bottom: 40px !important;}\u00bb el_class=\u00bbtxt-weight-700&#8243;][vc_column_text css=\u00bb\u00bb]Con cada programa, club, tarea de voluntariado y evento que a\u00f1adimos o mejoramos, mantenemos un \u00fanico objetivo en mente: cambiar vidas. Ya sea tejiendo mantas para los gatos del refugio, organizando una fiesta de donaci\u00f3n en su casa, ofreciendo su tiempo como voluntario en el refugio o concienciando sobre nuestra misi\u00f3n, la ARL le da la bienvenida y le anima a participar y marcar la diferencia en las vidas de las mascotas sin hogar.[\/vc_column_text][\/vc_column][\/vc_row][vc_row full_width=\u00bbstretch_row\u00bb][vc_column css=\u00bb.vc_custom_1723229133129{padding-top: 0px !important;}\u00bb][vc_empty_space][\/vc_column][\/vc_row][vc_row full_width=\u00bbstretch_row\u00bb gap=\u00bb30&#8243; equal_height=\u00bbyes\u00bb][vc_column width=\u00bb1\/2&#8243; offset=\u00bbvc_col-lg-3 vc_col-md-4&#8243; css=\u00bb.vc_custom_1762385576011{padding-top: 0px !important;background-color: #FFFFFF !important;}\u00bb][vc_row_inner css=\u00bb.vc_custom_1760055770364{border-top-width: 20px !important;padding-right: 0.781vw !important;padding-left: 0.781vw !important;border-top-style: solid !important;border-color: #6D8D24 !important;}\u00bb el_class=\u00bbbox-shadow\u00bb][vc_column_inner el_class=\u00bbequal-height\u00bb css=\u00bb.vc_custom_1760055614404{padding-top: 0px !important;background-color: #FFFFFF !important;}\u00bb][vc_empty_space height=\u00bb35px\u00bb][vc_single_image image=\u00bb97911&#8243; img_size=\u00bb800&#215;462&#8243; onclick=\u00bbcustom_link\u00bb css=\u00bb.vc_custom_1787269286974{margin-bottom: 25px !important;}\u00bb link=\u00bbhttps:\/\/arl-iowa.org\/es\/participe\/voluntariado\/\u00bb][vc_custom_heading text=\u00bbVoluntariado\u00bb font_container=\u00bbtag:h3|text_align:center\u00bb use_theme_fonts=\u00bbyes\u00bb css=\u00bb.vc_custom_1787269281453{margin-bottom: 15px !important;}\u00bb link=\u00bburl:https%3A%2F%2Farl-iowa.org%2Fes%2Fparticipe%2Fvoluntariado%2F\u00bb][vc_column_text css=\u00bb.vc_custom_1759965298931{margin-bottom: 25px !important;}\u00bb el_class=\u00bbequal-description\u00bb]<\/p>\n<p style=\"text-align: center;\">Explore las oportunidades de voluntariado y aprenda c\u00f3mo puede marcar la diferencia para los animales.<\/p>\n<p>[\/vc_column_text][\/vc_column_inner][vc_column_inner css=\u00bb.vc_custom_1760055582542{padding-top: 0px !important;}\u00bb][vc_btn title=\u00bbM\u00e1s informaci\u00f3n\u00bb style=\u00bbcustom\u00bb custom_background=\u00bb#777777&#8243; custom_text=\u00bb#ffffff\u00bb shape=\u00bbsquare\u00bb size=\u00bblg\u00bb align=\u00bbcenter\u00bb css=\u00bb.vc_custom_1787269275074{margin-bottom: 0px !important;}\u00bb link=\u00bburl:https%3A%2F%2Farl-iowa.org%2Fes%2Fparticipe%2Fvoluntariado%2F\u00bb][vc_empty_space height=\u00bb45px\u00bb][\/vc_column_inner][\/vc_row_inner][vc_empty_space height=\u00bb35px\u00bb][\/vc_column][vc_column width=\u00bb1\/2&#8243; offset=\u00bbvc_col-lg-3 vc_col-md-4&#8243; css=\u00bb.vc_custom_1762385595745{padding-top: 0px !important;background-color: #FFFFFF !important;}\u00bb][vc_row_inner css=\u00bb.vc_custom_1760055766679{border-top-width: 20px !important;padding-right: 0.781vw !important;padding-left: 0.781vw !important;border-top-style: solid !important;border-color: #6D8D24 !important;}\u00bb el_class=\u00bbbox-shadow\u00bb][vc_column_inner el_class=\u00bbequal-height\u00bb css=\u00bb.vc_custom_1760055630617{padding-top: 0px !important;background-color: #FFFFFF !important;}\u00bb][vc_empty_space height=\u00bb35px\u00bb][vc_single_image image=\u00bb98031&#8243; img_size=\u00bb800&#215;462&#8243; onclick=\u00bbcustom_link\u00bb css=\u00bb.vc_custom_1787269314176{margin-bottom: 25px !important;}\u00bb link=\u00bbhttps:\/\/arl-iowa.org\/es\/participe\/acogida-temporal\/\u00bb][vc_custom_heading text=\u00bbAcogida temporal\u00bb font_container=\u00bbtag:h3|text_align:center\u00bb use_theme_fonts=\u00bbyes\u00bb css=\u00bb.vc_custom_1787269307974{margin-bottom: 15px !important;}\u00bb link=\u00bburl:https%3A%2F%2Farl-iowa.org%2Fes%2Fparticipe%2Facogida-temporal%2F\u00bb][vc_column_text css=\u00bb.vc_custom_1759965302487{margin-bottom: 25px !important;}\u00bb el_class=\u00bbequal-description\u00bb]<\/p>\n<p style=\"text-align: center;\">Ofrezca a las mascotas un descanso del refugio en su hogar. \u00a1Aumentar los mimos es una excelente manera de reducir el estr\u00e9s!<\/p>\n<p>[\/vc_column_text][\/vc_column_inner][vc_column_inner css=\u00bb.vc_custom_1760055586743{padding-top: 0px !important;}\u00bb][vc_btn title=\u00bbM\u00e1s informaci\u00f3n\u00bb style=\u00bbcustom\u00bb custom_background=\u00bb#777777&#8243; custom_text=\u00bb#ffffff\u00bb shape=\u00bbsquare\u00bb size=\u00bblg\u00bb align=\u00bbcenter\u00bb css=\u00bb.vc_custom_1787269301474{margin-bottom: 0px !important;}\u00bb link=\u00bburl:https%3A%2F%2Farl-iowa.org%2Fes%2Fparticipe%2Facogida-temporal%2F\u00bb][vc_empty_space height=\u00bb45px\u00bb][\/vc_column_inner][\/vc_row_inner][vc_empty_space height=\u00bb35px\u00bb][\/vc_column][vc_column width=\u00bb1\/2&#8243; offset=\u00bbvc_col-lg-3 vc_col-md-4&#8243; css=\u00bb.vc_custom_1762385614704{padding-top: 0px !important;background-color: #FFFFFF !important;}\u00bb][vc_row_inner css=\u00bb.vc_custom_1760055793789{border-top-width: 20px !important;padding-right: 0.781vw !important;padding-left: 0.781vw !important;border-top-style: solid !important;border-color: #6D8D24 !important;}\u00bb el_class=\u00bbbox-shadow\u00bb][vc_column_inner el_class=\u00bbequal-height\u00bb css=\u00bb.vc_custom_1760055654590{padding-top: 0px !important;background-color: #FFFFFF !important;}\u00bb][vc_empty_space height=\u00bb35px\u00bb][vc_single_image image=\u00bb98032&#8243; img_size=\u00bb800&#215;462&#8243; onclick=\u00bbcustom_link\u00bb css=\u00bb.vc_custom_1762385622225{margin-bottom: 25px !important;}\u00bb link=\u00bbhttps:\/\/arl-iowa.org\/get-involved\/events\/\u00bb][vc_custom_heading text=\u00bbEventos\u00bb font_container=\u00bbtag:h3|text_align:center\u00bb use_theme_fonts=\u00bbyes\u00bb css=\u00bb.vc_custom_1762385626754{margin-bottom: 15px !important;}\u00bb link=\u00bburl:https%3A%2F%2Farl-iowa.org%2Fget-involved%2Fevents%2F|\u00bb][vc_column_text css=\u00bb.vc_custom_1759965306087{margin-bottom: 25px !important;}\u00bb el_class=\u00bbequal-description\u00bb]<\/p>\n<p style=\"text-align: center;\">\u00a1Mant\u00e9ngase al d\u00eda sobre los eventos emblem\u00e1ticos de la ARL, orientaciones, eventos de adopci\u00f3n, clases de entrenamiento y mucho m\u00e1s!<\/p>\n<p>[\/vc_column_text][\/vc_column_inner][vc_column_inner css=\u00bb.vc_custom_1760055591609{padding-top: 0px !important;}\u00bb][vc_btn title=\u00bbM\u00e1s informaci\u00f3n\u00bb style=\u00bbcustom\u00bb custom_background=\u00bb#777777&#8243; custom_text=\u00bb#ffffff\u00bb shape=\u00bbsquare\u00bb size=\u00bblg\u00bb align=\u00bbcenter\u00bb css=\u00bb.vc_custom_1762385630727{margin-bottom: 0px !important;}\u00bb link=\u00bburl:https%3A%2F%2Farl-iowa.org%2Fget-involved%2Fevents%2F|\u00bb][vc_empty_space height=\u00bb45px\u00bb][\/vc_column_inner][\/vc_row_inner][vc_empty_space height=\u00bb35px\u00bb][\/vc_column][vc_column width=\u00bb1\/2&#8243; offset=\u00bbvc_col-lg-3 vc_col-md-4&#8243; css=\u00bb.vc_custom_1762385635086{padding-top: 0px !important;background-color: #FFFFFF !important;}\u00bb][vc_row_inner css=\u00bb.vc_custom_1760055830534{border-top-width: 20px !important;padding-right: 0.781vw !important;padding-left: 0.781vw !important;border-top-style: solid !important;border-color: #6D8D24 !important;}\u00bb el_class=\u00bbbox-shadow\u00bb][vc_column_inner el_class=\u00bbequal-height\u00bb css=\u00bb.vc_custom_1760055689525{padding-top: 0px !important;background-color: #FFFFFF !important;}\u00bb][vc_empty_space height=\u00bb35px\u00bb][vc_single_image image=\u00bb98033&#8243; img_size=\u00bb800&#215;462&#8243; onclick=\u00bbcustom_link\u00bb css=\u00bb.vc_custom_1787269424441{margin-bottom: 25px !important;}\u00bb link=\u00bbhttps:\/\/arl-iowa.org\/es\/participe\/programa-therapets-blumenthal\/\u00bb][vc_custom_heading text=\u00bbTheraPets\u00bb font_container=\u00bbtag:h3|text_align:center\u00bb use_theme_fonts=\u00bbyes\u00bb css=\u00bb.vc_custom_1787269418823{margin-bottom: 15px !important;}\u00bb link=\u00bburl:https%3A%2F%2Farl-iowa.org%2Fes%2Fparticipe%2Fprograma-therapets-blumenthal%2F\u00bb][vc_column_text css=\u00bb.vc_custom_1759965309919{margin-bottom: 25px !important;}\u00bb el_class=\u00bbequal-description\u00bb]<\/p>\n<p style=\"text-align: center;\">Los TheraPets brindan felicidad y consuelo a quienes m\u00e1s lo necesitan en nuestra comunidad.<\/p>\n<p>[\/vc_column_text][\/vc_column_inner][vc_column_inner css=\u00bb.vc_custom_1760055595768{padding-top: 0px !important;}\u00bb][vc_btn title=\u00bbM\u00e1s informaci\u00f3n\u00bb style=\u00bbcustom\u00bb custom_background=\u00bb#777777&#8243; custom_text=\u00bb#ffffff\u00bb shape=\u00bbsquare\u00bb size=\u00bblg\u00bb align=\u00bbcenter\u00bb css=\u00bb.vc_custom_1787269359709{margin-bottom: 0px !important;}\u00bb link=\u00bburl:https%3A%2F%2Farl-iowa.org%2Fes%2Fparticipe%2Fprograma-therapets-blumenthal%2F\u00bb][vc_empty_space height=\u00bb45px\u00bb][\/vc_column_inner][\/vc_row_inner][vc_empty_space height=\u00bb35px\u00bb][\/vc_column][vc_column width=\u00bb1\/2&#8243; css=\u00bb.vc_custom_1762385656270{padding-top: 0px !important;background-color: #FFFFFF !important;}\u00bb offset=\u00bbvc_col-lg-3 vc_col-md-4&#8243;][vc_row_inner css=\u00bb.vc_custom_1760055994340{border-top-width: 20px !important;padding-right: 0.781vw !important;padding-left: 0.781vw !important;border-top-style: solid !important;border-color: #6D8D24 !important;}\u00bb el_class=\u00bbbox-shadow\u00bb][vc_column_inner el_class=\u00bbequal-height-2nd-row\u00bb css=\u00bb.vc_custom_1760055856955{padding-top: 0px !important;background-color: #FFFFFF !important;}\u00bb][vc_empty_space height=\u00bb35px\u00bb][vc_single_image image=\u00bb98034&#8243; img_size=\u00bb800&#215;462&#8243; onclick=\u00bbcustom_link\u00bb css=\u00bb.vc_custom_1787269451871{margin-bottom: 25px !important;}\u00bb link=\u00bbhttps:\/\/arl-iowa.org\/es\/participe\/alquiler-de-instalaciones\/\u00bb][vc_custom_heading text=\u00bbAlquiler de instalaciones\u00bb font_container=\u00bbtag:h3|text_align:center\u00bb use_theme_fonts=\u00bbyes\u00bb css=\u00bb.vc_custom_1787269445292{margin-bottom: 15px !important;}\u00bb link=\u00bburl:https%3A%2F%2Farl-iowa.org%2Fes%2Fparticipe%2Falquiler-de-instalaciones%2F\u00bb][vc_column_text css=\u00bb.vc_custom_1759965316871{margin-bottom: 25px !important;}\u00bb el_class=\u00bbequal-description\u00bb]<\/p>\n<p style=\"text-align: center;\">Organice su pr\u00f3xima reuni\u00f3n, formaci\u00f3n, fiesta navide\u00f1a, despedida de soltera o evento ben\u00e9fico en la ARL.<\/p>\n<p>[\/vc_column_text][\/vc_column_inner][vc_column_inner css=\u00bb.vc_custom_1760055939936{padding-top: 0px !important;}\u00bb][vc_btn title=\u00bbM\u00e1s informaci\u00f3n\u00bb style=\u00bbcustom\u00bb custom_background=\u00bb#777777&#8243; custom_text=\u00bb#ffffff\u00bb shape=\u00bbsquare\u00bb size=\u00bblg\u00bb align=\u00bbcenter\u00bb css=\u00bb.vc_custom_1787269438936{margin-bottom: 0px !important;}\u00bb link=\u00bburl:https%3A%2F%2Farl-iowa.org%2Fes%2Fparticipe%2Falquiler-de-instalaciones%2F\u00bb][vc_empty_space height=\u00bb45px\u00bb][\/vc_column_inner][\/vc_row_inner][vc_empty_space height=\u00bb35px\u00bb][\/vc_column][vc_column width=\u00bb1\/2&#8243; css=\u00bb.vc_custom_1762385674908{padding-top: 0px !important;background-color: #FFFFFF !important;}\u00bb offset=\u00bbvc_col-lg-3 vc_col-md-4&#8243;][vc_row_inner css=\u00bb.vc_custom_1760056020721{border-top-width: 20px !important;padding-right: 0.781vw !important;padding-left: 0.781vw !important;border-top-style: solid !important;border-color: #6D8D24 !important;}\u00bb el_class=\u00bbbox-shadow\u00bb][vc_column_inner el_class=\u00bbequal-height-2nd-row\u00bb css=\u00bb.vc_custom_1760055870484{padding-top: 0px !important;background-color: #FFFFFF !important;}\u00bb][vc_empty_space height=\u00bb35px\u00bb][vc_single_image image=\u00bb98035&#8243; img_size=\u00bb800&#215;462&#8243; onclick=\u00bbcustom_link\u00bb css=\u00bb.vc_custom_1787269482524{margin-bottom: 25px !important;}\u00bb link=\u00bbhttps:\/\/arl-iowa.org\/es\/participe\/cumpleanos\/\u00bb][vc_custom_heading text=\u00bbCumplea\u00f1os\u00bb font_container=\u00bbtag:h3|text_align:center\u00bb use_theme_fonts=\u00bbyes\u00bb css=\u00bb.vc_custom_1787269476668{margin-bottom: 15px !important;}\u00bb link=\u00bburl:https%3A%2F%2Farl-iowa.org%2Fes%2Fparticipe%2Fcumpleanos%2F\u00bb][vc_column_text css=\u00bb.vc_custom_1759965320252{margin-bottom: 25px !important;}\u00bb el_class=\u00bbequal-description\u00bb]<\/p>\n<p style=\"text-align: center;\">\u00a1Celebre su cumplea\u00f1os, el de su perro o su \u00abd\u00eda de adopci\u00f3n\u00bb en la ARL! Disponemos de varios paquetes para que sea el mejor d\u00eda de su vida.<\/p>\n<p>[\/vc_column_text][\/vc_column_inner][vc_column_inner css=\u00bb.vc_custom_1760055949499{padding-top: 0px !important;}\u00bb][vc_btn title=\u00bbM\u00e1s informaci\u00f3n\u00bb style=\u00bbcustom\u00bb custom_background=\u00bb#777777&#8243; custom_text=\u00bb#ffffff\u00bb shape=\u00bbsquare\u00bb size=\u00bblg\u00bb align=\u00bbcenter\u00bb css=\u00bb.vc_custom_1787269464549{margin-bottom: 0px !important;}\u00bb link=\u00bburl:https%3A%2F%2Farl-iowa.org%2Fes%2Fparticipe%2Fcumpleanos%2F\u00bb][vc_empty_space height=\u00bb45px\u00bb][\/vc_column_inner][\/vc_row_inner][vc_empty_space height=\u00bb35px\u00bb][\/vc_column][vc_column width=\u00bb1\/2&#8243; css=\u00bb.vc_custom_1762385718058{padding-top: 0px !important;background-color: #FFFFFF !important;}\u00bb offset=\u00bbvc_col-lg-3 vc_col-md-4&#8243;][vc_row_inner css=\u00bb.vc_custom_1760056043737{border-top-width: 20px !important;padding-right: 0.781vw !important;padding-left: 0.781vw !important;border-top-style: solid !important;border-color: #6D8D24 !important;}\u00bb el_class=\u00bbbox-shadow\u00bb][vc_column_inner el_class=\u00bbequal-height-2nd-row\u00bb css=\u00bb.vc_custom_1760055888570{padding-top: 0px !important;background-color: #FFFFFF !important;}\u00bb][vc_empty_space height=\u00bb35px\u00bb][vc_single_image image=\u00bb98036&#8243; img_size=\u00bb800&#215;462&#8243; onclick=\u00bbcustom_link\u00bb css=\u00bb.vc_custom_1787269511748{margin-bottom: 25px !important;}\u00bb link=\u00bbhttps:\/\/arl-iowa.org\/es\/participe\/para-ninos-familias\/\u00bb][vc_custom_heading text=\u00bbPara ni\u00f1os y familias\u00bb font_container=\u00bbtag:h3|text_align:center\u00bb use_theme_fonts=\u00bbyes\u00bb css=\u00bb.vc_custom_1787269502393{margin-bottom: 15px !important;}\u00bb link=\u00bburl:https%3A%2F%2Farl-iowa.org%2Fes%2Fparticipe%2Fpara-ninos-familias%2F\u00bb][vc_column_text css=\u00bb.vc_custom_1759965324349{margin-bottom: 25px !important;}\u00bb el_class=\u00bbequal-description\u00bb]<\/p>\n<p style=\"text-align: center;\">La ARL ofrece actividades divertidas y educativas para ni\u00f1os de todas las edades. Tambi\u00e9n puede celebrar la fiesta de cumplea\u00f1os de su hijo en la ARL.<\/p>\n<p>[\/vc_column_text][\/vc_column_inner][vc_column_inner css=\u00bb.vc_custom_1760055959496{padding-top: 0px !important;}\u00bb][vc_btn title=\u00bbM\u00e1s informaci\u00f3n\u00bb style=\u00bbcustom\u00bb custom_background=\u00bb#777777&#8243; custom_text=\u00bb#ffffff\u00bb shape=\u00bbsquare\u00bb size=\u00bblg\u00bb align=\u00bbcenter\u00bb css=\u00bb.vc_custom_1787269494633{margin-bottom: 0px !important;}\u00bb link=\u00bburl:https%3A%2F%2Farl-iowa.org%2Fes%2Fparticipe%2Fpara-ninos-familias%2F\u00bb][vc_empty_space height=\u00bb45px\u00bb][\/vc_column_inner][\/vc_row_inner][vc_empty_space height=\u00bb35px\u00bb][\/vc_column][vc_column width=\u00bb1\/2&#8243; css=\u00bb.vc_custom_1762385740214{padding-top: 0px !important;background-color: #FFFFFF !important;}\u00bb offset=\u00bbvc_col-lg-3 vc_col-md-4&#8243;][vc_row_inner css=\u00bb.vc_custom_1760056064895{border-top-width: 20px !important;padding-right: 0.781vw !important;padding-left: 0.781vw !important;border-top-style: solid !important;border-color: #6D8D24 !important;}\u00bb el_class=\u00bbbox-shadow\u00bb][vc_column_inner el_class=\u00bbequal-height-2nd-row\u00bb css=\u00bb.vc_custom_1760055907336{padding-top: 0px !important;background-color: #FFFFFF !important;}\u00bb][vc_empty_space height=\u00bb35px\u00bb][vc_single_image image=\u00bb97915&#8243; img_size=\u00bb800&#215;462&#8243; onclick=\u00bbcustom_link\u00bb css=\u00bb.vc_custom_1787269538624{margin-bottom: 25px !important;}\u00bb link=\u00bbhttps:\/\/arl-iowa.org\/es\/participe\/para-empresas\/\u00bb][vc_custom_heading text=\u00bbPara Empresas\u00bb font_container=\u00bbtag:h3|text_align:center\u00bb use_theme_fonts=\u00bbyes\u00bb css=\u00bb.vc_custom_1787269531931{margin-bottom: 15px !important;}\u00bb link=\u00bburl:https%3A%2F%2Farl-iowa.org%2Fes%2Fparticipe%2Fpara-empresas%2F\u00bb][vc_column_text css=\u00bb.vc_custom_1759965328545{margin-bottom: 25px !important;}\u00bb el_class=\u00bbequal-description\u00bb]<\/p>\n<p style=\"text-align: center;\">Las empresas locales pueden apoyar a la ARL de diversas maneras. Es bueno para los animales y para sus empleados.<\/p>\n<p>[\/vc_column_text][\/vc_column_inner][vc_column_inner css=\u00bb.vc_custom_1760055964097{padding-top: 0px !important;}\u00bb][vc_btn title=\u00bbM\u00e1s informaci\u00f3n\u00bb style=\u00bbcustom\u00bb custom_background=\u00bb#777777&#8243; custom_text=\u00bb#ffffff\u00bb shape=\u00bbsquare\u00bb size=\u00bblg\u00bb align=\u00bbcenter\u00bb css=\u00bb.vc_custom_1787269525408{margin-bottom: 0px !important;}\u00bb link=\u00bburl:https%3A%2F%2Farl-iowa.org%2Fes%2Fparticipe%2Fpara-empresas%2F\u00bb][vc_empty_space height=\u00bb45px\u00bb][\/vc_column_inner][\/vc_row_inner][vc_empty_space height=\u00bb35px\u00bb][\/vc_column][vc_column width=\u00bb1\/2&#8243; css=\u00bb.vc_custom_1762385758590{padding-top: 0px !important;background-color: #FFFFFF !important;}\u00bb offset=\u00bbvc_col-lg-3 vc_col-md-4&#8243;][vc_row_inner css=\u00bb.vc_custom_1760056188909{border-top-width: 20px !important;padding-right: 0.781vw !important;padding-left: 0.781vw !important;border-top-style: solid !important;border-color: #6D8D24 !important;}\u00bb el_class=\u00bbbox-shadow\u00bb][vc_column_inner el_class=\u00bbequal-height-3rd-row\u00bb css=\u00bb.vc_custom_1760056166924{padding-top: 0px !important;background-color: #FFFFFF !important;}\u00bb][vc_empty_space height=\u00bb35px\u00bb][vc_single_image image=\u00bb98037&#8243; img_size=\u00bb800&#215;462&#8243; onclick=\u00bbcustom_link\u00bb css=\u00bb.vc_custom_1787269576737{margin-bottom: 25px !important;}\u00bb link=\u00bbhttps:\/\/arl-iowa.org\/es\/participe\/un-dia-fuera-para-el-perro\/\u00bb][vc_custom_heading text=\u00bbD\u00eda de paseo para perros\u00bb font_container=\u00bbtag:h3|text_align:center\u00bb use_theme_fonts=\u00bbyes\u00bb css=\u00bb.vc_custom_1787269570909{margin-bottom: 15px !important;}\u00bb link=\u00bburl:https%3A%2F%2Farl-iowa.org%2Fes%2Fparticipe%2Fun-dia-fuera-para-el-perro%2F\u00bb][vc_column_text css=\u00bb.vc_custom_1758812734617{margin-bottom: 25px !important;}\u00bb]<\/p>\n<p style=\"text-align: center;\">\u00a1Venga a la ARL y lleve a un perro en adopci\u00f3n de excursi\u00f3n! \u00a1Ll\u00e9velo a pasear, a por un premio especial o pase el d\u00eda como prefiera!<\/p>\n<p>[\/vc_column_text][\/vc_column_inner][vc_column_inner css=\u00bb.vc_custom_1760056088498{padding-top: 0px !important;}\u00bb][vc_btn title=\u00bbM\u00e1s informaci\u00f3n\u00bb style=\u00bbcustom\u00bb custom_background=\u00bb#777777&#8243; custom_text=\u00bb#ffffff\u00bb shape=\u00bbsquare\u00bb size=\u00bblg\u00bb align=\u00bbcenter\u00bb css=\u00bb.vc_custom_1787269563945{margin-bottom: 0px !important;}\u00bb link=\u00bburl:https%3A%2F%2Farl-iowa.org%2Fes%2Fparticipe%2Fun-dia-fuera-para-el-perro%2F\u00bb][vc_empty_space height=\u00bb45px\u00bb][\/vc_column_inner][\/vc_row_inner][vc_empty_space height=\u00bb35px\u00bb][\/vc_column][vc_column width=\u00bb1\/2&#8243; css=\u00bb.vc_custom_1762385791067{padding-top: 0px !important;background-color: #FFFFFF !important;}\u00bb offset=\u00bbvc_col-lg-3 vc_col-md-4&#8243;][vc_row_inner css=\u00bb.vc_custom_1760056147162{border-top-width: 20px !important;padding-right: 0.781vw !important;padding-left: 0.781vw !important;border-top-style: solid !important;border-color: #6D8D24 !important;}\u00bb el_class=\u00bbbox-shadow\u00bb][vc_column_inner el_class=\u00bbequal-height-3rd-row\u00bb css=\u00bb.vc_custom_1760056129463{padding-top: 0px !important;background-color: #FFFFFF !important;}\u00bb][vc_empty_space height=\u00bb35px\u00bb][vc_single_image image=\u00bb97919&#8243; img_size=\u00bb800&#215;462&#8243; onclick=\u00bbcustom_link\u00bb css=\u00bb.vc_custom_1787343159181{margin-bottom: 25px !important;}\u00bb link=\u00bbhttps:\/\/arl-iowa.org\/es\/participe\/red-de-accion-humanitaria\/\u00bb][vc_custom_heading text=\u00bbRed de Acci\u00f3n Humanitaria\u00bb font_container=\u00bbtag:h3|text_align:center\u00bb use_theme_fonts=\u00bbyes\u00bb css=\u00bb.vc_custom_1787269654984{margin-bottom: 15px !important;}\u00bb link=\u00bburl:https%3A%2F%2Farl-iowa.org%2Fes%2Fparticipe%2Fred-de-accion-humanitaria%2F\u00bb][vc_column_text css=\u00bb.vc_custom_1761255979696{margin-bottom: 25px !important;}\u00bb]<\/p>\n<p style=\"text-align: center;\">Usted puede ayudar a la ARL uni\u00e9ndose a la Red de Acci\u00f3n Humanitaria y apoyar a la comunidad abogando por nuestros animales.<\/p>\n<p>[\/vc_column_text][\/vc_column_inner][vc_column_inner css=\u00bb.vc_custom_1760056105402{padding-top: 0px !important;}\u00bb][vc_btn title=\u00bbM\u00e1s informaci\u00f3n\u00bb style=\u00bbcustom\u00bb custom_background=\u00bb#777777&#8243; custom_text=\u00bb#ffffff\u00bb shape=\u00bbsquare\u00bb size=\u00bblg\u00bb align=\u00bbcenter\u00bb css=\u00bb.vc_custom_1787269589889{margin-bottom: 0px !important;}\u00bb link=\u00bburl:https%3A%2F%2Farl-iowa.org%2Fes%2Fparticipe%2Fred-de-accion-humanitaria%2F\u00bb][vc_empty_space height=\u00bb45px\u00bb][\/vc_column_inner][\/vc_row_inner][vc_empty_space height=\u00bb35px\u00bb][\/vc_column][vc_column width=\u00bb1\/2&#8243; css=\u00bb.vc_custom_1762385814078{padding-top: 0px !important;background-color: #FFFFFF !important;}\u00bb offset=\u00bbvc_col-lg-3 vc_col-md-4&#8243;][vc_row_inner css=\u00bb.vc_custom_1760056147162{border-top-width: 20px !important;padding-right: 0.781vw !important;padding-left: 0.781vw !important;border-top-style: solid !important;border-color: #6D8D24 !important;}\u00bb el_class=\u00bbbox-shadow\u00bb][vc_column_inner el_class=\u00bbequal-height-3rd-row\u00bb css=\u00bb.vc_custom_1760056129463{padding-top: 0px !important;background-color: #FFFFFF !important;}\u00bb][vc_empty_space height=\u00bb35px\u00bb][vc_single_image image=\u00bb98018&#8243; img_size=\u00bb800&#215;462&#8243; onclick=\u00bbcustom_link\u00bb css=\u00bb.vc_custom_1787269682188{margin-bottom: 25px !important;}\u00bb link=\u00bbhttps:\/\/arl-iowa.org\/es\/participe\/podcast-for-love-of-animals-de-la-arl\/\u00bb][vc_custom_heading text=\u00bbPodcast \u00abFor Love of Animals\u00bb de la ARL\u00bb font_container=\u00bbtag:h3|text_align:center\u00bb use_theme_fonts=\u00bbyes\u00bb css=\u00bb.vc_custom_1787269675595{margin-bottom: 15px !important;}\u00bb el_class=\u00bbequal-title\u00bb link=\u00bburl:https%3A%2F%2Farl-iowa.org%2Fes%2Fparticipe%2Fpodcast-for-love-of-animals-de-la-arl%2F\u00bb][vc_column_text css=\u00bb.vc_custom_1759965187205{margin-bottom: 25px !important;}\u00bb el_class=\u00bbequal-description\u00bb]<\/p>\n<p style=\"text-align: center;\">Sintonice para obtener consejos sobre el comportamiento de las mascotas, informaci\u00f3n divertida, y mantenerse al d\u00eda sobre programas, acontecimientos e historias de \u00e9xito de la ARL.<\/p>\n<p>[\/vc_column_text][\/vc_column_inner][vc_column_inner css=\u00bb.vc_custom_1760056105402{padding-top: 0px !important;}\u00bb][vc_btn title=\u00bbM\u00e1s informaci\u00f3n\u00bb style=\u00bbcustom\u00bb custom_background=\u00bb#777777&#8243; custom_text=\u00bb#ffffff\u00bb shape=\u00bbsquare\u00bb size=\u00bblg\u00bb align=\u00bbcenter\u00bb css=\u00bb.vc_custom_1787269667954{margin-bottom: 0px !important;}\u00bb link=\u00bburl:https%3A%2F%2Farl-iowa.org%2Fes%2Fparticipe%2Fpodcast-for-love-of-animals-de-la-arl%2F|title:El%20podcast%20%C2%ABFor%20Love%20of%20Animals%C2%BB%20de%20la%20ARL\u00bb][vc_empty_space height=\u00bb45px\u00bb][\/vc_column_inner][\/vc_row_inner][\/vc_column][\/vc_row][vc_row full_width=\u00bbstretch_row\u00bb][vc_column css=\u00bb.vc_custom_1723229133129{padding-top: 0px !important;}\u00bb][vc_empty_space height=\u00bb65px\u00bb el_class=\u00bbes-large\u00bb][\/vc_column][\/vc_row]<\/p>\n<\/div>","protected":false},"excerpt":{"rendered":"<p>[vc_row full_width=\u00bbstretch_row\u00bb el_class=\u00bblight\u00bb css=\u00bb.vc_custom_1755199996169{background: #652D89 url(https:\/\/arl-iowa.org\/wp-content\/uploads\/2025\/08\/Get-Involved-Header.jpg?id=2837) !important;background-position: center !important;background-repeat: no-repeat !important;background-size: cover !important;}\u00bb][vc_column css=\u00bb.vc_custom_1759939480914{padding-top: 0px !important;}\u00bb][vc_empty_space height=\u00bb200px\u00bb el_class=\u00bbes-large\u00bb][vc_custom_heading source=\u00bbpost_title\u00bb font_container=\u00bbtag:h1|text_align:left|line_height:1&#8243; use_theme_fonts=\u00bbyes\u00bb css=\u00bb.vc_custom_1757349262590{margin-bottom: 0px !important;}\u00bb el_class=\u00bbtxt-shadow\u00bb][vc_empty_space height=\u00bb50px\u00bb][\/vc_column][\/vc_row][vc_row full_width=\u00bbstretch_row\u00bb][vc_column css=\u00bb.vc_custom_1723229133129{padding-top: 0px !important;}\u00bb][vc_empty_space [&hellip;]<\/p>\n","protected":false},"author":4,"featured_media":0,"parent":0,"menu_order":0,"comment_status":"closed","ping_status":"closed","template":"","meta":{"_acf_changed":false,"inline_featured_image":false,"ai_generated_summary":"","footnotes":""},"class_list":["post-98030","page","type-page","status-publish","hentry"],"yoast_head":"<!-- This site is optimized with the Yoast SEO plugin v28.4 - https:\/\/yoast.com\/product\/yoast-seo-wordpress\/ -->\n<title>Participe | Animal Rescue League of Iowa<\/title>\n<meta name=\"description\" content=\"Usted puede participar como voluntario, acogiendo animales, participando en eventos, organizando fiestas o comprando en la ARL.\" \/>\n<meta name=\"robots\" content=\"index, follow, max-snippet:-1, max-image-preview:large, max-video-preview:-1\" \/>\n<link rel=\"canonical\" href=\"https:\/\/arl-iowa.org\/es\/participe\/\" \/>\n<meta property=\"og:locale\" content=\"es_ES\" \/>\n<meta property=\"og:type\" content=\"article\" \/>\n<meta property=\"og:title\" content=\"Participe | Animal Rescue League of Iowa\" \/>\n<meta property=\"og:description\" content=\"Usted puede participar como voluntario, acogiendo animales, participando en eventos, organizando fiestas o comprando en la ARL.\" \/>\n<meta property=\"og:url\" content=\"https:\/\/arl-iowa.org\/es\/participe\/\" \/>\n<meta property=\"og:site_name\" content=\"ARL - Animal Rescue League of Iowa, Inc.\" \/>\n<meta property=\"article:publisher\" content=\"https:\/\/www.facebook.com\/ARLIowa\" \/>\n<meta property=\"article:modified_time\" content=\"2026-08-21T20:12:42+00:00\" \/>\n<meta property=\"og:image\" content=\"https:\/\/arl-iowa.org\/wp-content\/uploads\/2025\/10\/social-graphic-yoast-seo.jpg\" \/>\n\t<meta property=\"og:image:width\" content=\"1200\" \/>\n\t<meta property=\"og:image:height\" content=\"630\" \/>\n\t<meta property=\"og:image:type\" content=\"image\/jpeg\" \/>\n<meta name=\"twitter:card\" content=\"summary_large_image\" \/>\n<meta name=\"twitter:site\" content=\"@ARLIowa\" \/>\n<meta name=\"twitter:label1\" content=\"Tiempo de lectura\" \/>\n\t<meta name=\"twitter:data1\" content=\"5 minutos\" \/>\n<script type=\"application\/ld+json\" class=\"yoast-schema-graph\">{\"@context\":\"https:\\\/\\\/schema.org\",\"@graph\":[{\"@type\":\"WebPage\",\"@id\":\"https:\\\/\\\/arl-iowa.org\\\/es\\\/participe\\\/\",\"url\":\"https:\\\/\\\/arl-iowa.org\\\/es\\\/participe\\\/\",\"name\":\"Participe | Animal Rescue League of Iowa\",\"isPartOf\":{\"@id\":\"https:\\\/\\\/arl-iowa.org\\\/es\\\/#website\"},\"datePublished\":\"2025-07-10T15:48:05+00:00\",\"dateModified\":\"2026-08-21T20:12:42+00:00\",\"description\":\"Usted puede participar como voluntario, acogiendo animales, participando en eventos, organizando fiestas o comprando en la ARL.\",\"breadcrumb\":{\"@id\":\"https:\\\/\\\/arl-iowa.org\\\/es\\\/participe\\\/#breadcrumb\"},\"inLanguage\":\"es\",\"potentialAction\":[{\"@type\":\"ReadAction\",\"target\":[\"https:\\\/\\\/arl-iowa.org\\\/es\\\/participe\\\/\"]}]},{\"@type\":\"BreadcrumbList\",\"@id\":\"https:\\\/\\\/arl-iowa.org\\\/es\\\/participe\\\/#breadcrumb\",\"itemListElement\":[{\"@type\":\"ListItem\",\"position\":1,\"name\":\"Home\",\"item\":\"https:\\\/\\\/arl-iowa.org\\\/es\\\/\"},{\"@type\":\"ListItem\",\"position\":2,\"name\":\"Participe\"}]},{\"@type\":\"WebSite\",\"@id\":\"https:\\\/\\\/arl-iowa.org\\\/es\\\/#website\",\"url\":\"https:\\\/\\\/arl-iowa.org\\\/es\\\/\",\"name\":\"ARL - Animal Rescue League of Iowa, Inc.\",\"description\":\"Iowa&#039;s largest nonprofit animal shelter, caring for many thousands of pets each year\",\"publisher\":{\"@id\":\"https:\\\/\\\/arl-iowa.org\\\/es\\\/#organization\"},\"potentialAction\":[{\"@type\":\"SearchAction\",\"target\":{\"@type\":\"EntryPoint\",\"urlTemplate\":\"https:\\\/\\\/arl-iowa.org\\\/es\\\/?s={search_term_string}\"},\"query-input\":{\"@type\":\"PropertyValueSpecification\",\"valueRequired\":true,\"valueName\":\"search_term_string\"}}],\"inLanguage\":\"es\"},{\"@type\":\"Organization\",\"@id\":\"https:\\\/\\\/arl-iowa.org\\\/es\\\/#organization\",\"name\":\"Animal Rescue League of Iowa, Inc.\",\"alternateName\":\"ARL Iowa\",\"url\":\"https:\\\/\\\/arl-iowa.org\\\/es\\\/\",\"logo\":{\"@type\":\"ImageObject\",\"inLanguage\":\"es\",\"@id\":\"https:\\\/\\\/arl-iowa.org\\\/es\\\/#\\\/schema\\\/logo\\\/image\\\/\",\"url\":\"https:\\\/\\\/arl-iowa.org\\\/wp-content\\\/uploads\\\/2025\\\/10\\\/ARL_LogoHoriz_Transparent.png\",\"contentUrl\":\"https:\\\/\\\/arl-iowa.org\\\/wp-content\\\/uploads\\\/2025\\\/10\\\/ARL_LogoHoriz_Transparent.png\",\"width\":900,\"height\":450,\"caption\":\"Animal Rescue League of Iowa, Inc.\"},\"image\":{\"@id\":\"https:\\\/\\\/arl-iowa.org\\\/es\\\/#\\\/schema\\\/logo\\\/image\\\/\"},\"sameAs\":[\"https:\\\/\\\/www.facebook.com\\\/ARLIowa\",\"https:\\\/\\\/x.com\\\/ARLIowa\",\"http:\\\/\\\/instagram.com\\\/ARLiowa\",\"https:\\\/\\\/www.youtube.com\\\/user\\\/arliowa\",\"https:\\\/\\\/www.tiktok.com\\\/@arliowa\"]}]}<\/script>\n<!-- \/ Yoast SEO plugin. -->","yoast_head_json":{"title":"Participe | Animal Rescue League of Iowa","description":"Usted puede participar como voluntario, acogiendo animales, participando en eventos, organizando fiestas o comprando en la ARL.","robots":{"index":"index","follow":"follow","max-snippet":"max-snippet:-1","max-image-preview":"max-image-preview:large","max-video-preview":"max-video-preview:-1"},"canonical":"https:\/\/arl-iowa.org\/es\/participe\/","og_locale":"es_ES","og_type":"article","og_title":"Participe | Animal Rescue League of Iowa","og_description":"Usted puede participar como voluntario, acogiendo animales, participando en eventos, organizando fiestas o comprando en la ARL.","og_url":"https:\/\/arl-iowa.org\/es\/participe\/","og_site_name":"ARL - Animal Rescue League of Iowa, Inc.","article_publisher":"https:\/\/www.facebook.com\/ARLIowa","article_modified_time":"2026-08-21T20:12:42+00:00","og_image":[{"width":1200,"height":630,"url":"https:\/\/arl-iowa.org\/wp-content\/uploads\/2025\/10\/social-graphic-yoast-seo.jpg","type":"image\/jpeg"}],"twitter_card":"summary_large_image","twitter_site":"@ARLIowa","twitter_misc":{"Tiempo de lectura":"5 minutos"},"schema":{"@context":"https:\/\/schema.org","@graph":[{"@type":"WebPage","@id":"https:\/\/arl-iowa.org\/es\/participe\/","url":"https:\/\/arl-iowa.org\/es\/participe\/","name":"Participe | Animal Rescue League of Iowa","isPartOf":{"@id":"https:\/\/arl-iowa.org\/es\/#website"},"datePublished":"2025-07-10T15:48:05+00:00","dateModified":"2026-08-21T20:12:42+00:00","description":"Usted puede participar como voluntario, acogiendo animales, participando en eventos, organizando fiestas o comprando en la ARL.","breadcrumb":{"@id":"https:\/\/arl-iowa.org\/es\/participe\/#breadcrumb"},"inLanguage":"es","potentialAction":[{"@type":"ReadAction","target":["https:\/\/arl-iowa.org\/es\/participe\/"]}]},{"@type":"BreadcrumbList","@id":"https:\/\/arl-iowa.org\/es\/participe\/#breadcrumb","itemListElement":[{"@type":"ListItem","position":1,"name":"Home","item":"https:\/\/arl-iowa.org\/es\/"},{"@type":"ListItem","position":2,"name":"Participe"}]},{"@type":"WebSite","@id":"https:\/\/arl-iowa.org\/es\/#website","url":"https:\/\/arl-iowa.org\/es\/","name":"ARL - Animal Rescue League of Iowa, Inc.","description":"Iowa&#039;s largest nonprofit animal shelter, caring for many thousands of pets each year","publisher":{"@id":"https:\/\/arl-iowa.org\/es\/#organization"},"potentialAction":[{"@type":"SearchAction","target":{"@type":"EntryPoint","urlTemplate":"https:\/\/arl-iowa.org\/es\/?s={search_term_string}"},"query-input":{"@type":"PropertyValueSpecification","valueRequired":true,"valueName":"search_term_string"}}],"inLanguage":"es"},{"@type":"Organization","@id":"https:\/\/arl-iowa.org\/es\/#organization","name":"Animal Rescue League of Iowa, Inc.","alternateName":"ARL Iowa","url":"https:\/\/arl-iowa.org\/es\/","logo":{"@type":"ImageObject","inLanguage":"es","@id":"https:\/\/arl-iowa.org\/es\/#\/schema\/logo\/image\/","url":"https:\/\/arl-iowa.org\/wp-content\/uploads\/2025\/10\/ARL_LogoHoriz_Transparent.png","contentUrl":"https:\/\/arl-iowa.org\/wp-content\/uploads\/2025\/10\/ARL_LogoHoriz_Transparent.png","width":900,"height":450,"caption":"Animal Rescue League of Iowa, Inc."},"image":{"@id":"https:\/\/arl-iowa.org\/es\/#\/schema\/logo\/image\/"},"sameAs":["https:\/\/www.facebook.com\/ARLIowa","https:\/\/x.com\/ARLIowa","http:\/\/instagram.com\/ARLiowa","https:\/\/www.youtube.com\/user\/arliowa","https:\/\/www.tiktok.com\/@arliowa"]}]}},"acf":[],"_links":{"self":[{"href":"https:\/\/arl-iowa.org\/es\/wp-json\/wp\/v2\/pages\/98030","targetHints":{"allow":["GET"]}}],"collection":[{"href":"https:\/\/arl-iowa.org\/es\/wp-json\/wp\/v2\/pages"}],"about":[{"href":"https:\/\/arl-iowa.org\/es\/wp-json\/wp\/v2\/types\/page"}],"author":[{"embeddable":true,"href":"https:\/\/arl-iowa.org\/es\/wp-json\/wp\/v2\/users\/4"}],"replies":[{"embeddable":true,"href":"https:\/\/arl-iowa.org\/es\/wp-json\/wp\/v2\/comments?post=98030"}],"version-history":[{"count":7,"href":"https:\/\/arl-iowa.org\/es\/wp-json\/wp\/v2\/pages\/98030\/revisions"}],"predecessor-version":[{"id":100340,"href":"https:\/\/arl-iowa.org\/es\/wp-json\/wp\/v2\/pages\/98030\/revisions\/100340"}],"wp:attachment":[{"href":"https:\/\/arl-iowa.org\/es\/wp-json\/wp\/v2\/media?parent=98030"}],"curies":[{"name":"wp","href":"https:\/\/api.w.org\/{rel}","templated":true}]}}