{"id":97951,"date":"2026-06-30T10:33:41","date_gmt":"2026-06-30T15:33:41","guid":{"rendered":"https:\/\/arl-iowa.org\/alquiler-de-instalaciones\/"},"modified":"2026-08-21T14:10:37","modified_gmt":"2026-08-21T19:10:37","slug":"alquiler-de-instalaciones","status":"publish","type":"page","link":"https:\/\/arl-iowa.org\/es\/participe\/alquiler-de-instalaciones\/","title":{"rendered":"Alquiler de instalaciones"},"content":{"rendered":"<div class=\"wpb-content-wrapper\"><p>[vc_row full_width=\u00bbstretch_row\u00bb css=\u00bb.vc_custom_1760388400679{background: #652D89 url(https:\/\/arl-iowa.org\/wp-content\/uploads\/2025\/10\/FaciltyRental-Hero.jpg?id=13959) !important;background-position: center !important;background-repeat: no-repeat !important;background-size: cover !important;}\u00bb el_class=\u00bblight\u00bb][vc_column css=\u00bb.vc_custom_1759939480914{padding-top: 0px !important;}\u00bb][vc_empty_space height=\u00bb200px\u00bb el_class=\u00bbes-large\u00bb][vc_custom_heading source=\u00bbpost_title\u00bb font_container=\u00bbtag:h1|text_align:left|line_height:1&#8243; use_theme_fonts=\u00bbyes\u00bb css=\u00bb.vc_custom_1757349262590{margin-bottom: 0px !important;}\u00bb el_class=\u00bbtxt-shadow\u00bb][vc_empty_space height=\u00bb50px\u00bb][\/vc_column][\/vc_row][vc_row full_width=\u00bbstretch_row\u00bb][vc_column css=\u00bb.vc_custom_1723229133129{padding-top: 0px !important;}\u00bb][vc_empty_space height=\u00bb65px\u00bb el_class=\u00bbes-large\u00bb][\/vc_column][\/vc_row][vc_row full_width=\u00bbstretch_row\u00bb gap=\u00bb35&#8243;][vc_column width=\u00bb3\/4&#8243;][vc_custom_heading text=\u00bbLa Liga de Rescate Animal de Iowa se enorgullece de ofrecer el alquiler de sus instalaciones para su pr\u00f3ximo evento.\u00bb font_container=\u00bbtag:p|font_size:24px|text_align:left\u00bb use_theme_fonts=\u00bbyes\u00bb css=\u00bb.vc_custom_1786109322586{margin-bottom: 40px !important;}\u00bb el_class=\u00bbtxt-weight-700&#8243;][vc_column_text]Descubra una variedad de espacios para eventos interiores y exteriores en nuestro campus principal, as\u00ed como en el rancho Kruidenier Second Chance. Estos espacios son perfectos para su pr\u00f3xima reuni\u00f3n, formaci\u00f3n, despedida de soltera\/baby shower, banquete de boda, retiro de empresa, fiesta navide\u00f1a, \u00a1y mucho m\u00e1s!<\/p>\n<p>\u00bfQu\u00e9 hace que el alquiler de las instalaciones de la ARL sea \u00fanico? El 100 % de los ingresos de su alquiler se destina a ayudar a cuidar a los miles de animales que pasan por nuestras puertas cada a\u00f1o.[\/vc_column_text][vc_custom_heading text=\u00bbDetalles del alquiler\u00bb font_container=\u00bbtag:h4|text_align:left\u00bb use_theme_fonts=\u00bbyes\u00bb][vc_column_text]<\/p>\n<ul>\n<li>Se requiere un dep\u00f3sito no reembolsable del 25 % en el momento de la firma del contrato.<\/li>\n<li>Comida, bebida y alcohol disponibles para su compra.<\/li>\n<li>Los alquileres est\u00e1n disponibles los siete d\u00edas de la semana.<\/li>\n<li>Hay tarifas especiales disponibles para organizaciones sin \u00e1nimo de lucro 501(c)(3), descuentos por alquiler de varias salas o reuniones recurrentes entre semana.<\/li>\n<\/ul>\n<p>[\/vc_column_text][vc_column_text]Consulte a continuaci\u00f3n los detalles de cada espacio para eventos disponible.[\/vc_column_text][\/vc_column][vc_column width=\u00bb1\/4&#8243;]<style type=\"text\/css\">.vc_custom_1766524681407{border-top-width: 20px !important;border-top-style: solid !important;border-color: #E0D5E7 !important;}.vc_custom_1766524795795{padding-top: 1vh !important;padding-right: 30px !important;padding-bottom: 1vh !important;padding-left: 30px !important;}.vc_custom_1786110375859{margin-top: 15px !important;margin-bottom: 15px !important;}.vc_custom_1786110393917{margin-top: 15px !important;margin-bottom: 15px !important;}.vc_custom_1786110161877{margin-bottom: 0.625px !important;}<\/style>[vc_row css=\".vc_custom_1766524681407{border-top-width: 20px !important;border-top-style: solid !important;border-color: #E0D5E7 !important;}\" el_class=\"box-shadow\"][vc_column css=\".vc_custom_1766524795795{padding-top: 1vh !important;padding-right: 30px !important;padding-bottom: 1vh !important;padding-left: 30px !important;}\"][vc_empty_space height=\"20px\"][vc_custom_heading text=\"\u00bfEst\u00e1 listo para reservar?\" font_container=\"tag:h4|text_align:center\" use_theme_fonts=\"yes\"][vc_row_inner][vc_column_inner][vc_empty_space height=\"20px\"][\/vc_column_inner][\/vc_row_inner][vc_row_inner][vc_column_inner][vc_custom_heading text=\"\u00a1Contacte con nuestro equipo hoy mismo!\" font_container=\"tag:h6|text_align:center\" use_theme_fonts=\"yes\" css=\".vc_custom_1786110161877{margin-bottom: 0.625px !important;}\"][vc_custom_heading text=\"Equipo de eventos\" font_container=\"tag:h6|text_align:center\" use_theme_fonts=\"yes\"][\/vc_column_inner][\/vc_row_inner][vc_custom_heading text=\"(515) 473-9126\" font_container=\"tag:h5|text_align:center\" use_theme_fonts=\"yes\" css=\".vc_custom_1786110375859{margin-top: 15px !important;margin-bottom: 15px !important;}\" link=\"url:tel%3A%28515%29%20473-9126|\"][vc_custom_heading text=\"events@arl-iowa.org\" font_container=\"tag:h5|text_align:center\" use_theme_fonts=\"yes\" css=\".vc_custom_1786110393917{margin-top: 15px !important;margin-bottom: 15px !important;}\" link=\"url:mailto%3Aevents%40arl-iowa.org|\"][vc_empty_space height=\"20px\"][\/vc_column][\/vc_row][\/vc_column][\/vc_row][vc_row][vc_column]<div id=\"awsm-team-91748\" class=\"awsm-grid-wrapper\">\n\t\t\n\t\t<input type=\"hidden\" name=\"shortcode\" id=\"atb-shortcode\" value=91748>\n<\/div>[\/vc_column][\/vc_row][vc_row full_width=\u00bbstretch_row\u00bb gap=\u00bb35&#8243;][vc_column width=\u00bb3\/4&#8243;][vc_custom_heading text=\u00bbPreguntas frecuentes sobre el alquiler de instalaciones\u00bb use_theme_fonts=\u00bbyes\u00bb][vc_empty_space height=\u00bb35px\u00bb el_class=\u00bbes-large\u00bb][vc_row_inner][vc_column_inner width=\u00bb1\/2&#8243;][vc_toggle title=\u00bb\u00bfHay un n\u00famero m\u00ednimo y\/o m\u00e1ximo de invitados necesario para celebrar un evento en la ARL?\u00bb style=\u00bbround_outline\u00bb color=\u00bbgreen\u00bb]No hay un n\u00famero m\u00ednimo de invitados necesario para organizar un evento en las instalaciones de la Liga de Rescate Animal de Iowa. El m\u00e1ximo es de 200 personas.[\/vc_toggle][vc_toggle title=\u00bb\u00bfCon cu\u00e1nta antelaci\u00f3n necesitamos reservar el espacio?\u00bb style=\u00bbround_outline\u00bb color=\u00bbgreen\u00bb]Preferimos recibir un aviso de un mes para reservar un evento en la ARL. Sin embargo, generalmente podemos adaptarnos seg\u00fan la disponibilidad y los detalles del alquiler.[\/vc_toggle][vc_toggle title=\u00bb\u00bfPodemos traer nuestro propio servicio de catering?\u00bb style=\u00bbround_outline\u00bb color=\u00bbgreen\u00bb]S\u00ed, puede traer su propio servicio de catering. Podemos hacer recomendaciones de empresas de catering si lo solicita.[\/vc_toggle][vc_toggle title=\u00bb\u00bfSe requiere un dep\u00f3sito para reservar espacio en la ARL?\u00bb style=\u00bbround_outline\u00bb color=\u00bbgreen\u00bb]S\u00ed, se requiere un dep\u00f3sito no reembolsable, el 25 % de la tarifa de alquiler, que se aplica al alquiler de la sala, en el momento de la firma del contrato.[\/vc_toggle][vc_toggle title=\u00bb\u00bfNecesito traer mi propio equipo audiovisual?\u00bb style=\u00bbround_outline\u00bb color=\u00bbgreen\u00bb]La ARL dispone de equipos audiovisuales para uso de nuestros hu\u00e9spedes. Hable de sus necesidades con el personal de la ARL al reservar su evento. Este equipo tiene una tarifa de alquiler.[\/vc_toggle][\/vc_column_inner][vc_column_inner width=\u00bb1\/2&#8243;][vc_toggle title=\u00bb\u00bfPodemos decorar la sala para nuestro evento?\u00bb style=\u00bbround_outline\u00bb color=\u00bbgreen\u00bb]S\u00ed, pero todas las decoraciones deben ser aprobadas previamente por la ARL. No se permite nada que pueda hacer que la pintura se pele o deje residuos en las paredes.[\/vc_toggle][vc_toggle title=\u00bb\u00bfPodemos tener una banda o un DJ?\u00bb style=\u00bbround_outline\u00bb color=\u00bbgreen\u00bb]S\u00ed, puede haber m\u00fasica en su evento. Hable con un representante de la ARL para discutir los detalles espec\u00edficos. No permitimos m\u00e1quinas de humo o burbujas, luces estrobosc\u00f3picas, l\u00e1ser o de polic\u00eda en el edificio, por la seguridad de los animales.[\/vc_toggle][vc_toggle title=\u00bb\u00bfSirve alcohol la ARL?\u00bb style=\u00bbround_outline\u00bb color=\u00bbgreen\u00bb]S\u00ed, la ARL puede encargarse de todas sus necesidades de cerveza, vino y bebidas de vino. Sin embargo, nuestra licencia de licores no cubre licores fuertes. Hable con su representante de la ARL para obtener m\u00e1s informaci\u00f3n.[\/vc_toggle][vc_toggle title=\u00bb\u00bfHay un cargo por seguridad?\u00bb style=\u00bbround_outline\u00bb color=\u00bbgreen\u00bb]La ARL exige el uso de seguridad en cualquier evento que dispense bebidas alcoh\u00f3licas y\/o utilice cualquiera de las instalaciones\/locales exteriores fuera del horario comercial normal de la ARL. Hay un cargo por seguridad que debe ser coordinado entre el arrendatario y el proveedor de seguridad.[\/vc_toggle][\/vc_column_inner][\/vc_row_inner][\/vc_column][vc_column width=\u00bb1\/4&#8243;][vc_single_image image=\u00bb97952&#8243; img_size=\u00bbmedium\u00bb alignment=\u00bbcenter\u00bb onclick=\u00bbcustom_link\u00bb img_link_target=\u00bb_blank\u00bb link=\u00bbhttps:\/\/arl-iowa.org\/wp-content\/uploads\/2025\/10\/Facility-Rental-Brochure_2025.pdf\u00bb][vc_btn title=\u00bbDescargar folleto de alquiler de instalaciones\u00bb style=\u00bbcustom\u00bb custom_background=\u00bb#652D89&#8243; custom_text=\u00bb#ffffff\u00bb shape=\u00bbsquare\u00bb align=\u00bbcenter\u00bb link=\u00bburl:https%3A%2F%2Farl-iowa.org%2Fwp-content%2Fuploads%2F2025%2F10%2FFacility-Rental-Brochure_2025.pdf|\u00bb el_class=\u00bbbtn-alt\u00bb][\/vc_column][\/vc_row][vc_row full_width=\u00bbstretch_row\u00bb][vc_column css=\u00bb.vc_custom_1723229133129{padding-top: 0px !important;}\u00bb][\/vc_column][\/vc_row]<\/p>\n<\/div>","protected":false},"excerpt":{"rendered":"<p>[vc_row full_width=\u00bbstretch_row\u00bb css=\u00bb.vc_custom_1760388400679{background: #652D89 url(https:\/\/arl-iowa.org\/wp-content\/uploads\/2025\/10\/FaciltyRental-Hero.jpg?id=13959) !important;background-position: center !important;background-repeat: no-repeat !important;background-size: cover !important;}\u00bb el_class=\u00bblight\u00bb][vc_column css=\u00bb.vc_custom_1759939480914{padding-top: 0px !important;}\u00bb][vc_empty_space height=\u00bb200px\u00bb el_class=\u00bbes-large\u00bb][vc_custom_heading source=\u00bbpost_title\u00bb font_container=\u00bbtag:h1|text_align:left|line_height:1&#8243; use_theme_fonts=\u00bbyes\u00bb css=\u00bb.vc_custom_1757349262590{margin-bottom: 0px !important;}\u00bb el_class=\u00bbtxt-shadow\u00bb][vc_empty_space height=\u00bb50px\u00bb][\/vc_column][\/vc_row][vc_row full_width=\u00bbstretch_row\u00bb][vc_column css=\u00bb.vc_custom_1723229133129{padding-top: 0px !important;}\u00bb][vc_empty_space [&hellip;]<\/p>\n","protected":false},"author":5,"featured_media":0,"parent":98030,"menu_order":0,"comment_status":"closed","ping_status":"closed","template":"","meta":{"_acf_changed":false,"inline_featured_image":false,"ai_generated_summary":"","footnotes":""},"class_list":["post-97951","page","type-page","status-publish","hentry"],"yoast_head":"<!-- This site is optimized with the Yoast SEO plugin v28.4 - https:\/\/yoast.com\/product\/yoast-seo-wordpress\/ -->\n<title>Alquiler de instalaciones | Liga de Rescate Animal de Iowa<\/title>\n<meta name=\"description\" content=\"Organice su pr\u00f3xima reuni\u00f3n, formaci\u00f3n, fiesta navide\u00f1a, despedida de soltera o evento ben\u00e9fico en la ARL.\" \/>\n<meta name=\"robots\" content=\"index, follow, max-snippet:-1, max-image-preview:large, max-video-preview:-1\" \/>\n<link rel=\"canonical\" href=\"https:\/\/arl-iowa.org\/es\/participe\/alquiler-de-instalaciones\/\" \/>\n<meta property=\"og:locale\" content=\"es_ES\" \/>\n<meta property=\"og:type\" content=\"article\" \/>\n<meta property=\"og:title\" content=\"Alquiler de instalaciones | Liga de Rescate Animal de Iowa\" \/>\n<meta property=\"og:description\" content=\"Organice su pr\u00f3xima reuni\u00f3n, formaci\u00f3n, fiesta navide\u00f1a, despedida de soltera o evento ben\u00e9fico en la ARL.\" \/>\n<meta property=\"og:url\" content=\"https:\/\/arl-iowa.org\/es\/participe\/alquiler-de-instalaciones\/\" \/>\n<meta property=\"og:site_name\" content=\"ARL - Animal Rescue League of Iowa, Inc.\" \/>\n<meta property=\"article:publisher\" content=\"https:\/\/www.facebook.com\/ARLIowa\" \/>\n<meta property=\"article:modified_time\" content=\"2026-08-21T19:10:37+00:00\" \/>\n<meta property=\"og:image\" content=\"https:\/\/arl-iowa.org\/wp-content\/uploads\/2025\/10\/social-graphic-yoast-seo.jpg\" \/>\n\t<meta property=\"og:image:width\" content=\"1200\" \/>\n\t<meta property=\"og:image:height\" content=\"630\" \/>\n\t<meta property=\"og:image:type\" content=\"image\/jpeg\" \/>\n<meta name=\"twitter:card\" content=\"summary_large_image\" \/>\n<meta name=\"twitter:site\" content=\"@ARLIowa\" \/>\n<meta name=\"twitter:label1\" content=\"Tiempo de lectura\" \/>\n\t<meta name=\"twitter:data1\" content=\"3 minutos\" \/>\n<script type=\"application\/ld+json\" class=\"yoast-schema-graph\">{\"@context\":\"https:\\\/\\\/schema.org\",\"@graph\":[{\"@type\":\"WebPage\",\"@id\":\"https:\\\/\\\/arl-iowa.org\\\/es\\\/participe\\\/alquiler-de-instalaciones\\\/\",\"url\":\"https:\\\/\\\/arl-iowa.org\\\/es\\\/participe\\\/alquiler-de-instalaciones\\\/\",\"name\":\"Alquiler de instalaciones | Liga de Rescate Animal de Iowa\",\"isPartOf\":{\"@id\":\"https:\\\/\\\/arl-iowa.org\\\/es\\\/#website\"},\"datePublished\":\"2026-06-30T15:33:41+00:00\",\"dateModified\":\"2026-08-21T19:10:37+00:00\",\"description\":\"Organice su pr\u00f3xima reuni\u00f3n, formaci\u00f3n, fiesta navide\u00f1a, despedida de soltera o evento ben\u00e9fico en la ARL.\",\"breadcrumb\":{\"@id\":\"https:\\\/\\\/arl-iowa.org\\\/es\\\/participe\\\/alquiler-de-instalaciones\\\/#breadcrumb\"},\"inLanguage\":\"es\",\"potentialAction\":[{\"@type\":\"ReadAction\",\"target\":[\"https:\\\/\\\/arl-iowa.org\\\/es\\\/participe\\\/alquiler-de-instalaciones\\\/\"]}]},{\"@type\":\"BreadcrumbList\",\"@id\":\"https:\\\/\\\/arl-iowa.org\\\/es\\\/participe\\\/alquiler-de-instalaciones\\\/#breadcrumb\",\"itemListElement\":[{\"@type\":\"ListItem\",\"position\":1,\"name\":\"Home\",\"item\":\"https:\\\/\\\/arl-iowa.org\\\/es\\\/\"},{\"@type\":\"ListItem\",\"position\":2,\"name\":\"Participe\",\"item\":\"https:\\\/\\\/arl-iowa.org\\\/es\\\/participe\\\/\"},{\"@type\":\"ListItem\",\"position\":3,\"name\":\"Alquiler de instalaciones\"}]},{\"@type\":\"WebSite\",\"@id\":\"https:\\\/\\\/arl-iowa.org\\\/es\\\/#website\",\"url\":\"https:\\\/\\\/arl-iowa.org\\\/es\\\/\",\"name\":\"ARL - Animal Rescue League of Iowa, Inc.\",\"description\":\"Iowa&#039;s largest nonprofit animal shelter, caring for many thousands of pets each year\",\"publisher\":{\"@id\":\"https:\\\/\\\/arl-iowa.org\\\/es\\\/#organization\"},\"potentialAction\":[{\"@type\":\"SearchAction\",\"target\":{\"@type\":\"EntryPoint\",\"urlTemplate\":\"https:\\\/\\\/arl-iowa.org\\\/es\\\/?s={search_term_string}\"},\"query-input\":{\"@type\":\"PropertyValueSpecification\",\"valueRequired\":true,\"valueName\":\"search_term_string\"}}],\"inLanguage\":\"es\"},{\"@type\":\"Organization\",\"@id\":\"https:\\\/\\\/arl-iowa.org\\\/es\\\/#organization\",\"name\":\"Animal Rescue League of Iowa, Inc.\",\"alternateName\":\"ARL Iowa\",\"url\":\"https:\\\/\\\/arl-iowa.org\\\/es\\\/\",\"logo\":{\"@type\":\"ImageObject\",\"inLanguage\":\"es\",\"@id\":\"https:\\\/\\\/arl-iowa.org\\\/es\\\/#\\\/schema\\\/logo\\\/image\\\/\",\"url\":\"https:\\\/\\\/arl-iowa.org\\\/wp-content\\\/uploads\\\/2025\\\/10\\\/ARL_LogoHoriz_Transparent.png\",\"contentUrl\":\"https:\\\/\\\/arl-iowa.org\\\/wp-content\\\/uploads\\\/2025\\\/10\\\/ARL_LogoHoriz_Transparent.png\",\"width\":900,\"height\":450,\"caption\":\"Animal Rescue League of Iowa, Inc.\"},\"image\":{\"@id\":\"https:\\\/\\\/arl-iowa.org\\\/es\\\/#\\\/schema\\\/logo\\\/image\\\/\"},\"sameAs\":[\"https:\\\/\\\/www.facebook.com\\\/ARLIowa\",\"https:\\\/\\\/x.com\\\/ARLIowa\",\"http:\\\/\\\/instagram.com\\\/ARLiowa\",\"https:\\\/\\\/www.youtube.com\\\/user\\\/arliowa\",\"https:\\\/\\\/www.tiktok.com\\\/@arliowa\"]}]}<\/script>\n<!-- \/ Yoast SEO plugin. -->","yoast_head_json":{"title":"Alquiler de instalaciones | Liga de Rescate Animal de Iowa","description":"Organice su pr\u00f3xima reuni\u00f3n, formaci\u00f3n, fiesta navide\u00f1a, despedida de soltera o evento ben\u00e9fico en la ARL.","robots":{"index":"index","follow":"follow","max-snippet":"max-snippet:-1","max-image-preview":"max-image-preview:large","max-video-preview":"max-video-preview:-1"},"canonical":"https:\/\/arl-iowa.org\/es\/participe\/alquiler-de-instalaciones\/","og_locale":"es_ES","og_type":"article","og_title":"Alquiler de instalaciones | Liga de Rescate Animal de Iowa","og_description":"Organice su pr\u00f3xima reuni\u00f3n, formaci\u00f3n, fiesta navide\u00f1a, despedida de soltera o evento ben\u00e9fico en la ARL.","og_url":"https:\/\/arl-iowa.org\/es\/participe\/alquiler-de-instalaciones\/","og_site_name":"ARL - Animal Rescue League of Iowa, Inc.","article_publisher":"https:\/\/www.facebook.com\/ARLIowa","article_modified_time":"2026-08-21T19:10:37+00:00","og_image":[{"width":1200,"height":630,"url":"https:\/\/arl-iowa.org\/wp-content\/uploads\/2025\/10\/social-graphic-yoast-seo.jpg","type":"image\/jpeg"}],"twitter_card":"summary_large_image","twitter_site":"@ARLIowa","twitter_misc":{"Tiempo de lectura":"3 minutos"},"schema":{"@context":"https:\/\/schema.org","@graph":[{"@type":"WebPage","@id":"https:\/\/arl-iowa.org\/es\/participe\/alquiler-de-instalaciones\/","url":"https:\/\/arl-iowa.org\/es\/participe\/alquiler-de-instalaciones\/","name":"Alquiler de instalaciones | Liga de Rescate Animal de Iowa","isPartOf":{"@id":"https:\/\/arl-iowa.org\/es\/#website"},"datePublished":"2026-06-30T15:33:41+00:00","dateModified":"2026-08-21T19:10:37+00:00","description":"Organice su pr\u00f3xima reuni\u00f3n, formaci\u00f3n, fiesta navide\u00f1a, despedida de soltera o evento ben\u00e9fico en la ARL.","breadcrumb":{"@id":"https:\/\/arl-iowa.org\/es\/participe\/alquiler-de-instalaciones\/#breadcrumb"},"inLanguage":"es","potentialAction":[{"@type":"ReadAction","target":["https:\/\/arl-iowa.org\/es\/participe\/alquiler-de-instalaciones\/"]}]},{"@type":"BreadcrumbList","@id":"https:\/\/arl-iowa.org\/es\/participe\/alquiler-de-instalaciones\/#breadcrumb","itemListElement":[{"@type":"ListItem","position":1,"name":"Home","item":"https:\/\/arl-iowa.org\/es\/"},{"@type":"ListItem","position":2,"name":"Participe","item":"https:\/\/arl-iowa.org\/es\/participe\/"},{"@type":"ListItem","position":3,"name":"Alquiler de instalaciones"}]},{"@type":"WebSite","@id":"https:\/\/arl-iowa.org\/es\/#website","url":"https:\/\/arl-iowa.org\/es\/","name":"ARL - Animal Rescue League of Iowa, Inc.","description":"Iowa&#039;s largest nonprofit animal shelter, caring for many thousands of pets each year","publisher":{"@id":"https:\/\/arl-iowa.org\/es\/#organization"},"potentialAction":[{"@type":"SearchAction","target":{"@type":"EntryPoint","urlTemplate":"https:\/\/arl-iowa.org\/es\/?s={search_term_string}"},"query-input":{"@type":"PropertyValueSpecification","valueRequired":true,"valueName":"search_term_string"}}],"inLanguage":"es"},{"@type":"Organization","@id":"https:\/\/arl-iowa.org\/es\/#organization","name":"Animal Rescue League of Iowa, Inc.","alternateName":"ARL Iowa","url":"https:\/\/arl-iowa.org\/es\/","logo":{"@type":"ImageObject","inLanguage":"es","@id":"https:\/\/arl-iowa.org\/es\/#\/schema\/logo\/image\/","url":"https:\/\/arl-iowa.org\/wp-content\/uploads\/2025\/10\/ARL_LogoHoriz_Transparent.png","contentUrl":"https:\/\/arl-iowa.org\/wp-content\/uploads\/2025\/10\/ARL_LogoHoriz_Transparent.png","width":900,"height":450,"caption":"Animal Rescue League of Iowa, Inc."},"image":{"@id":"https:\/\/arl-iowa.org\/es\/#\/schema\/logo\/image\/"},"sameAs":["https:\/\/www.facebook.com\/ARLIowa","https:\/\/x.com\/ARLIowa","http:\/\/instagram.com\/ARLiowa","https:\/\/www.youtube.com\/user\/arliowa","https:\/\/www.tiktok.com\/@arliowa"]}]}},"acf":[],"_links":{"self":[{"href":"https:\/\/arl-iowa.org\/es\/wp-json\/wp\/v2\/pages\/97951","targetHints":{"allow":["GET"]}}],"collection":[{"href":"https:\/\/arl-iowa.org\/es\/wp-json\/wp\/v2\/pages"}],"about":[{"href":"https:\/\/arl-iowa.org\/es\/wp-json\/wp\/v2\/types\/page"}],"author":[{"embeddable":true,"href":"https:\/\/arl-iowa.org\/es\/wp-json\/wp\/v2\/users\/5"}],"replies":[{"embeddable":true,"href":"https:\/\/arl-iowa.org\/es\/wp-json\/wp\/v2\/comments?post=97951"}],"version-history":[{"count":6,"href":"https:\/\/arl-iowa.org\/es\/wp-json\/wp\/v2\/pages\/97951\/revisions"}],"predecessor-version":[{"id":100293,"href":"https:\/\/arl-iowa.org\/es\/wp-json\/wp\/v2\/pages\/97951\/revisions\/100293"}],"up":[{"embeddable":true,"href":"https:\/\/arl-iowa.org\/es\/wp-json\/wp\/v2\/pages\/98030"}],"wp:attachment":[{"href":"https:\/\/arl-iowa.org\/es\/wp-json\/wp\/v2\/media?parent=97951"}],"curies":[{"name":"wp","href":"https:\/\/api.w.org\/{rel}","templated":true}]}}