{"id":97816,"date":"2025-10-13T15:33:28","date_gmt":"2025-10-13T20:33:28","guid":{"rendered":"https:\/\/arl-iowa.org\/cumpleanos-para-perros\/"},"modified":"2026-08-18T23:51:20","modified_gmt":"2026-08-19T04:51:20","slug":"cumpleanos-para-perros","status":"publish","type":"page","link":"https:\/\/arl-iowa.org\/es\/cumpleanos-para-perros\/","title":{"rendered":"Cumplea\u00f1os para perros"},"content":{"rendered":"<div class=\"wpb-content-wrapper\"><p>[vc_row full_width=\u00bbstretch_row\u00bb el_class=\u00bblight\u00bb css=\u00bb.vc_custom_1760388009639{background: #652D89 url(https:\/\/arl-iowa.org\/wp-content\/uploads\/2025\/10\/dogbirthdayarl_hero.jpg?id=13931) !important;background-position: center !important;background-repeat: no-repeat !important;background-size: cover !important;}\u00bb][vc_column css=\u00bb.vc_custom_1759879470009{padding-top: 0px !important;}\u00bb][vc_empty_space height=\u00bb100px\u00bb el_class=\u00bbes-large\u00bb][vc_custom_heading source=\u00bbpost_title\u00bb font_container=\u00bbtag:h1|font_size:62px|text_align:left|line_height:1&#8243; use_theme_fonts=\u00bbyes\u00bb css=\u00bb.vc_custom_1760241394746{margin-bottom: 0px !important;}\u00bb el_class=\u00bbtxt-shadow\u00bb][vc_empty_space height=\u00bb50px\u00bb][\/vc_column][\/vc_row][vc_row full_width=\u00bbstretch_row\u00bb][vc_column css=\u00bb.vc_custom_1723229133129{padding-top: 0px !important;}\u00bb][vc_empty_space height=\u00bb65px\u00bb el_class=\u00bbes-large\u00bb][\/vc_column][\/vc_row][vc_row full_width=\u00bbstretch_row\u00bb gap=\u00bb35&#8243;][vc_column css=\u00bb.vc_custom_1723229133129{padding-top: 0px !important;}\u00bb][vc_custom_heading text=\u00bbLos cumplea\u00f1os y los \u201cd\u00edas de adopci\u00f3n\u201d son algo muy importante por aqu\u00ed.\u00bb font_container=\u00bbtag:p|font_size:24px|text_align:left\u00bb use_theme_fonts=\u00bbyes\u00bb css=\u00bb.vc_custom_1760388030878{margin-bottom: 40px !important;}\u00bb el_class=\u00bbtxt-weight-700&#8243;][\/vc_column][\/vc_row][vc_row full_width=\u00bbstretch_row\u00bb gap=\u00bb35&#8243;][vc_column width=\u00bb2\/3&#8243;][vc_custom_heading text=\u00bbCumplea\u00f1os perruno o D\u00eda de adopci\u00f3n &#8211; 200 $\u00bb use_theme_fonts=\u00bbyes\u00bb css=\u00bb\u00bb][vc_column_text css=\u00bb\u00bb]\u00a1Lo \u00fanico mejor que celebrarle a USTED en la ARL es celebrar a su CACHORRO!<\/p>\n<p>Queremos ayudarle a celebrar el d\u00eda especial de su mejor amigo de cuatro patas; ya sea su cumplea\u00f1os o su \u201cd\u00eda de adopci\u00f3n\u201d, \u00a1nosotros nos encargamos!<\/p>\n<p>Cuando est\u00e9 listo para reservar la fecha de su fiesta, p\u00f3ngase en contacto con el equipo de eventos de la ARL en <a href=\"mailto:events@arl-iowa.org\">events@arl-iowa.org<\/a> o llame al (515) 473-9126.<\/p>\n<p><strong>Incluye: <\/strong><\/p>\n<ul>\n<li>90 minutos de alquiler en <a href=\"https:\/\/arl-iowa.org\/get-involved\/facility-rentals\/baileys-bark-park\/\">Bailey&#8217;s Bark Park<\/a> para su cachorro y 9 de sus amigos perrunos<\/li>\n<li>Acceso al parque de agilidad (anexo a Bailey&#8217;s Bark Park)<\/li>\n<li>Golosina de cumplea\u00f1os para el cachorro homenajeado<\/li>\n<li>Bolsas de regalos para cada invitado a la fiesta perruna<\/li>\n<li>Cesta de juguetes para perros durante la duraci\u00f3n de la fiesta<\/li>\n<li>Juegos para su perro:\n<ul>\n<li>Pesca de salchichas<\/li>\n<li>Puzles de golosinas<\/li>\n<\/ul>\n<\/li>\n<\/ul>\n<p><strong>Complementos<\/strong><\/p>\n<ul>\n<li>Pastel para perros personalizado: incluye 1 pastel para el cumplea\u00f1ero y 6 mini \u201cpupcakes\u201d (aptos para perros) para todos sus amigos peludos. &#8211; 20 $\n<ul>\n<li>Opciones de color del pastel: rosa o azul<\/li>\n<li>Los pupcakes adicionales cuestan 3 $ cada uno<\/li>\n<li>Env\u00ede un correo electr\u00f3nico a <a href=\"mailto:events@arl-iowa.org\">events@arl-iowa.org<\/a> con <strong>2 semanas de antelaci\u00f3n<\/strong> para realizar su pedido<\/li>\n<\/ul>\n<\/li>\n<li>Pintura con huellas &#8211; 50 $<\/li>\n<li>Pack de 24 cervezas variadas &#8211; 48 $\n<ul>\n<li>Se pueden realizar peticiones especiales, pero no est\u00e1n garantizadas. Deben reservarse con 1 semana de antelaci\u00f3n.<\/li>\n<\/ul>\n<\/li>\n<li>Perros adicionales &#8211; 15 $ cada uno (incluye bolsa de regalos)<\/li>\n<\/ul>\n<p>[\/vc_column_text][\/vc_column][vc_column width=\u00bb1\/3&#8243;][vc_custom_heading text=\u00bbPastel para perros personalizado: \u00a1solo 20 $!\u00bb use_theme_fonts=\u00bbyes\u00bb css=\u00bb\u00bb][vc_column_text css=\u00bb\u00bb]\u00a1Celebre a su cachorro con un pastel de The Dog Mom y golosinas para sus amigos![\/vc_column_text][vc_single_image image=\u00bb97817&#8243; img_size=\u00bb500&#215;600&#8243; alignment=\u00bbcenter\u00bb css=\u00bb\u00bb][vc_separator border_width=\u00bb3&#8243; css=\u00bb\u00bb][vc_custom_heading text=\u00bb\u00a1Vamos de fiesta!\u00bb use_theme_fonts=\u00bbyes\u00bb css=\u00bb\u00bb][vc_column_text css=\u00bb\u00bb]<strong>Para reservar su celebraci\u00f3n, env\u00ede un correo electr\u00f3nico a<br \/>\n<a href=\"mailto:events@arl-iowa.org\">events@arl-iowa.org.<\/a><\/strong><\/p>\n<p>[\/vc_column_text][\/vc_column][\/vc_row][vc_row][vc_column][vc_separator border_width=\u00bb3&#8243; css=\u00bb\u00bb][\/vc_column][\/vc_row][vc_row full_width=\u00bbstretch_row\u00bb gap=\u00bb35&#8243;][vc_column][vc_column_text css=\u00bb\u00bb]<strong>Informaci\u00f3n importante para las celebraciones en Bailey&#8217;s Bark Park:<\/strong><br \/>\nDamos la bienvenida a perros amigables de todos los tama\u00f1os y razas, as\u00ed como a sus due\u00f1os responsables. Por la seguridad de su perro y la de los dem\u00e1s, las hembras no deben estar en celo; asimismo, consulte con su veterinario para asegurarse de que su perro est\u00e9 al d\u00eda con todas sus vacunas. Los perros deben ir con correa cuando est\u00e9n fuera de Bailey&#8217;s Bark Park y estar bajo el control de su due\u00f1o en todo momento. No se permiten correas extensibles, collares de ahogo ni collares de p\u00faas.<\/p>\n<p>Debe haber un humano por cada dos perros.<\/p>\n<p>*<strong>Pol\u00edtica meteorol\u00f3gica<\/strong> &#8211; Las celebraciones al aire libre que se cancelen debido al mal tiempo deben reprogramarse en un plazo de 6 meses. Si el Mapes Auditorium est\u00e1 disponible, puede tener la opci\u00f3n de trasladar la celebraci\u00f3n al interior, pero no se permitir\u00e1n perros.[\/vc_column_text][\/vc_column][\/vc_row][vc_row full_width=\u00bbstretch_row\u00bb][vc_column css=\u00bb.vc_custom_1723229133129{padding-top: 0px !important;}\u00bb][vc_empty_space height=\u00bb65px\u00bb el_class=\u00bbes-large\u00bb][\/vc_column][\/vc_row]<\/p>\n<\/div>","protected":false},"excerpt":{"rendered":"<p>[vc_row full_width=\u00bbstretch_row\u00bb el_class=\u00bblight\u00bb css=\u00bb.vc_custom_1760388009639{background: #652D89 url(https:\/\/arl-iowa.org\/wp-content\/uploads\/2025\/10\/dogbirthdayarl_hero.jpg?id=13931) !important;background-position: center !important;background-repeat: no-repeat !important;background-size: cover !important;}\u00bb][vc_column css=\u00bb.vc_custom_1759879470009{padding-top: 0px !important;}\u00bb][vc_empty_space height=\u00bb100px\u00bb el_class=\u00bbes-large\u00bb][vc_custom_heading source=\u00bbpost_title\u00bb font_container=\u00bbtag:h1|font_size:62px|text_align:left|line_height:1&#8243; use_theme_fonts=\u00bbyes\u00bb css=\u00bb.vc_custom_1760241394746{margin-bottom: 0px !important;}\u00bb el_class=\u00bbtxt-shadow\u00bb][vc_empty_space height=\u00bb50px\u00bb][\/vc_column][\/vc_row][vc_row full_width=\u00bbstretch_row\u00bb][vc_column css=\u00bb.vc_custom_1723229133129{padding-top: 0px !important;}\u00bb][vc_empty_space [&hellip;]<\/p>\n","protected":false},"author":4,"featured_media":0,"parent":98879,"menu_order":0,"comment_status":"closed","ping_status":"closed","template":"","meta":{"_acf_changed":false,"inline_featured_image":false,"ai_generated_summary":"","footnotes":""},"class_list":["post-97816","page","type-page","status-publish","hentry"],"yoast_head":"<!-- This site is optimized with the Yoast SEO plugin v28.4 - https:\/\/yoast.com\/product\/yoast-seo-wordpress\/ -->\n<title>Cumplea\u00f1os para perros | ARL - Animal Rescue League of Iowa, Inc.<\/title>\n<meta name=\"description\" content=\"\u00a1Lo \u00fanico mejor que celebrarle a USTED en la ARL es celebrar a su CACHORRO! Queremos ayudarle a celebrar el d\u00eda especial de su mejor amigo de cuatro patas; ya sea su cumplea\u00f1os o su \u201cd\u00eda de adopci\u00f3n\u201d, \u00a1nosotros nos encargamos!\" \/>\n<meta name=\"robots\" content=\"index, follow, max-snippet:-1, max-image-preview:large, max-video-preview:-1\" \/>\n<link rel=\"canonical\" href=\"https:\/\/arl-iowa.org\/es\/cumpleanos-para-perros\/\" \/>\n<meta property=\"og:locale\" content=\"es_ES\" \/>\n<meta property=\"og:type\" content=\"article\" \/>\n<meta property=\"og:title\" content=\"Cumplea\u00f1os para perros | ARL - Animal Rescue League of Iowa, Inc.\" \/>\n<meta property=\"og:description\" content=\"\u00a1Lo \u00fanico mejor que celebrarle a USTED en la ARL es celebrar a su CACHORRO! Queremos ayudarle a celebrar el d\u00eda especial de su mejor amigo de cuatro patas; ya sea su cumplea\u00f1os o su \u201cd\u00eda de adopci\u00f3n\u201d, \u00a1nosotros nos encargamos!\" \/>\n<meta property=\"og:url\" content=\"https:\/\/arl-iowa.org\/es\/cumpleanos-para-perros\/\" \/>\n<meta property=\"og:site_name\" content=\"ARL - Animal Rescue League of Iowa, Inc.\" \/>\n<meta property=\"article:publisher\" content=\"https:\/\/www.facebook.com\/ARLIowa\" \/>\n<meta property=\"article:modified_time\" content=\"2026-08-19T04:51:20+00:00\" \/>\n<meta property=\"og:image\" content=\"https:\/\/arl-iowa.org\/wp-content\/uploads\/2025\/10\/social-graphic-yoast-seo.jpg\" \/>\n\t<meta property=\"og:image:width\" content=\"1200\" \/>\n\t<meta property=\"og:image:height\" content=\"630\" \/>\n\t<meta property=\"og:image:type\" content=\"image\/jpeg\" \/>\n<meta name=\"twitter:card\" content=\"summary_large_image\" \/>\n<meta name=\"twitter:site\" content=\"@ARLIowa\" \/>\n<meta name=\"twitter:label1\" content=\"Tiempo de lectura\" \/>\n\t<meta name=\"twitter:data1\" content=\"3 minutos\" \/>\n<script type=\"application\/ld+json\" class=\"yoast-schema-graph\">{\"@context\":\"https:\\\/\\\/schema.org\",\"@graph\":[{\"@type\":\"WebPage\",\"@id\":\"https:\\\/\\\/arl-iowa.org\\\/es\\\/cumpleanos-para-perros\\\/\",\"url\":\"https:\\\/\\\/arl-iowa.org\\\/es\\\/cumpleanos-para-perros\\\/\",\"name\":\"Cumplea\u00f1os para perros | ARL - Animal Rescue League of Iowa, Inc.\",\"isPartOf\":{\"@id\":\"https:\\\/\\\/arl-iowa.org\\\/es\\\/#website\"},\"datePublished\":\"2025-10-13T20:33:28+00:00\",\"dateModified\":\"2026-08-19T04:51:20+00:00\",\"description\":\"\u00a1Lo \u00fanico mejor que celebrarle a USTED en la ARL es celebrar a su CACHORRO! Queremos ayudarle a celebrar el d\u00eda especial de su mejor amigo de cuatro patas; ya sea su cumplea\u00f1os o su \u201cd\u00eda de adopci\u00f3n\u201d, \u00a1nosotros nos encargamos!\",\"breadcrumb\":{\"@id\":\"https:\\\/\\\/arl-iowa.org\\\/es\\\/cumpleanos-para-perros\\\/#breadcrumb\"},\"inLanguage\":\"es\",\"potentialAction\":[{\"@type\":\"ReadAction\",\"target\":[\"https:\\\/\\\/arl-iowa.org\\\/es\\\/cumpleanos-para-perros\\\/\"]}]},{\"@type\":\"BreadcrumbList\",\"@id\":\"https:\\\/\\\/arl-iowa.org\\\/es\\\/cumpleanos-para-perros\\\/#breadcrumb\",\"itemListElement\":[{\"@type\":\"ListItem\",\"position\":1,\"name\":\"Home\",\"item\":\"https:\\\/\\\/arl-iowa.org\\\/es\\\/\"},{\"@type\":\"ListItem\",\"position\":2,\"name\":\"Participe\",\"item\":\"https:\\\/\\\/arl-iowa.org\\\/es\\\/participe\\\/\"},{\"@type\":\"ListItem\",\"position\":3,\"name\":\"Cumplea\u00f1os\",\"item\":\"https:\\\/\\\/arl-iowa.org\\\/es\\\/participe\\\/cumpleanos\\\/\"},{\"@type\":\"ListItem\",\"position\":4,\"name\":\"Cumplea\u00f1os para perros\"}]},{\"@type\":\"WebSite\",\"@id\":\"https:\\\/\\\/arl-iowa.org\\\/es\\\/#website\",\"url\":\"https:\\\/\\\/arl-iowa.org\\\/es\\\/\",\"name\":\"ARL - Animal Rescue League of Iowa, Inc.\",\"description\":\"Iowa&#039;s largest nonprofit animal shelter, caring for many thousands of pets each year\",\"publisher\":{\"@id\":\"https:\\\/\\\/arl-iowa.org\\\/es\\\/#organization\"},\"potentialAction\":[{\"@type\":\"SearchAction\",\"target\":{\"@type\":\"EntryPoint\",\"urlTemplate\":\"https:\\\/\\\/arl-iowa.org\\\/es\\\/?s={search_term_string}\"},\"query-input\":{\"@type\":\"PropertyValueSpecification\",\"valueRequired\":true,\"valueName\":\"search_term_string\"}}],\"inLanguage\":\"es\"},{\"@type\":\"Organization\",\"@id\":\"https:\\\/\\\/arl-iowa.org\\\/es\\\/#organization\",\"name\":\"Animal Rescue League of Iowa, Inc.\",\"alternateName\":\"ARL Iowa\",\"url\":\"https:\\\/\\\/arl-iowa.org\\\/es\\\/\",\"logo\":{\"@type\":\"ImageObject\",\"inLanguage\":\"es\",\"@id\":\"https:\\\/\\\/arl-iowa.org\\\/es\\\/#\\\/schema\\\/logo\\\/image\\\/\",\"url\":\"https:\\\/\\\/arl-iowa.org\\\/wp-content\\\/uploads\\\/2025\\\/10\\\/ARL_LogoHoriz_Transparent.png\",\"contentUrl\":\"https:\\\/\\\/arl-iowa.org\\\/wp-content\\\/uploads\\\/2025\\\/10\\\/ARL_LogoHoriz_Transparent.png\",\"width\":900,\"height\":450,\"caption\":\"Animal Rescue League of Iowa, Inc.\"},\"image\":{\"@id\":\"https:\\\/\\\/arl-iowa.org\\\/es\\\/#\\\/schema\\\/logo\\\/image\\\/\"},\"sameAs\":[\"https:\\\/\\\/www.facebook.com\\\/ARLIowa\",\"https:\\\/\\\/x.com\\\/ARLIowa\",\"http:\\\/\\\/instagram.com\\\/ARLiowa\",\"https:\\\/\\\/www.youtube.com\\\/user\\\/arliowa\",\"https:\\\/\\\/www.tiktok.com\\\/@arliowa\"]}]}<\/script>\n<!-- \/ Yoast SEO plugin. -->","yoast_head_json":{"title":"Cumplea\u00f1os para perros | ARL - Animal Rescue League of Iowa, Inc.","description":"\u00a1Lo \u00fanico mejor que celebrarle a USTED en la ARL es celebrar a su CACHORRO! Queremos ayudarle a celebrar el d\u00eda especial de su mejor amigo de cuatro patas; ya sea su cumplea\u00f1os o su \u201cd\u00eda de adopci\u00f3n\u201d, \u00a1nosotros nos encargamos!","robots":{"index":"index","follow":"follow","max-snippet":"max-snippet:-1","max-image-preview":"max-image-preview:large","max-video-preview":"max-video-preview:-1"},"canonical":"https:\/\/arl-iowa.org\/es\/cumpleanos-para-perros\/","og_locale":"es_ES","og_type":"article","og_title":"Cumplea\u00f1os para perros | ARL - Animal Rescue League of Iowa, Inc.","og_description":"\u00a1Lo \u00fanico mejor que celebrarle a USTED en la ARL es celebrar a su CACHORRO! Queremos ayudarle a celebrar el d\u00eda especial de su mejor amigo de cuatro patas; ya sea su cumplea\u00f1os o su \u201cd\u00eda de adopci\u00f3n\u201d, \u00a1nosotros nos encargamos!","og_url":"https:\/\/arl-iowa.org\/es\/cumpleanos-para-perros\/","og_site_name":"ARL - Animal Rescue League of Iowa, Inc.","article_publisher":"https:\/\/www.facebook.com\/ARLIowa","article_modified_time":"2026-08-19T04:51:20+00:00","og_image":[{"width":1200,"height":630,"url":"https:\/\/arl-iowa.org\/wp-content\/uploads\/2025\/10\/social-graphic-yoast-seo.jpg","type":"image\/jpeg"}],"twitter_card":"summary_large_image","twitter_site":"@ARLIowa","twitter_misc":{"Tiempo de lectura":"3 minutos"},"schema":{"@context":"https:\/\/schema.org","@graph":[{"@type":"WebPage","@id":"https:\/\/arl-iowa.org\/es\/cumpleanos-para-perros\/","url":"https:\/\/arl-iowa.org\/es\/cumpleanos-para-perros\/","name":"Cumplea\u00f1os para perros | ARL - Animal Rescue League of Iowa, Inc.","isPartOf":{"@id":"https:\/\/arl-iowa.org\/es\/#website"},"datePublished":"2025-10-13T20:33:28+00:00","dateModified":"2026-08-19T04:51:20+00:00","description":"\u00a1Lo \u00fanico mejor que celebrarle a USTED en la ARL es celebrar a su CACHORRO! Queremos ayudarle a celebrar el d\u00eda especial de su mejor amigo de cuatro patas; ya sea su cumplea\u00f1os o su \u201cd\u00eda de adopci\u00f3n\u201d, \u00a1nosotros nos encargamos!","breadcrumb":{"@id":"https:\/\/arl-iowa.org\/es\/cumpleanos-para-perros\/#breadcrumb"},"inLanguage":"es","potentialAction":[{"@type":"ReadAction","target":["https:\/\/arl-iowa.org\/es\/cumpleanos-para-perros\/"]}]},{"@type":"BreadcrumbList","@id":"https:\/\/arl-iowa.org\/es\/cumpleanos-para-perros\/#breadcrumb","itemListElement":[{"@type":"ListItem","position":1,"name":"Home","item":"https:\/\/arl-iowa.org\/es\/"},{"@type":"ListItem","position":2,"name":"Participe","item":"https:\/\/arl-iowa.org\/es\/participe\/"},{"@type":"ListItem","position":3,"name":"Cumplea\u00f1os","item":"https:\/\/arl-iowa.org\/es\/participe\/cumpleanos\/"},{"@type":"ListItem","position":4,"name":"Cumplea\u00f1os para perros"}]},{"@type":"WebSite","@id":"https:\/\/arl-iowa.org\/es\/#website","url":"https:\/\/arl-iowa.org\/es\/","name":"ARL - Animal Rescue League of Iowa, Inc.","description":"Iowa&#039;s largest nonprofit animal shelter, caring for many thousands of pets each year","publisher":{"@id":"https:\/\/arl-iowa.org\/es\/#organization"},"potentialAction":[{"@type":"SearchAction","target":{"@type":"EntryPoint","urlTemplate":"https:\/\/arl-iowa.org\/es\/?s={search_term_string}"},"query-input":{"@type":"PropertyValueSpecification","valueRequired":true,"valueName":"search_term_string"}}],"inLanguage":"es"},{"@type":"Organization","@id":"https:\/\/arl-iowa.org\/es\/#organization","name":"Animal Rescue League of Iowa, Inc.","alternateName":"ARL Iowa","url":"https:\/\/arl-iowa.org\/es\/","logo":{"@type":"ImageObject","inLanguage":"es","@id":"https:\/\/arl-iowa.org\/es\/#\/schema\/logo\/image\/","url":"https:\/\/arl-iowa.org\/wp-content\/uploads\/2025\/10\/ARL_LogoHoriz_Transparent.png","contentUrl":"https:\/\/arl-iowa.org\/wp-content\/uploads\/2025\/10\/ARL_LogoHoriz_Transparent.png","width":900,"height":450,"caption":"Animal Rescue League of Iowa, Inc."},"image":{"@id":"https:\/\/arl-iowa.org\/es\/#\/schema\/logo\/image\/"},"sameAs":["https:\/\/www.facebook.com\/ARLIowa","https:\/\/x.com\/ARLIowa","http:\/\/instagram.com\/ARLiowa","https:\/\/www.youtube.com\/user\/arliowa","https:\/\/www.tiktok.com\/@arliowa"]}]}},"acf":[],"_links":{"self":[{"href":"https:\/\/arl-iowa.org\/es\/wp-json\/wp\/v2\/pages\/97816","targetHints":{"allow":["GET"]}}],"collection":[{"href":"https:\/\/arl-iowa.org\/es\/wp-json\/wp\/v2\/pages"}],"about":[{"href":"https:\/\/arl-iowa.org\/es\/wp-json\/wp\/v2\/types\/page"}],"author":[{"embeddable":true,"href":"https:\/\/arl-iowa.org\/es\/wp-json\/wp\/v2\/users\/4"}],"replies":[{"embeddable":true,"href":"https:\/\/arl-iowa.org\/es\/wp-json\/wp\/v2\/comments?post=97816"}],"version-history":[{"count":3,"href":"https:\/\/arl-iowa.org\/es\/wp-json\/wp\/v2\/pages\/97816\/revisions"}],"predecessor-version":[{"id":98427,"href":"https:\/\/arl-iowa.org\/es\/wp-json\/wp\/v2\/pages\/97816\/revisions\/98427"}],"up":[{"embeddable":true,"href":"https:\/\/arl-iowa.org\/es\/wp-json\/wp\/v2\/pages\/98879"}],"wp:attachment":[{"href":"https:\/\/arl-iowa.org\/es\/wp-json\/wp\/v2\/media?parent=97816"}],"curies":[{"name":"wp","href":"https:\/\/api.w.org\/{rel}","templated":true}]}}